{"id":7325,"date":"2024-06-27T15:26:41","date_gmt":"2024-06-27T13:26:41","guid":{"rendered":"https:\/\/catholiques17.fr\/jonzac\/?page_id=7325"},"modified":"2025-03-30T23:38:56","modified_gmt":"2025-03-30T21:38:56","slug":"nord","status":"publish","type":"page","link":"https:\/\/catholiques17.fr\/jonzac\/histoire-et-patrimoine\/nos-eglises\/nord\/","title":{"rendered":"Nord"},"content":{"rendered":"<p>[et_pb_section fb_built=\u00a0\u00bb1&Prime; _builder_version=\u00a0\u00bb4.21.0&Prime; _module_preset=\u00a0\u00bbdefault\u00a0\u00bb custom_padding=\u00a0\u00bb7px|||||\u00a0\u00bb global_colors_info=\u00a0\u00bb{}\u00a0\u00bb theme_builder_area=\u00a0\u00bbpost_content\u00a0\u00bb][et_pb_row _builder_version=\u00a0\u00bb4.21.0&Prime; _module_preset=\u00a0\u00bbdefault\u00a0\u00bb background_color=\u00a0\u00bb#0C71C3&Prime; global_colors_info=\u00a0\u00bb{}\u00a0\u00bb theme_builder_area=\u00a0\u00bbpost_content\u00a0\u00bb][et_pb_column type=\u00a0\u00bb4_4&Prime; _builder_version=\u00a0\u00bb4.21.0&Prime; _module_preset=\u00a0\u00bbdefault\u00a0\u00bb global_colors_info=\u00a0\u00bb{}\u00a0\u00bb theme_builder_area=\u00a0\u00bbpost_content\u00a0\u00bb][et_pb_text _builder_version=\u00a0\u00bb4.21.0&Prime; _module_preset=\u00a0\u00bbdefault\u00a0\u00bb global_colors_info=\u00a0\u00bb{}\u00a0\u00bb theme_builder_area=\u00a0\u00bbpost_content\u00a0\u00bb]<\/p>\n<p style=\"text-align: center\"><span style=\"color: #ffffff\"><strong>\u00a0 \u00a0D\u00e9couvrez<\/strong> les \u00e9glises de Champagnac, Meux, Moings, <\/span><\/p>\n<p style=\"text-align: center\"><span style=\"color: #ffffff\">Saint Maurice de Tavernole, R\u00e9aux <\/span><span style=\"color: #ffffff\">:<\/span><\/p>\n<p>[\/et_pb_text][\/et_pb_column][\/et_pb_row][et_pb_row _builder_version=\u00a0\u00bb4.21.0&Prime; _module_preset=\u00a0\u00bbdefault\u00a0\u00bb global_colors_info=\u00a0\u00bb{}\u00a0\u00bb theme_builder_area=\u00a0\u00bbpost_content\u00a0\u00bb][et_pb_column type=\u00a0\u00bb4_4&Prime; _builder_version=\u00a0\u00bb4.21.0&Prime; _module_preset=\u00a0\u00bbdefault\u00a0\u00bb global_colors_info=\u00a0\u00bb{}\u00a0\u00bb theme_builder_area=\u00a0\u00bbpost_content\u00a0\u00bb][et_pb_divider show_divider=\u00a0\u00bboff\u00a0\u00bb _builder_version=\u00a0\u00bb4.21.0&Prime; _module_preset=\u00a0\u00bbdefault\u00a0\u00bb global_colors_info=\u00a0\u00bb{}\u00a0\u00bb theme_builder_area=\u00a0\u00bbpost_content\u00a0\u00bb][\/et_pb_divider][\/et_pb_column][\/et_pb_row][et_pb_row column_structure=\u00a0\u00bb2_5,3_5&Prime; _builder_version=\u00a0\u00bb4.21.0&Prime; _module_preset=\u00a0\u00bbdefault\u00a0\u00bb global_colors_info=\u00a0\u00bb{}\u00a0\u00bb theme_builder_area=\u00a0\u00bbpost_content\u00a0\u00bb][et_pb_column type=\u00a0\u00bb2_5&Prime; _builder_version=\u00a0\u00bb4.21.0&Prime; _module_preset=\u00a0\u00bbdefault\u00a0\u00bb global_colors_info=\u00a0\u00bb{}\u00a0\u00bb theme_builder_area=\u00a0\u00bbpost_content\u00a0\u00bb][et_pb_image src=\u00a0\u00bbhttps:\/\/catholiques17.fr\/jonzac\/wp-content\/uploads\/sites\/39\/2024\/09\/Eglise-St-Pierre-es-Liens-de-Champagnac.jpg\u00a0\u00bb title_text=\u00a0\u00bbEglise St Pierre-\u00e8s-Liens de Champagnac\u00a0\u00bb _builder_version=\u00a0\u00bb4.21.0&Prime; _module_preset=\u00a0\u00bbdefault\u00a0\u00bb global_colors_info=\u00a0\u00bb{}\u00a0\u00bb theme_builder_area=\u00a0\u00bbpost_content\u00a0\u00bb][\/et_pb_image][\/et_pb_column][et_pb_column type=\u00a0\u00bb3_5&Prime; _builder_version=\u00a0\u00bb4.21.0&Prime; _module_preset=\u00a0\u00bbdefault\u00a0\u00bb global_colors_info=\u00a0\u00bb{}\u00a0\u00bb theme_builder_area=\u00a0\u00bbpost_content\u00a0\u00bb][et_pb_text _builder_version=\u00a0\u00bb4.21.0&Prime; _dynamic_attributes=\u00a0\u00bblink_option_url\u00a0\u00bb _module_preset=\u00a0\u00bbdefault\u00a0\u00bb custom_margin=\u00a0\u00bb||11px|||\u00a0\u00bb custom_padding=\u00a0\u00bb||0px|||\u00a0\u00bb link_option_url=\u00a0\u00bb@ET-DC@eyJkeW5hbWljIjp0cnVlLCJjb250ZW50IjoicG9zdF9saW5rX3VybF9wYWdlIiwic2V0dGluZ3MiOnsicG9zdF9pZCI6Ijc5MTgiLCJlbmFibGVfaHRtbCI6Im9mZiJ9fQ==@\u00a0\u00bb global_colors_info=\u00a0\u00bb{}\u00a0\u00bb theme_builder_area=\u00a0\u00bbpost_content\u00a0\u00bb]<\/p>\n<h1>\u00c9glise Saint Pierre de CHAMPAGNAC<\/h1>\n<p>[\/et_pb_text][et_pb_text _builder_version=\u00a0\u00bb4.21.0&Prime; _dynamic_attributes=\u00a0\u00bblink_option_url\u00a0\u00bb _module_preset=\u00a0\u00bbdefault\u00a0\u00bb custom_margin=\u00a0\u00bb||-6px|||\u00a0\u00bb link_option_url=\u00a0\u00bb@ET-DC@eyJkeW5hbWljIjp0cnVlLCJjb250ZW50IjoicG9zdF9saW5rX3VybF9wYWdlIiwic2V0dGluZ3MiOnsicG9zdF9pZCI6Ijc5MTgiLCJlbmFibGVfaHRtbCI6Im9mZiJ9fQ==@\u00a0\u00bb global_colors_info=\u00a0\u00bb{}\u00a0\u00bb theme_builder_area=\u00a0\u00bbpost_content\u00a0\u00bb]<\/p>\n<p><span class=\"lettrine\">L<\/span>\u2019\u00e9glise date du XIII<sup class=\"typo_exposants\">e<\/sup> si\u00e8cle. L\u2019\u00e9difice alors en mauvais \u00e9tat et sa fa\u00e7ade ont \u00e9t\u00e9 restaur\u00e9s au XIX<sup class=\"typo_exposants\">e<\/sup>. Champagnac, possession royale, a \u00e9chapp\u00e9 aux destructions des guerres de Religion. L\u2019abb\u00e9 Yves Blomme estime que sa grande et belle nef reproduit le vaisseau central de Barbezieux. Son clocher octogonal a \u00e9t\u00e9 construit sur une base carr\u00e9e massive, et chacun de ses pans est orn\u00e9 d\u2019une grande fen\u00eatre \u00e0 cintre bris\u00e9, comportant une colonnette centrale. La cloche de 900 kg porte une longue inscription se terminant ainsi\u00a0: \u00ab\u00a0&#8230; J\u2019ai \u00e9t\u00e9 fondue en D\u00e9cembre 1824, par l\u2019autorit\u00e9 de Monsieur Jean-Baptiste Duret, Maire de Champagnac et Monsieur Jean Frapp\u00e9, cur\u00e9 de la paroisse et Monsieur Pierre Tanguid\u00e9, tr\u00e9sorier\u00a0\u00bb.<\/p>\n<p>L\u2019\u00e9glise de Champagnac est sous le patronage de <a href=\"\/jonzac\/histoire-et-patrimoine\/nos-eglises\/nord\/champagnac\">saint Pierre-aux-Liens<\/a>.<\/p>\n<p><a href=\"\/jonzac\/histoire-et-patrimoine\/nos-eglises\/nord\/champagnac\/\">Pour en savoir plus &#8230;<\/a>\u00a0<\/p>\n<p>[\/et_pb_text][\/et_pb_column][\/et_pb_row][et_pb_row column_structure=\u00a0\u00bb1_3,1_3,1_3&Prime; _builder_version=\u00a0\u00bb4.21.0&Prime; _module_preset=\u00a0\u00bbdefault\u00a0\u00bb border_color_all=\u00a0\u00bb#F49A24&Prime; global_colors_info=\u00a0\u00bb{}\u00a0\u00bb theme_builder_area=\u00a0\u00bbpost_content\u00a0\u00bb][et_pb_column type=\u00a0\u00bb1_3&Prime; _builder_version=\u00a0\u00bb4.21.0&Prime; _module_preset=\u00a0\u00bbdefault\u00a0\u00bb global_colors_info=\u00a0\u00bb{}\u00a0\u00bb theme_builder_area=\u00a0\u00bbpost_content\u00a0\u00bb][et_pb_image src=\u00a0\u00bbhttps:\/\/catholiques17.fr\/jonzac\/wp-content\/uploads\/sites\/39\/2024\/09\/Eglise-St-Pierre-es-Liens-de-Champagnac2.jpg\u00a0\u00bb title_text=\u00a0\u00bbEglise St Pierre-\u00e8s-Liens de Champagnac2&Prime; show_in_lightbox=\u00a0\u00bbon\u00a0\u00bb _builder_version=\u00a0\u00bb4.21.0&Prime; _module_preset=\u00a0\u00bbdefault\u00a0\u00bb box_shadow_style=\u00a0\u00bbpreset3&Prime; global_colors_info=\u00a0\u00bb{}\u00a0\u00bb theme_builder_area=\u00a0\u00bbpost_content\u00a0\u00bb][\/et_pb_image][\/et_pb_column][et_pb_column type=\u00a0\u00bb1_3&Prime; _builder_version=\u00a0\u00bb4.21.0&Prime; _module_preset=\u00a0\u00bbdefault\u00a0\u00bb global_colors_info=\u00a0\u00bb{}\u00a0\u00bb theme_builder_area=\u00a0\u00bbpost_content\u00a0\u00bb][et_pb_image src=\u00a0\u00bbhttps:\/\/catholiques17.fr\/jonzac\/wp-content\/uploads\/sites\/39\/2024\/09\/Eglise-St-Pierre-es-Liens-de-Champagnac1.jpg\u00a0\u00bb title_text=\u00a0\u00bbEglise St Pierre-\u00e8s-Liens de Champagnac1&Prime; show_in_lightbox=\u00a0\u00bbon\u00a0\u00bb _builder_version=\u00a0\u00bb4.21.0&Prime; _module_preset=\u00a0\u00bbdefault\u00a0\u00bb box_shadow_style=\u00a0\u00bbpreset3&Prime; global_colors_info=\u00a0\u00bb{}\u00a0\u00bb theme_builder_area=\u00a0\u00bbpost_content\u00a0\u00bb][\/et_pb_image][\/et_pb_column][et_pb_column type=\u00a0\u00bb1_3&Prime; _builder_version=\u00a0\u00bb4.21.0&Prime; _module_preset=\u00a0\u00bbdefault\u00a0\u00bb global_colors_info=\u00a0\u00bb{}\u00a0\u00bb theme_builder_area=\u00a0\u00bbpost_content\u00a0\u00bb][et_pb_image src=\u00a0\u00bbhttps:\/\/catholiques17.fr\/jonzac\/wp-content\/uploads\/sites\/39\/2024\/09\/Eglise-St-Pierre-es-Liens-de-Champagnac4.jpg\u00a0\u00bb title_text=\u00a0\u00bbEglise St Pierre-\u00e8s-Liens de Champagnac4&Prime; show_in_lightbox=\u00a0\u00bbon\u00a0\u00bb _builder_version=\u00a0\u00bb4.21.0&Prime; _module_preset=\u00a0\u00bbdefault\u00a0\u00bb box_shadow_style=\u00a0\u00bbpreset3&Prime; global_colors_info=\u00a0\u00bb{}\u00a0\u00bb theme_builder_area=\u00a0\u00bbpost_content\u00a0\u00bb][\/et_pb_image][\/et_pb_column][\/et_pb_row][et_pb_row _builder_version=\u00a0\u00bb4.21.0&Prime; _module_preset=\u00a0\u00bbdefault\u00a0\u00bb global_colors_info=\u00a0\u00bb{}\u00a0\u00bb theme_builder_area=\u00a0\u00bbpost_content\u00a0\u00bb][et_pb_column type=\u00a0\u00bb4_4&Prime; _builder_version=\u00a0\u00bb4.21.0&Prime; _module_preset=\u00a0\u00bbdefault\u00a0\u00bb global_colors_info=\u00a0\u00bb{}\u00a0\u00bb theme_builder_area=\u00a0\u00bbpost_content\u00a0\u00bb][et_pb_divider color=\u00a0\u00bb#0C71C3&Prime; divider_weight=\u00a0\u00bb2px\u00a0\u00bb _builder_version=\u00a0\u00bb4.21.0&Prime; _module_preset=\u00a0\u00bbdefault\u00a0\u00bb global_colors_info=\u00a0\u00bb{}\u00a0\u00bb theme_builder_area=\u00a0\u00bbpost_content\u00a0\u00bb][\/et_pb_divider][\/et_pb_column][\/et_pb_row][et_pb_row column_structure=\u00a0\u00bb2_5,3_5&Prime; _builder_version=\u00a0\u00bb4.21.0&Prime; _module_preset=\u00a0\u00bbdefault\u00a0\u00bb global_colors_info=\u00a0\u00bb{}\u00a0\u00bb theme_builder_area=\u00a0\u00bbpost_content\u00a0\u00bb][et_pb_column type=\u00a0\u00bb2_5&Prime; _builder_version=\u00a0\u00bb4.21.0&Prime; _module_preset=\u00a0\u00bbdefault\u00a0\u00bb global_colors_info=\u00a0\u00bb{}\u00a0\u00bb theme_builder_area=\u00a0\u00bbpost_content\u00a0\u00bb][et_pb_image src=\u00a0\u00bbhttps:\/\/catholiques17.fr\/jonzac\/wp-content\/uploads\/sites\/39\/2024\/09\/Eglise-St-Martin-de-Meux1.jpg\u00a0\u00bb title_text=\u00a0\u00bbEglise St Martin de Meux1&Prime; _builder_version=\u00a0\u00bb4.21.0&Prime; _module_preset=\u00a0\u00bbdefault\u00a0\u00bb global_colors_info=\u00a0\u00bb{}\u00a0\u00bb theme_builder_area=\u00a0\u00bbpost_content\u00a0\u00bb][\/et_pb_image][\/et_pb_column][et_pb_column type=\u00a0\u00bb3_5&Prime; _builder_version=\u00a0\u00bb4.21.0&Prime; _module_preset=\u00a0\u00bbdefault\u00a0\u00bb global_colors_info=\u00a0\u00bb{}\u00a0\u00bb theme_builder_area=\u00a0\u00bbpost_content\u00a0\u00bb][et_pb_text _builder_version=\u00a0\u00bb4.21.0&Prime; _module_preset=\u00a0\u00bbdefault\u00a0\u00bb custom_margin=\u00a0\u00bb||11px|||\u00a0\u00bb global_colors_info=\u00a0\u00bb{}\u00a0\u00bb theme_builder_area=\u00a0\u00bbpost_content\u00a0\u00bb]<\/p>\n<h1>\u00c9glise Saint Martin de MEUX<\/h1>\n<p><strong>\u00a0<\/strong><\/p>\n<p>[\/et_pb_text][et_pb_text _builder_version=\u00a0\u00bb4.21.0&Prime; _module_preset=\u00a0\u00bbdefault\u00a0\u00bb custom_margin=\u00a0\u00bb||-6px|||\u00a0\u00bb global_colors_info=\u00a0\u00bb{}\u00a0\u00bb theme_builder_area=\u00a0\u00bbpost_content\u00a0\u00bb]<\/p>\n<p><span class=\"lettrine\">B<\/span>ien que remani\u00e9e \u00e0 plusieurs reprises, l\u2019\u00e9glise de Meux garde bien des \u00e9l\u00e9ments de style roman de son origine au XII<sup class=\"typo_exposants\">\u00e8me<\/sup> si\u00e8cle. Comme pour plusieurs autres dans la r\u00e9gion, son ch\u0153ur et son chevet ont \u00e9t\u00e9 hauss\u00e9s dans un but de d\u00e9fense. En t\u00e9moignent les fen\u00eatres \u00e9troites, la meurtri\u00e8re dans l\u2019escalier de l\u2019ancien clocher disparu au d\u00e9but du XIX<sup class=\"typo_exposants\">\u00e8me<\/sup> si\u00e8cle et surtout la chambre haute fortifi\u00e9e qui surplombe le ch\u0153ur. Un campanile double a \u00e9t\u00e9 construit sur le pignon de la fa\u00e7ade.<\/p>\n<p>Toute proche du ch\u00e2teau de Meux, l\u2019\u00e9glise garde la trace de son voisinage seigneurial dans cette \u00e9pitaphe en vers pour J\u00e9r\u00f4me-Philippe Chesnel de Meux\u00a0:<\/p>\n<div align=\"center\"><span style=\"font-family: Arial Narrow\"><span style=\"font-size: large\"> Le ciel ordonna ma naissance<br \/>Pour \u00e9clairer \u00e0 mes neveux.<br \/>On a vu mes armes en France<br \/>Et, dedans l\u2019\u00e9glise, mes v\u0153ux.<br \/>A l\u2019ennemi, ma contenance<br \/>\u00c9tait celle d\u2019un noble preux<br \/>Et je me retrempais ma vaillance<br \/>A l\u2019autel du ma\u00eetre des cieux&#8230; <\/span><\/span><\/div>\n<p>L\u2019\u00e9glise de Meux est sous le patronage de <a href=\"http:\/\/saint.eutrope.free.fr\/spip.php?rubrique37\">saint Martin<\/a>.<\/p>\n<p>[\/et_pb_text][\/et_pb_column][\/et_pb_row][et_pb_row column_structure=\u00a0\u00bb1_3,1_3,1_3&Prime; _builder_version=\u00a0\u00bb4.21.0&Prime; _module_preset=\u00a0\u00bbdefault\u00a0\u00bb border_color_all=\u00a0\u00bb#F49A24&Prime; global_colors_info=\u00a0\u00bb{}\u00a0\u00bb theme_builder_area=\u00a0\u00bbpost_content\u00a0\u00bb][et_pb_column type=\u00a0\u00bb1_3&Prime; _builder_version=\u00a0\u00bb4.21.0&Prime; _module_preset=\u00a0\u00bbdefault\u00a0\u00bb global_colors_info=\u00a0\u00bb{}\u00a0\u00bb theme_builder_area=\u00a0\u00bbpost_content\u00a0\u00bb][et_pb_image src=\u00a0\u00bbhttps:\/\/catholiques17.fr\/jonzac\/wp-content\/uploads\/sites\/39\/2024\/09\/Eglise-St-Martin-de-Meux4.jpg\u00a0\u00bb title_text=\u00a0\u00bbEglise St Martin de Meux4&Prime; show_in_lightbox=\u00a0\u00bbon\u00a0\u00bb _builder_version=\u00a0\u00bb4.21.0&Prime; _module_preset=\u00a0\u00bbdefault\u00a0\u00bb box_shadow_style=\u00a0\u00bbpreset3&Prime; global_colors_info=\u00a0\u00bb{}\u00a0\u00bb theme_builder_area=\u00a0\u00bbpost_content\u00a0\u00bb][\/et_pb_image][\/et_pb_column][et_pb_column type=\u00a0\u00bb1_3&Prime; _builder_version=\u00a0\u00bb4.21.0&Prime; _module_preset=\u00a0\u00bbdefault\u00a0\u00bb global_colors_info=\u00a0\u00bb{}\u00a0\u00bb theme_builder_area=\u00a0\u00bbpost_content\u00a0\u00bb][et_pb_image src=\u00a0\u00bbhttps:\/\/catholiques17.fr\/jonzac\/wp-content\/uploads\/sites\/39\/2024\/09\/Eglise-St-Martin-de-Meux3.jpg\u00a0\u00bb title_text=\u00a0\u00bbEglise St Martin de Meux3&Prime; show_in_lightbox=\u00a0\u00bbon\u00a0\u00bb _builder_version=\u00a0\u00bb4.21.0&Prime; _module_preset=\u00a0\u00bbdefault\u00a0\u00bb box_shadow_style=\u00a0\u00bbpreset3&Prime; global_colors_info=\u00a0\u00bb{}\u00a0\u00bb theme_builder_area=\u00a0\u00bbpost_content\u00a0\u00bb][\/et_pb_image][\/et_pb_column][et_pb_column type=\u00a0\u00bb1_3&Prime; _builder_version=\u00a0\u00bb4.21.0&Prime; _module_preset=\u00a0\u00bbdefault\u00a0\u00bb global_colors_info=\u00a0\u00bb{}\u00a0\u00bb theme_builder_area=\u00a0\u00bbpost_content\u00a0\u00bb][et_pb_image src=\u00a0\u00bbhttps:\/\/catholiques17.fr\/jonzac\/wp-content\/uploads\/sites\/39\/2024\/09\/Eglise-St-Martin-de-Meux.jpg\u00a0\u00bb title_text=\u00a0\u00bbEglise St Martin de Meux\u00a0\u00bb _builder_version=\u00a0\u00bb4.21.0&Prime; _module_preset=\u00a0\u00bbdefault\u00a0\u00bb box_shadow_style=\u00a0\u00bbpreset3&Prime; global_colors_info=\u00a0\u00bb{}\u00a0\u00bb theme_builder_area=\u00a0\u00bbpost_content\u00a0\u00bb][\/et_pb_image][\/et_pb_column][\/et_pb_row][et_pb_row _builder_version=\u00a0\u00bb4.21.0&Prime; _module_preset=\u00a0\u00bbdefault\u00a0\u00bb global_colors_info=\u00a0\u00bb{}\u00a0\u00bb theme_builder_area=\u00a0\u00bbpost_content\u00a0\u00bb][et_pb_column type=\u00a0\u00bb4_4&Prime; _builder_version=\u00a0\u00bb4.21.0&Prime; _module_preset=\u00a0\u00bbdefault\u00a0\u00bb global_colors_info=\u00a0\u00bb{}\u00a0\u00bb theme_builder_area=\u00a0\u00bbpost_content\u00a0\u00bb][et_pb_divider color=\u00a0\u00bb#0C71C3&Prime; divider_weight=\u00a0\u00bb2px\u00a0\u00bb _builder_version=\u00a0\u00bb4.21.0&Prime; _module_preset=\u00a0\u00bbdefault\u00a0\u00bb global_colors_info=\u00a0\u00bb{}\u00a0\u00bb theme_builder_area=\u00a0\u00bbpost_content\u00a0\u00bb][\/et_pb_divider][\/et_pb_column][\/et_pb_row][et_pb_row column_structure=\u00a0\u00bb2_5,3_5&Prime; _builder_version=\u00a0\u00bb4.21.0&Prime; _module_preset=\u00a0\u00bbdefault\u00a0\u00bb global_colors_info=\u00a0\u00bb{}\u00a0\u00bb theme_builder_area=\u00a0\u00bbpost_content\u00a0\u00bb][et_pb_column type=\u00a0\u00bb2_5&Prime; _builder_version=\u00a0\u00bb4.21.0&Prime; _module_preset=\u00a0\u00bbdefault\u00a0\u00bb global_colors_info=\u00a0\u00bb{}\u00a0\u00bb theme_builder_area=\u00a0\u00bbpost_content\u00a0\u00bb][et_pb_image src=\u00a0\u00bbhttps:\/\/catholiques17.fr\/jonzac\/wp-content\/uploads\/sites\/39\/2024\/09\/Eglise-St-Martin-de-Moings1.jpg\u00a0\u00bb title_text=\u00a0\u00bbEglise St Martin de Moings1&Prime; _builder_version=\u00a0\u00bb4.21.0&Prime; _module_preset=\u00a0\u00bbdefault\u00a0\u00bb global_colors_info=\u00a0\u00bb{}\u00a0\u00bb theme_builder_area=\u00a0\u00bbpost_content\u00a0\u00bb][\/et_pb_image][et_pb_image src=\u00a0\u00bbhttps:\/\/catholiques17.fr\/jonzac\/wp-content\/uploads\/sites\/39\/2024\/09\/Eglise-St-Martin-de-Moings3.jpg\u00a0\u00bb title_text=\u00a0\u00bbEglise St Martin de Moings3&Prime; _builder_version=\u00a0\u00bb4.21.0&Prime; _module_preset=\u00a0\u00bbdefault\u00a0\u00bb global_colors_info=\u00a0\u00bb{}\u00a0\u00bb theme_builder_area=\u00a0\u00bbpost_content\u00a0\u00bb][\/et_pb_image][\/et_pb_column][et_pb_column type=\u00a0\u00bb3_5&Prime; _builder_version=\u00a0\u00bb4.21.0&Prime; _module_preset=\u00a0\u00bbdefault\u00a0\u00bb global_colors_info=\u00a0\u00bb{}\u00a0\u00bb theme_builder_area=\u00a0\u00bbpost_content\u00a0\u00bb][et_pb_text _builder_version=\u00a0\u00bb4.21.0&Prime; _module_preset=\u00a0\u00bbdefault\u00a0\u00bb custom_margin=\u00a0\u00bb||11px|||\u00a0\u00bb global_colors_info=\u00a0\u00bb{}\u00a0\u00bb theme_builder_area=\u00a0\u00bbpost_content\u00a0\u00bb]<\/p>\n<h1>\u00c9glise Saint Martin de MOINGS<\/h1>\n<p><strong>\u00a0<\/strong><\/p>\n<p>[\/et_pb_text][et_pb_text _builder_version=\u00a0\u00bb4.21.0&Prime; _module_preset=\u00a0\u00bbdefault\u00a0\u00bb custom_margin=\u00a0\u00bb||-6px|||\u00a0\u00bb global_colors_info=\u00a0\u00bb{}\u00a0\u00bb theme_builder_area=\u00a0\u00bbpost_content\u00a0\u00bb]<\/p>\n<p><span class=\"lettrine\">L<\/span>a nef de l\u2019\u00e9glise, d\u00e9j\u00e0 construite au XI<sup class=\"typo_exposants\">\u00e8me<\/sup> si\u00e8cle, fut compl\u00e9t\u00e9e au si\u00e8cle suivant par le chevet et le clocher remarquablement ouvrag\u00e9. De la m\u00eame \u00e9poque (1130-1140), datent les importants graffitis qui tapissent les deux c\u00f4t\u00e9s du ch\u0153ur. Litre fun\u00e9raire, armoiries seigneuriales et peintures murales attestent l\u2019impact, \u00e0 diverses \u00e9poques, de l\u2019organisation de la soci\u00e9t\u00e9 et de la Foi de la population. Comme bien d\u2019autres en France et chez nous, elle est d\u00e9di\u00e9e \u00e0 <a href=\"http:\/\/saint.eutrope.free.fr\/spip.php?rubrique38\" title=\"Saint Martin de Tours\">saint Martin de Tours <\/a>(316-397). Mais pourquoi donc la notori\u00e9t\u00e9 sans \u00e9gale de saint Martin en Gaule, apr\u00e8s sa mort en 397\u00a0? Pour cela, il faut situer avec exactitude sa personne, sa vie et son apostolat au regard des deux mutations majeures de cette fin du IV<sup class=\"typo_exposants\">\u00e8me<\/sup> si\u00e8cle. La premi\u00e8re, c\u2019est la proscription du paganisme et l\u2019affirmation de la Foi catholique comme religion de l\u2019Empire.<\/p>\n<p>[\/et_pb_text][\/et_pb_column][\/et_pb_row][et_pb_row column_structure=\u00a0\u00bb1_3,1_3,1_3&Prime; _builder_version=\u00a0\u00bb4.21.0&Prime; _module_preset=\u00a0\u00bbdefault\u00a0\u00bb border_color_all=\u00a0\u00bb#F49A24&Prime; global_colors_info=\u00a0\u00bb{}\u00a0\u00bb theme_builder_area=\u00a0\u00bbpost_content\u00a0\u00bb][et_pb_column type=\u00a0\u00bb1_3&Prime; _builder_version=\u00a0\u00bb4.21.0&Prime; _module_preset=\u00a0\u00bbdefault\u00a0\u00bb global_colors_info=\u00a0\u00bb{}\u00a0\u00bb theme_builder_area=\u00a0\u00bbpost_content\u00a0\u00bb][et_pb_image src=\u00a0\u00bbhttps:\/\/catholiques17.fr\/jonzac\/wp-content\/uploads\/sites\/39\/2024\/09\/Eglise-St-Martin-de-Moings2.jpg\u00a0\u00bb title_text=\u00a0\u00bbEglise St Martin de Moings2&Prime; show_in_lightbox=\u00a0\u00bbon\u00a0\u00bb _builder_version=\u00a0\u00bb4.21.0&Prime; _module_preset=\u00a0\u00bbdefault\u00a0\u00bb box_shadow_style=\u00a0\u00bbpreset3&Prime; global_colors_info=\u00a0\u00bb{}\u00a0\u00bb theme_builder_area=\u00a0\u00bbpost_content\u00a0\u00bb][\/et_pb_image][\/et_pb_column][et_pb_column type=\u00a0\u00bb1_3&Prime; _builder_version=\u00a0\u00bb4.21.0&Prime; _module_preset=\u00a0\u00bbdefault\u00a0\u00bb global_colors_info=\u00a0\u00bb{}\u00a0\u00bb theme_builder_area=\u00a0\u00bbpost_content\u00a0\u00bb][et_pb_image src=\u00a0\u00bbhttps:\/\/catholiques17.fr\/jonzac\/wp-content\/uploads\/sites\/39\/2024\/09\/Eglise-de-Moings.jpg\u00a0\u00bb title_text=\u00a0\u00bbEglise de Moings\u00a0\u00bb _builder_version=\u00a0\u00bb4.21.0&Prime; _module_preset=\u00a0\u00bbdefault\u00a0\u00bb box_shadow_style=\u00a0\u00bbpreset3&Prime; global_colors_info=\u00a0\u00bb{}\u00a0\u00bb theme_builder_area=\u00a0\u00bbpost_content\u00a0\u00bb][\/et_pb_image][\/et_pb_column][et_pb_column type=\u00a0\u00bb1_3&Prime; _builder_version=\u00a0\u00bb4.21.0&Prime; _module_preset=\u00a0\u00bbdefault\u00a0\u00bb global_colors_info=\u00a0\u00bb{}\u00a0\u00bb theme_builder_area=\u00a0\u00bbpost_content\u00a0\u00bb][et_pb_image src=\u00a0\u00bbhttps:\/\/catholiques17.fr\/jonzac\/wp-content\/uploads\/sites\/39\/2024\/09\/Eglise-St-Martin-de-Moings4.jpg\u00a0\u00bb title_text=\u00a0\u00bbEglise St Martin de Moings4&Prime; show_in_lightbox=\u00a0\u00bbon\u00a0\u00bb _builder_version=\u00a0\u00bb4.21.0&Prime; _module_preset=\u00a0\u00bbdefault\u00a0\u00bb box_shadow_style=\u00a0\u00bbpreset3&Prime; global_colors_info=\u00a0\u00bb{}\u00a0\u00bb theme_builder_area=\u00a0\u00bbpost_content\u00a0\u00bb][\/et_pb_image][\/et_pb_column][\/et_pb_row][et_pb_row _builder_version=\u00a0\u00bb4.21.0&Prime; _module_preset=\u00a0\u00bbdefault\u00a0\u00bb global_colors_info=\u00a0\u00bb{}\u00a0\u00bb theme_builder_area=\u00a0\u00bbpost_content\u00a0\u00bb][et_pb_column type=\u00a0\u00bb4_4&Prime; _builder_version=\u00a0\u00bb4.21.0&Prime; _module_preset=\u00a0\u00bbdefault\u00a0\u00bb global_colors_info=\u00a0\u00bb{}\u00a0\u00bb theme_builder_area=\u00a0\u00bbpost_content\u00a0\u00bb][et_pb_divider color=\u00a0\u00bb#0C71C3&Prime; divider_weight=\u00a0\u00bb2px\u00a0\u00bb _builder_version=\u00a0\u00bb4.21.0&Prime; _module_preset=\u00a0\u00bbdefault\u00a0\u00bb global_colors_info=\u00a0\u00bb{}\u00a0\u00bb theme_builder_area=\u00a0\u00bbpost_content\u00a0\u00bb][\/et_pb_divider][\/et_pb_column][\/et_pb_row][et_pb_row column_structure=\u00a0\u00bb2_5,3_5&Prime; _builder_version=\u00a0\u00bb4.21.0&Prime; _module_preset=\u00a0\u00bbdefault\u00a0\u00bb global_colors_info=\u00a0\u00bb{}\u00a0\u00bb theme_builder_area=\u00a0\u00bbpost_content\u00a0\u00bb][et_pb_column type=\u00a0\u00bb2_5&Prime; _builder_version=\u00a0\u00bb4.21.0&Prime; _module_preset=\u00a0\u00bbdefault\u00a0\u00bb global_colors_info=\u00a0\u00bb{}\u00a0\u00bb theme_builder_area=\u00a0\u00bbpost_content\u00a0\u00bb][et_pb_image src=\u00a0\u00bbhttps:\/\/catholiques17.fr\/jonzac\/wp-content\/uploads\/sites\/39\/2024\/09\/Eglise-de-Saint-Maurice-de-Tavernole.jpg\u00a0\u00bb title_text=\u00a0\u00bbEglise de Saint Maurice de Tavernole\u00a0\u00bb _builder_version=\u00a0\u00bb4.21.0&Prime; _module_preset=\u00a0\u00bbdefault\u00a0\u00bb global_colors_info=\u00a0\u00bb{}\u00a0\u00bb theme_builder_area=\u00a0\u00bbpost_content\u00a0\u00bb][\/et_pb_image][et_pb_image src=\u00a0\u00bbhttps:\/\/catholiques17.fr\/jonzac\/wp-content\/uploads\/sites\/39\/2024\/09\/Eglise-de-St-Maurice-de-Tavernole-vitrail.jpg\u00a0\u00bb title_text=\u00a0\u00bbEglise de St Maurice de Tavernole vitrail\u00a0\u00bb _builder_version=\u00a0\u00bb4.21.0&Prime; _module_preset=\u00a0\u00bbdefault\u00a0\u00bb global_colors_info=\u00a0\u00bb{}\u00a0\u00bb theme_builder_area=\u00a0\u00bbpost_content\u00a0\u00bb][\/et_pb_image][\/et_pb_column][et_pb_column type=\u00a0\u00bb3_5&Prime; _builder_version=\u00a0\u00bb4.21.0&Prime; _module_preset=\u00a0\u00bbdefault\u00a0\u00bb global_colors_info=\u00a0\u00bb{}\u00a0\u00bb theme_builder_area=\u00a0\u00bbpost_content\u00a0\u00bb][et_pb_text _builder_version=\u00a0\u00bb4.21.0&Prime; _module_preset=\u00a0\u00bbdefault\u00a0\u00bb custom_margin=\u00a0\u00bb||11px|||\u00a0\u00bb global_colors_info=\u00a0\u00bb{}\u00a0\u00bb theme_builder_area=\u00a0\u00bbpost_content\u00a0\u00bb]<\/p>\n<h1>\u00c9glise de St-MAURICE-de-TAVERNOLE<\/h1>\n<p><strong>\u00a0<\/strong><\/p>\n<p>[\/et_pb_text][et_pb_text _builder_version=\u00a0\u00bb4.21.0&Prime; _module_preset=\u00a0\u00bbdefault\u00a0\u00bb custom_margin=\u00a0\u00bb||-6px|||\u00a0\u00bb global_colors_info=\u00a0\u00bb{}\u00a0\u00bb theme_builder_area=\u00a0\u00bbpost_content\u00a0\u00bb]<\/p>\n<p><span class=\"lettrine\">L<\/span>\u2019\u00e9glise actuelle, qui vient d\u2019\u00eatre magnifiquement restaur\u00e9e et rendue au culte apr\u00e8s les importants d\u00e9g\u00e2ts de la temp\u00eate du 29 d\u00e9cembre 1999, se situe \u00e0 proximit\u00e9 du logis de Saint Maurice. Cela suffit-il pour en d\u00e9duire qu\u2019elle en aurait \u00e9t\u00e9 primitivement la chapelle et que les seigneurs voisins y auraient eu leur s\u00e9pulture\u00a0? Les avis sont encore \u00e0 ce sujet partag\u00e9s. En toute hypoth\u00e8se, elle n\u2019est sans doute pas sur l\u2019emplacement dans le bourg de l\u2019ancienne \u00e9glise du Moyen-\u00c2ge compl\u00e8tement disparue. Par ailleurs. l\u2019inscription grav\u00e9e sur une des poutres d\u00e9gag\u00e9es lors des r\u00e9cents travaux &#8211; <i>Ce temple a este faict en l\u2019an 1604<\/i> &#8211; autorise-t-elle \u00e0 penser qu\u2019elle fut d\u2019abord un temple protestant\u00a0? Le dernier cur\u00e9 de Saint-Maurice fut l\u2019abb\u00e9 Monnereau qui partit en exil en 1792 et y mourut.<\/p>\n<p>L\u2019existence et l\u2019histoire de saint Maurice et de ses nombreux compagnons martyrs (morts vers 304) nous sont connues par la \u00ab\u00a0Passion des martyrs d\u2019Agaune\u00a0\u00bb (aujourd\u2019hui <a href=\"http:\/\/saint.eutrope.free.fr\/spip.php?rubrique45\" class=\"spip_out\" rel=\"external\">Saint-Maurice dans le canton suisse du Valais<\/a>) \u00e9crite vers la moiti\u00e9 du VI<sup class=\"typo_exposants\">\u00e8me<\/sup> si\u00e8cle par saint Eucher, \u00e9v\u00eaque de Lyon<\/p>\n<p>[\/et_pb_text][\/et_pb_column][\/et_pb_row][et_pb_row column_structure=\u00a0\u00bb1_3,1_3,1_3&Prime; _builder_version=\u00a0\u00bb4.21.0&Prime; _module_preset=\u00a0\u00bbdefault\u00a0\u00bb border_color_all=\u00a0\u00bb#F49A24&Prime; global_colors_info=\u00a0\u00bb{}\u00a0\u00bb theme_builder_area=\u00a0\u00bbpost_content\u00a0\u00bb][et_pb_column type=\u00a0\u00bb1_3&Prime; _builder_version=\u00a0\u00bb4.21.0&Prime; _module_preset=\u00a0\u00bbdefault\u00a0\u00bb global_colors_info=\u00a0\u00bb{}\u00a0\u00bb theme_builder_area=\u00a0\u00bbpost_content\u00a0\u00bb][et_pb_image src=\u00a0\u00bbhttps:\/\/catholiques17.fr\/jonzac\/wp-content\/uploads\/sites\/39\/2024\/09\/Eglise-de-Saint-Maurice-de-Tavernole-2.jpg\u00a0\u00bb title_text=\u00a0\u00bbEglise de Saint Maurice de Tavernole 2&Prime; show_in_lightbox=\u00a0\u00bbon\u00a0\u00bb _builder_version=\u00a0\u00bb4.21.0&Prime; _module_preset=\u00a0\u00bbdefault\u00a0\u00bb box_shadow_style=\u00a0\u00bbpreset3&Prime; global_colors_info=\u00a0\u00bb{}\u00a0\u00bb theme_builder_area=\u00a0\u00bbpost_content\u00a0\u00bb][\/et_pb_image][\/et_pb_column][et_pb_column type=\u00a0\u00bb1_3&Prime; _builder_version=\u00a0\u00bb4.21.0&Prime; _module_preset=\u00a0\u00bbdefault\u00a0\u00bb global_colors_info=\u00a0\u00bb{}\u00a0\u00bb theme_builder_area=\u00a0\u00bbpost_content\u00a0\u00bb][et_pb_image src=\u00a0\u00bbhttps:\/\/catholiques17.fr\/jonzac\/wp-content\/uploads\/sites\/39\/2024\/09\/Eglise-de-Saint-Maurice-de-Tavernole-3.jpg\u00a0\u00bb title_text=\u00a0\u00bbEglise de Saint Maurice de Tavernole 3&Prime; show_in_lightbox=\u00a0\u00bbon\u00a0\u00bb _builder_version=\u00a0\u00bb4.21.0&Prime; _module_preset=\u00a0\u00bbdefault\u00a0\u00bb box_shadow_style=\u00a0\u00bbpreset3&Prime; global_colors_info=\u00a0\u00bb{}\u00a0\u00bb theme_builder_area=\u00a0\u00bbpost_content\u00a0\u00bb][\/et_pb_image][\/et_pb_column][et_pb_column type=\u00a0\u00bb1_3&Prime; _builder_version=\u00a0\u00bb4.21.0&Prime; _module_preset=\u00a0\u00bbdefault\u00a0\u00bb global_colors_info=\u00a0\u00bb{}\u00a0\u00bb theme_builder_area=\u00a0\u00bbpost_content\u00a0\u00bb][et_pb_image src=\u00a0\u00bbhttps:\/\/catholiques17.fr\/jonzac\/wp-content\/uploads\/sites\/39\/2024\/09\/Eglise-de-Saint-Maurice-de-Tavernole-4.jpg\u00a0\u00bb title_text=\u00a0\u00bbEglise de Saint Maurice de Tavernole 4&Prime; show_in_lightbox=\u00a0\u00bbon\u00a0\u00bb _builder_version=\u00a0\u00bb4.21.0&Prime; _module_preset=\u00a0\u00bbdefault\u00a0\u00bb box_shadow_style=\u00a0\u00bbpreset3&Prime; global_colors_info=\u00a0\u00bb{}\u00a0\u00bb theme_builder_area=\u00a0\u00bbpost_content\u00a0\u00bb][\/et_pb_image][\/et_pb_column][\/et_pb_row][et_pb_row _builder_version=\u00a0\u00bb4.21.0&Prime; _module_preset=\u00a0\u00bbdefault\u00a0\u00bb global_colors_info=\u00a0\u00bb{}\u00a0\u00bb theme_builder_area=\u00a0\u00bbpost_content\u00a0\u00bb][et_pb_column type=\u00a0\u00bb4_4&Prime; _builder_version=\u00a0\u00bb4.21.0&Prime; _module_preset=\u00a0\u00bbdefault\u00a0\u00bb global_colors_info=\u00a0\u00bb{}\u00a0\u00bb theme_builder_area=\u00a0\u00bbpost_content\u00a0\u00bb][et_pb_divider color=\u00a0\u00bb#0C71C3&Prime; divider_weight=\u00a0\u00bb2px\u00a0\u00bb _builder_version=\u00a0\u00bb4.21.0&Prime; _module_preset=\u00a0\u00bbdefault\u00a0\u00bb global_colors_info=\u00a0\u00bb{}\u00a0\u00bb theme_builder_area=\u00a0\u00bbpost_content\u00a0\u00bb][\/et_pb_divider][\/et_pb_column][\/et_pb_row][et_pb_row column_structure=\u00a0\u00bb2_5,3_5&Prime; _builder_version=\u00a0\u00bb4.21.0&Prime; _module_preset=\u00a0\u00bbdefault\u00a0\u00bb global_colors_info=\u00a0\u00bb{}\u00a0\u00bb theme_builder_area=\u00a0\u00bbpost_content\u00a0\u00bb][et_pb_column type=\u00a0\u00bb2_5&Prime; _builder_version=\u00a0\u00bb4.21.0&Prime; _module_preset=\u00a0\u00bbdefault\u00a0\u00bb global_colors_info=\u00a0\u00bb{}\u00a0\u00bb theme_builder_area=\u00a0\u00bbpost_content\u00a0\u00bb][et_pb_image src=\u00a0\u00bbhttps:\/\/catholiques17.fr\/jonzac\/wp-content\/uploads\/sites\/39\/2024\/09\/Eglise-saint-Vincent-de-Reaux3.jpg\u00a0\u00bb title_text=\u00a0\u00bbEglise saint Vincent de R\u00e9aux3&Prime; _builder_version=\u00a0\u00bb4.21.0&Prime; _module_preset=\u00a0\u00bbdefault\u00a0\u00bb global_colors_info=\u00a0\u00bb{}\u00a0\u00bb theme_builder_area=\u00a0\u00bbpost_content\u00a0\u00bb][\/et_pb_image][\/et_pb_column][et_pb_column type=\u00a0\u00bb3_5&Prime; _builder_version=\u00a0\u00bb4.21.0&Prime; _module_preset=\u00a0\u00bbdefault\u00a0\u00bb global_colors_info=\u00a0\u00bb{}\u00a0\u00bb theme_builder_area=\u00a0\u00bbpost_content\u00a0\u00bb][et_pb_text _builder_version=\u00a0\u00bb4.21.0&Prime; _module_preset=\u00a0\u00bbdefault\u00a0\u00bb custom_margin=\u00a0\u00bb||11px|||\u00a0\u00bb global_colors_info=\u00a0\u00bb{}\u00a0\u00bb theme_builder_area=\u00a0\u00bbpost_content\u00a0\u00bb]<\/p>\n<h1>\u00c9glise Saint Vincent de R\u00c9AUX<\/h1>\n<p><strong>\u00a0<\/strong><\/p>\n<p>[\/et_pb_text][et_pb_text _builder_version=\u00a0\u00bb4.21.0&Prime; _module_preset=\u00a0\u00bbdefault\u00a0\u00bb custom_margin=\u00a0\u00bb||-6px|||\u00a0\u00bb global_colors_info=\u00a0\u00bb{}\u00a0\u00bb theme_builder_area=\u00a0\u00bbpost_content\u00a0\u00bb]<\/p>\n<p style=\"text-align: justify\"><span class=\"lettrine\">L<\/span>\u2019\u00e9glise, de style roman, est d\u00e9di\u00e9e \u00e0 <a href=\"http:\/\/saint.eutrope.free.fr\/spip.php?rubrique41\">saint Vincent<\/a>. Sa fa\u00e7ade et les murs ext\u00e9rieurs de la nef ont fait l\u2019objet d\u2019un premier ravalement qui devrait inclure prochainement le reste des murs ext\u00e9rieurs et l\u2019int\u00e9rieur de l\u2019\u00e9difice. Sur le territoire de la commune se trouvent \u00e9galement des vestiges de l\u2019ancien h\u00f4pital de la Grand-Vaux qui fut sans doute une l\u00e9proserie, \u00e0 l\u2019\u00e9poque o\u00f9 ce terrible mal s\u00e9vissait encore dans nos contr\u00e9es (faute de th\u00e9rapie efficace, on s\u2019employait alors \u00e0 tenter d\u2019\u00e9viter la contagion en isolant les malades \u00e0 l\u2019\u00e9cart des villages habit\u00e9s). Sans doute, l\u2019absence de constructions a-t-elle favoris\u00e9 l\u2019am\u00e9nagement du terrain d\u2019aviation de Neulles-Jonzac, dans cette belle vall\u00e9e\u00a0!<\/p>\n<p>[\/et_pb_text][\/et_pb_column][\/et_pb_row][et_pb_row column_structure=\u00a0\u00bb1_3,1_3,1_3&Prime; _builder_version=\u00a0\u00bb4.21.0&Prime; _module_preset=\u00a0\u00bbdefault\u00a0\u00bb border_color_all=\u00a0\u00bb#F49A24&Prime; global_colors_info=\u00a0\u00bb{}\u00a0\u00bb theme_builder_area=\u00a0\u00bbpost_content\u00a0\u00bb][et_pb_column type=\u00a0\u00bb1_3&Prime; _builder_version=\u00a0\u00bb4.21.0&Prime; _module_preset=\u00a0\u00bbdefault\u00a0\u00bb global_colors_info=\u00a0\u00bb{}\u00a0\u00bb theme_builder_area=\u00a0\u00bbpost_content\u00a0\u00bb][et_pb_image src=\u00a0\u00bbhttps:\/\/catholiques17.fr\/jonzac\/wp-content\/uploads\/sites\/39\/2024\/09\/Eglise-saint-Vincent-de-Reaux.jpg\u00a0\u00bb title_text=\u00a0\u00bbEglise saint Vincent de R\u00e9aux\u00a0\u00bb show_in_lightbox=\u00a0\u00bbon\u00a0\u00bb _builder_version=\u00a0\u00bb4.21.0&Prime; _module_preset=\u00a0\u00bbdefault\u00a0\u00bb box_shadow_style=\u00a0\u00bbpreset3&Prime; global_colors_info=\u00a0\u00bb{}\u00a0\u00bb theme_builder_area=\u00a0\u00bbpost_content\u00a0\u00bb][\/et_pb_image][\/et_pb_column][et_pb_column type=\u00a0\u00bb1_3&Prime; _builder_version=\u00a0\u00bb4.21.0&Prime; _module_preset=\u00a0\u00bbdefault\u00a0\u00bb global_colors_info=\u00a0\u00bb{}\u00a0\u00bb theme_builder_area=\u00a0\u00bbpost_content\u00a0\u00bb][et_pb_image src=\u00a0\u00bbhttps:\/\/catholiques17.fr\/jonzac\/wp-content\/uploads\/sites\/39\/2024\/09\/Eglise-saint-Vincent-de-Reaux2.jpg\u00a0\u00bb title_text=\u00a0\u00bbEglise saint Vincent de R\u00e9aux2&Prime; show_in_lightbox=\u00a0\u00bbon\u00a0\u00bb _builder_version=\u00a0\u00bb4.21.0&Prime; _module_preset=\u00a0\u00bbdefault\u00a0\u00bb box_shadow_style=\u00a0\u00bbpreset3&Prime; global_colors_info=\u00a0\u00bb{}\u00a0\u00bb theme_builder_area=\u00a0\u00bbpost_content\u00a0\u00bb][\/et_pb_image][\/et_pb_column][et_pb_column type=\u00a0\u00bb1_3&Prime; _builder_version=\u00a0\u00bb4.21.0&Prime; _module_preset=\u00a0\u00bbdefault\u00a0\u00bb global_colors_info=\u00a0\u00bb{}\u00a0\u00bb theme_builder_area=\u00a0\u00bbpost_content\u00a0\u00bb][et_pb_image src=\u00a0\u00bbhttps:\/\/catholiques17.fr\/jonzac\/wp-content\/uploads\/sites\/39\/2024\/09\/Eglise-saint-Vincent-de-Reaux4.jpg\u00a0\u00bb title_text=\u00a0\u00bbEglise saint Vincent de R\u00e9aux4&Prime; show_in_lightbox=\u00a0\u00bbon\u00a0\u00bb _builder_version=\u00a0\u00bb4.21.0&Prime; _module_preset=\u00a0\u00bbdefault\u00a0\u00bb box_shadow_style=\u00a0\u00bbpreset3&Prime; global_colors_info=\u00a0\u00bb{}\u00a0\u00bb theme_builder_area=\u00a0\u00bbpost_content\u00a0\u00bb][\/et_pb_image][\/et_pb_column][\/et_pb_row][\/et_pb_section]<\/p>\n","protected":false},"excerpt":{"rendered":"<p>\u00a0 \u00a0D\u00e9couvrez les \u00e9glises de Champagnac, Meux, Moings, Saint Maurice de Tavernole, R\u00e9aux :\u00c9glise Saint Pierre de CHAMPAGNACL\u2019\u00e9glise date du XIIIe si\u00e8cle. L\u2019\u00e9difice alors en mauvais \u00e9tat et sa fa\u00e7ade [&hellip;]<\/p>\n","protected":false},"author":4,"featured_media":0,"parent":7323,"menu_order":0,"comment_status":"closed","ping_status":"closed","template":"","meta":{"_et_pb_use_builder":"on","_et_pb_old_content":"","_et_gb_content_width":"","footnotes":""},"class_list":["post-7325","page","type-page","status-publish","hentry"],"_links":{"self":[{"href":"https:\/\/catholiques17.fr\/jonzac\/wp-json\/wp\/v2\/pages\/7325","targetHints":{"allow":["GET"]}}],"collection":[{"href":"https:\/\/catholiques17.fr\/jonzac\/wp-json\/wp\/v2\/pages"}],"about":[{"href":"https:\/\/catholiques17.fr\/jonzac\/wp-json\/wp\/v2\/types\/page"}],"author":[{"embeddable":true,"href":"https:\/\/catholiques17.fr\/jonzac\/wp-json\/wp\/v2\/users\/4"}],"replies":[{"embeddable":true,"href":"https:\/\/catholiques17.fr\/jonzac\/wp-json\/wp\/v2\/comments?post=7325"}],"version-history":[{"count":26,"href":"https:\/\/catholiques17.fr\/jonzac\/wp-json\/wp\/v2\/pages\/7325\/revisions"}],"predecessor-version":[{"id":10264,"href":"https:\/\/catholiques17.fr\/jonzac\/wp-json\/wp\/v2\/pages\/7325\/revisions\/10264"}],"up":[{"embeddable":true,"href":"https:\/\/catholiques17.fr\/jonzac\/wp-json\/wp\/v2\/pages\/7323"}],"wp:attachment":[{"href":"https:\/\/catholiques17.fr\/jonzac\/wp-json\/wp\/v2\/media?parent=7325"}],"curies":[{"name":"wp","href":"https:\/\/api.w.org\/{rel}","templated":true}]}}