{"id":5271,"date":"2022-04-07T22:51:50","date_gmt":"2022-04-07T20:51:50","guid":{"rendered":"https:\/\/catholiques17.fr\/jonzac\/?page_id=5271"},"modified":"2025-08-23T18:18:03","modified_gmt":"2025-08-23T16:18:03","slug":"mariage","status":"publish","type":"page","link":"https:\/\/catholiques17.fr\/jonzac\/etape-de-la-vie\/mariage\/","title":{"rendered":"Mariage"},"content":{"rendered":"<p>[et_pb_section fb_built=\u00a0\u00bb1&Prime; _builder_version=\u00a0\u00bb4.16&Prime; _module_preset=\u00a0\u00bbdefault\u00a0\u00bb custom_padding=\u00a0\u00bb8px|||||\u00a0\u00bb global_colors_info=\u00a0\u00bb{}\u00a0\u00bb theme_builder_area=\u00a0\u00bbpost_content\u00a0\u00bb][et_pb_row _builder_version=\u00a0\u00bb4.21.0&Prime; _module_preset=\u00a0\u00bbdefault\u00a0\u00bb custom_padding=\u00a0\u00bb5px|||||\u00a0\u00bb global_colors_info=\u00a0\u00bb{}\u00a0\u00bb theme_builder_area=\u00a0\u00bbpost_content\u00a0\u00bb][et_pb_column type=\u00a0\u00bb4_4&Prime; _builder_version=\u00a0\u00bb4.21.0&Prime; _module_preset=\u00a0\u00bbdefault\u00a0\u00bb global_colors_info=\u00a0\u00bb{}\u00a0\u00bb theme_builder_area=\u00a0\u00bbpost_content\u00a0\u00bb][et_pb_image src=\u00a0\u00bbhttps:\/\/catholiques17.fr\/jonzac\/wp-content\/uploads\/sites\/39\/2024\/09\/mariage.jpg\u00a0\u00bb title_text=\u00a0\u00bbmariage\u00a0\u00bb _builder_version=\u00a0\u00bb4.21.0&Prime; _module_preset=\u00a0\u00bbdefault\u00a0\u00bb animation_style=\u00a0\u00bbslide\u00a0\u00bb border_radii=\u00a0\u00bbon|20px|20px|20px|20px\u00a0\u00bb global_colors_info=\u00a0\u00bb{}\u00a0\u00bb theme_builder_area=\u00a0\u00bbpost_content\u00a0\u00bb][\/et_pb_image][\/et_pb_column][\/et_pb_row][et_pb_row _builder_version=\u00a0\u00bb4.21.0&Prime; _module_preset=\u00a0\u00bbdefault\u00a0\u00bb global_colors_info=\u00a0\u00bb{}\u00a0\u00bb theme_builder_area=\u00a0\u00bbpost_content\u00a0\u00bb][et_pb_column type=\u00a0\u00bb4_4&Prime; _builder_version=\u00a0\u00bb4.21.0&Prime; _module_preset=\u00a0\u00bbdefault\u00a0\u00bb global_colors_info=\u00a0\u00bb{}\u00a0\u00bb theme_builder_area=\u00a0\u00bbpost_content\u00a0\u00bb][et_pb_text _builder_version=\u00a0\u00bb4.27.4&Prime; _module_preset=\u00a0\u00bbdefault\u00a0\u00bb global_colors_info=\u00a0\u00bb{}\u00a0\u00bb theme_builder_area=\u00a0\u00bbpost_content\u00a0\u00bb]<\/p>\n<div class=\"et_pb_module et_pb_text et_pb_text_0  et_pb_text_align_left et_pb_bg_layout_light\">\n<div class=\"et_pb_text_inner\">\n<p>&nbsp;<\/p>\n<h2 class=\"titre\">NOUS DESIRONS NOUS MARIER&#8230;<\/h2>\n<\/div>\n<\/div>\n<div class=\"et_pb_module et_pb_text et_pb_text_1  et_pb_text_align_left et_pb_bg_layout_light\">\n<div class=\"et_pb_text_inner\">\n<div class=\"spip_doc_descriptif2\">\n<p>Vous vous \u00eates rencontr\u00e9s, vous avez fait connaissance, vous vous \u00eates plu et finalement\u2026 <strong>vous \u00eates amoureux<\/strong>\u2026 Un peu de temps &#8211; ou m\u00eame beaucoup &#8211; a pass\u00e9, un projet de <i>vie \u00e0 deux<\/i> a germ\u00e9.<\/p>\n<p>Et un jour, l\u2019un des deux a demand\u00e9\u00a0: \u00ab\u00a0Si on se mariait\u00a0?\u00a0\u00bb<\/p>\n<p>Peut-\u00eatre que tout de suite vous avez pens\u00e9 \u00e0 l\u2019<strong>Eglise<\/strong>. Mais pourquoi se marier \u00e0 l\u2019\u00e9glise\u00a0?<\/p>\n<p>Il y a s\u00fbrement plein de <strong>raisons<\/strong> pour cela\u00a0: parce que cela s\u2019est toujours fait dans la famille, parce que cela fait plaisir \u00e0 une grand-m\u00e8re, parce que cela donne plus d\u2019importance \u00e0 votre engagement\u2026<\/p>\n<p>Mais se marier \u00e0 l\u2019Eglise, c\u2019est d\u2019abord <strong>faire confiance en Dieu<\/strong>, source de toute vie, parce que Dieu est Amour et que Dieu croit \u00e0 votre propre histoire d\u2019amour.<\/p>\n<p>Parce que, par le<a href=\"https:\/\/eglise.catholique.fr\/approfondir-sa-foi\/la-celebration-de-la-foi\/les-sacrements\/le-mariage\/\"> sacrement du mariage<\/a>, le Christ s\u2019engage avec vous \u00e0 ce que votre couple soit tous les jours une bonne et joyeuse Nouvelle car, nous dit-il, \u00ab Il n\u2019y a pas de plus grand amour que de donner sa vie pour ceux que l\u2019on aime \u00bb (<a href=\"https:\/\/www.aelf.org\/bible\/Jn\/15\">Evangile de Jean, chap. 15, 13<\/a>).<\/p>\n<p>&nbsp;<\/p>\n<\/div>\n<h2 class=\"titre\">COMMENT S\u2019Y PRENDRE POUR SE MARIER A l\u2019EGLISE?<\/h2>\n<p>&nbsp;<\/p>\n<div class=\"spip_doc_descriptif2\">\n<p>D\u2019abord <strong>bien en parler ensemble<\/strong>. Il est important d\u2019\u00eatre sur la m\u00eame longueur d\u2019onde, que votre partage de vie aille jusqu\u2019au partage de vos convictions religieuses. Cela ne veut pas dire que l\u2019un d\u2019entre vous va imposer \u00e0 l\u2019autre ses convictions, mais il est \u00e9vident que pour l\u2019un d\u2019entre vous au moins la question de Dieu soit importante.<\/p>\n<p><strong>Apr\u00e8s ce partage<\/strong>, d\u00e8s qu\u2019une date s\u2019envisage, souvent un an \u00e0 l\u2019avance, t\u00e9l\u00e9phoner au plus vite \u00e0 la Maison paroissiale de Jonzac (09 52 17 13 86) pour savoir si cette date peut \u00eatre retenue, en fonction des disponibilit\u00e9s des ministres (pr\u00eatre ou diacre) de la communaut\u00e9.<\/p>\n<p>Le jour et l\u2019horaire du mariage confirm\u00e9s par la Maison paroissiale, vous pouvez annoncer la <strong>date du joyeux \u00e9v\u00e9nement<\/strong> aux familles et aux amis.<\/p>\n<\/div>\n<p>&nbsp;<\/p>\n<h2 class=\"titre\">COMMENT SE PASSE LA PREPARATION AU MARIAGE ?<\/h2>\n<p>&nbsp;<\/p>\n<div class=\"spip_doc_descriptif2\">\n<ul class=\"spip\">\n<li>Neuf \u00e0 dix mois avant le mariage, nous prenons rendez-vous avec le pr\u00eatre pour remplir avec lui notre <strong>dossier de demande de mariage<\/strong>. Il nous invite alors \u00e0 le rencontrer. Cette pr\u00e9paration \u00ab\u00a0personnalis\u00e9e\u00a0\u00bb comprendra entre <strong>4 et 5 rencontres<\/strong> d\u2019une heure environ, rencontres que vous fixerez avec lui en fonction de vos possibilit\u00e9s et des siennes.<\/li>\n<\/ul>\n<ul class=\"spip\"><\/ul>\n<ul class=\"spip\"><\/ul>\n<ul class=\"spip\">\n<li>Vous verrez avec lui comment, tout en respectant la liturgie que l\u2019\u00c9glise nous propose, vous pouvez <strong>personnaliser votre c\u00e9l\u00e9bration<\/strong> en \u00e9tant attentifs aux musiques et chants, au sens que vous donnerez \u00e0 l&rsquo;<a href=\"https:\/\/catholiques17.fr\/jonzac\/wp-content\/uploads\/sites\/39\/2025\/06\/mots-daccueil-mariage.jpg\">accueil<\/a>, aux lectures qui seront lues et \u00e0 tout ce que vous voudrez transmettre ce jour-l\u00e0 \u00e0 vos proches.<\/li>\n<\/ul>\n<\/div>\n<p>&nbsp;<\/p>\n<h2 class=\"titre\">ET APRES ?<\/h2>\n<p>&nbsp;<\/p>\n<div class=\"spip_doc_descriptif2\">\n<p>Au cours d\u2019une c\u00e9l\u00e9bration,\u00a0 les jeunes couples qui se marieront dans l\u2019ann\u00e9e, sont pr\u00e9sent\u00e9s \u00e0 la communaut\u00e9 qui s\u2019engage \u00e0 prier pour eux et qui leur remet un petit cadeau qui accompagnera leur chemin vers le mariage.<\/p>\n<\/div>\n<\/div>\n<\/div>\n<p>[\/et_pb_text][\/et_pb_column][\/et_pb_row][et_pb_row _builder_version=\u00a0\u00bb4.21.0&Prime; _module_preset=\u00a0\u00bbdefault\u00a0\u00bb global_colors_info=\u00a0\u00bb{}\u00a0\u00bb theme_builder_area=\u00a0\u00bbpost_content\u00a0\u00bb][et_pb_column type=\u00a0\u00bb4_4&Prime; _builder_version=\u00a0\u00bb4.21.0&Prime; _module_preset=\u00a0\u00bbdefault\u00a0\u00bb global_colors_info=\u00a0\u00bb{}\u00a0\u00bb theme_builder_area=\u00a0\u00bbpost_content\u00a0\u00bb][et_pb_divider divider_weight=\u00a0\u00bb2px\u00a0\u00bb _builder_version=\u00a0\u00bb4.21.0&Prime; _module_preset=\u00a0\u00bbdefault\u00a0\u00bb global_colors_info=\u00a0\u00bb{}\u00a0\u00bb theme_builder_area=\u00a0\u00bbpost_content\u00a0\u00bb][\/et_pb_divider][\/et_pb_column][\/et_pb_row][et_pb_row _builder_version=\u00a0\u00bb4.21.0&Prime; _module_preset=\u00a0\u00bbdefault\u00a0\u00bb global_colors_info=\u00a0\u00bb{}\u00a0\u00bb theme_builder_area=\u00a0\u00bbpost_content\u00a0\u00bb][et_pb_column type=\u00a0\u00bb4_4&Prime; _builder_version=\u00a0\u00bb4.21.0&Prime; _module_preset=\u00a0\u00bbdefault\u00a0\u00bb global_colors_info=\u00a0\u00bb{}\u00a0\u00bb theme_builder_area=\u00a0\u00bbpost_content\u00a0\u00bb][et_pb_text _builder_version=\u00a0\u00bb4.27.4&Prime; _module_preset=\u00a0\u00bbdefault\u00a0\u00bb hover_enabled=\u00a0\u00bb0&Prime; global_colors_info=\u00a0\u00bb{}\u00a0\u00bb theme_builder_area=\u00a0\u00bbpost_content\u00a0\u00bb sticky_enabled=\u00a0\u00bb0&Prime;]<\/p>\n<h4 style=\"text-align: center\"><span style=\"color: #ff9900\"><strong>Vous souhaitez obtenir des informations pour vous pr\u00e9parer au mariage ? <\/strong><\/span><\/h4>\n<h4 style=\"text-align: center\"><span style=\"color: #ff9900\"><strong><span style=\"text-decoration: underline\">Contactez- nous<\/span> : <\/strong><strong>09 52 17 13 86\u00a0<a href=\"mailto:anthonydelcastillo@ive.org\" style=\"color: #ff9900\"><\/a><\/strong><\/span><\/h4>\n<h4 style=\"text-align: center\"><span style=\"color: #ff9900\">\u00a0<\/span><\/h4>\n<p>[\/et_pb_text][\/et_pb_column][\/et_pb_row][\/et_pb_section]<\/p>\n","protected":false},"excerpt":{"rendered":"<p>&nbsp; NOUS DESIRONS NOUS MARIER&#8230; Vous vous \u00eates rencontr\u00e9s, vous avez fait connaissance, vous vous \u00eates plu et finalement\u2026 vous \u00eates amoureux\u2026 Un peu de temps &#8211; ou m\u00eame beaucoup [&hellip;]<\/p>\n","protected":false},"author":4,"featured_media":0,"parent":7248,"menu_order":0,"comment_status":"closed","ping_status":"closed","template":"","meta":{"_et_pb_use_builder":"on","_et_pb_old_content":"","_et_gb_content_width":"","footnotes":""},"class_list":["post-5271","page","type-page","status-publish","hentry"],"_links":{"self":[{"href":"https:\/\/catholiques17.fr\/jonzac\/wp-json\/wp\/v2\/pages\/5271","targetHints":{"allow":["GET"]}}],"collection":[{"href":"https:\/\/catholiques17.fr\/jonzac\/wp-json\/wp\/v2\/pages"}],"about":[{"href":"https:\/\/catholiques17.fr\/jonzac\/wp-json\/wp\/v2\/types\/page"}],"author":[{"embeddable":true,"href":"https:\/\/catholiques17.fr\/jonzac\/wp-json\/wp\/v2\/users\/4"}],"replies":[{"embeddable":true,"href":"https:\/\/catholiques17.fr\/jonzac\/wp-json\/wp\/v2\/comments?post=5271"}],"version-history":[{"count":17,"href":"https:\/\/catholiques17.fr\/jonzac\/wp-json\/wp\/v2\/pages\/5271\/revisions"}],"predecessor-version":[{"id":11067,"href":"https:\/\/catholiques17.fr\/jonzac\/wp-json\/wp\/v2\/pages\/5271\/revisions\/11067"}],"up":[{"embeddable":true,"href":"https:\/\/catholiques17.fr\/jonzac\/wp-json\/wp\/v2\/pages\/7248"}],"wp:attachment":[{"href":"https:\/\/catholiques17.fr\/jonzac\/wp-json\/wp\/v2\/media?parent=5271"}],"curies":[{"name":"wp","href":"https:\/\/api.w.org\/{rel}","templated":true}]}}