{"id":5015,"date":"2022-04-07T21:30:00","date_gmt":"2022-04-07T19:30:00","guid":{"rendered":"https:\/\/catholiques17.fr\/jonzac\/?page_id=5015"},"modified":"2025-10-21T12:13:44","modified_gmt":"2025-10-21T10:13:44","slug":"horaires-des-messes","status":"publish","type":"page","link":"https:\/\/catholiques17.fr\/jonzac\/paroisse\/horaires-des-messes\/","title":{"rendered":"Horaires des messes"},"content":{"rendered":"<p>[et_pb_section fb_built=\u00a0\u00bb1&Prime; _builder_version=\u00a0\u00bb4.17.6&Prime; _module_preset=\u00a0\u00bbdefault\u00a0\u00bb custom_padding=\u00a0\u00bb0px|||||\u00a0\u00bb global_colors_info=\u00a0\u00bb{}\u00a0\u00bb theme_builder_area=\u00a0\u00bbpost_content\u00a0\u00bb][et_pb_row column_structure=\u00a0\u00bb2_5,3_5&Prime; _builder_version=\u00a0\u00bb4.17.6&Prime; _module_preset=\u00a0\u00bbdefault\u00a0\u00bb global_colors_info=\u00a0\u00bb{}\u00a0\u00bb theme_builder_area=\u00a0\u00bbpost_content\u00a0\u00bb][et_pb_column type=\u00a0\u00bb2_5&Prime; _builder_version=\u00a0\u00bb4.17.6&Prime; _module_preset=\u00a0\u00bbdefault\u00a0\u00bb global_colors_info=\u00a0\u00bb{}\u00a0\u00bb theme_builder_area=\u00a0\u00bbpost_content\u00a0\u00bb][et_pb_text _builder_version=\u00a0\u00bb4.21.0&Prime; _module_preset=\u00a0\u00bbdefault\u00a0\u00bb global_colors_info=\u00a0\u00bb{}\u00a0\u00bb theme_builder_area=\u00a0\u00bbpost_content\u00a0\u00bb][\/et_pb_text][et_pb_image src=\u00a0\u00bbhttps:\/\/catholiques17.fr\/jonzac\/wp-content\/uploads\/sites\/39\/2024\/11\/Bougies-dautel-IMG_0217.jpg\u00a0\u00bb title_text=\u00a0\u00bbBougies d&rsquo;autel IMG_0217&Prime; _builder_version=\u00a0\u00bb4.21.0&Prime; _module_preset=\u00a0\u00bbdefault\u00a0\u00bb global_colors_info=\u00a0\u00bb{}\u00a0\u00bb theme_builder_area=\u00a0\u00bbpost_content\u00a0\u00bb][\/et_pb_image][\/et_pb_column][et_pb_column type=\u00a0\u00bb3_5&Prime; _builder_version=\u00a0\u00bb4.17.6&Prime; _module_preset=\u00a0\u00bbdefault\u00a0\u00bb global_colors_info=\u00a0\u00bb{}\u00a0\u00bb theme_builder_area=\u00a0\u00bbpost_content\u00a0\u00bb][et_pb_text _builder_version=\u00a0\u00bb4.27.4&Prime; _module_preset=\u00a0\u00bbdefault\u00a0\u00bb hover_enabled=\u00a0\u00bb0&Prime; global_colors_info=\u00a0\u00bb{}\u00a0\u00bb theme_builder_area=\u00a0\u00bbpost_content\u00a0\u00bb sticky_enabled=\u00a0\u00bb0&Prime;]<\/p>\n<p><span style=\"color: #f49a24;\"><strong>Messe de semaine :<br \/><\/strong><\/span><\/p>\n<p>Mardi, mercredi et jeudi \u00e0 9h dans la chapelle Notre Dame de Lourdes (salles paroissiales).<\/p>\n<p>Vendredi \u00e0 11h \u00e0 l&rsquo;\u00e9glise de Jonzac (adoration \u00e0 partir de 10h) jusque fin octobre 2025, puis \u00e0 10h (\u00e0 partir du 7 novembre).<\/p>\n<p>&nbsp;<\/p>\n<p><span style=\"color: #f49a24;\"><strong>Messe du dimanche :<\/strong><\/span><\/p>\n<p>Tous les dimanches, la messe est \u00e0 11h \u00e0 l&rsquo;\u00e9glise de Jonzac.<\/p>\n<p>Messe anticip\u00e9e du dimanche, le samedi soir, dans l&rsquo;une des \u00e9glises du secteur nord, sud, est ou ouest.\u00a0<\/p>\n<p>[\/et_pb_text][\/et_pb_column][\/et_pb_row][et_pb_row _builder_version=\u00a0\u00bb4.17.6&Prime; _module_preset=\u00a0\u00bbdefault\u00a0\u00bb global_colors_info=\u00a0\u00bb{}\u00a0\u00bb theme_builder_area=\u00a0\u00bbpost_content\u00a0\u00bb][et_pb_column type=\u00a0\u00bb4_4&Prime; _builder_version=\u00a0\u00bb4.17.6&Prime; _module_preset=\u00a0\u00bbdefault\u00a0\u00bb global_colors_info=\u00a0\u00bb{}\u00a0\u00bb theme_builder_area=\u00a0\u00bbpost_content\u00a0\u00bb][et_pb_divider color=\u00a0\u00bb#F49A24&Prime; _builder_version=\u00a0\u00bb4.21.0&Prime; _module_preset=\u00a0\u00bbdefault\u00a0\u00bb background_color=\u00a0\u00bb#FFFFFF\u00a0\u00bb global_colors_info=\u00a0\u00bb{}\u00a0\u00bb theme_builder_area=\u00a0\u00bbpost_content\u00a0\u00bb][\/et_pb_divider][\/et_pb_column][\/et_pb_row][et_pb_row _builder_version=\u00a0\u00bb4.27.4&Prime; _module_preset=\u00a0\u00bbdefault\u00a0\u00bb theme_builder_area=\u00a0\u00bbpost_content\u00a0\u00bb][et_pb_column _builder_version=\u00a0\u00bb4.27.4&Prime; _module_preset=\u00a0\u00bbdefault\u00a0\u00bb type=\u00a0\u00bb4_4&Prime; theme_builder_area=\u00a0\u00bbpost_content\u00a0\u00bb][et_pb_code _builder_version=\u00a0\u00bb4.27.4&Prime; _module_preset=\u00a0\u00bbdefault\u00a0\u00bb theme_builder_area=\u00a0\u00bbpost_content\u00a0\u00bb hover_enabled=\u00a0\u00bb0&Prime; sticky_enabled=\u00a0\u00bb0&Prime;]<\/p>\n<div class=\"EgliseInfo-container\">\n<div data-egliseinfo=\"horaires\" data-search=\"community:lr\/17\/saint-eutrope-jonzac\" data-open-in-egliseinfo=\"true\"><\/div>\n<p><script type=\"text\/javascript\" language=\"javascript\" src=\"https:\/\/messes.info\/\/Widget\/Widget.nocache.js\"><\/script><!-- [et_pb_line_break_holder] --><pee>Retrouvez tous les horaires des c\u00e9l\u00e9brations sur <a href=\"https:\/\/messes.info\/\/horaires\/community:lr\/17\/saint-eutrope-jonzac\">www.messes.info<\/a><\/pee><\/div>\n<p><!-- [et_pb_line_break_holder] -->[\/et_pb_code][\/et_pb_column][\/et_pb_row][\/et_pb_section]<\/p>\n","protected":false},"excerpt":{"rendered":"<p>Messe de semaine : Mardi, mercredi et jeudi \u00e0 9h dans la chapelle Notre Dame de Lourdes (salles paroissiales). Vendredi \u00e0 11h \u00e0 l&rsquo;\u00e9glise de Jonzac (adoration \u00e0 partir de [&hellip;]<\/p>\n","protected":false},"author":39,"featured_media":0,"parent":5224,"menu_order":0,"comment_status":"closed","ping_status":"closed","template":"","meta":{"_et_pb_use_builder":"on","_et_pb_old_content":"<!-- wp:paragraph -->\n<p><\/p>\n<!-- \/wp:paragraph -->\n\n<!-- wp:paragraph {\"align\":\"left\",\"backgroundColor\":\"luminous-vivid-amber\",\"textColor\":\"black\",\"fontSize\":\"normal\"} -->\n<p class=\"has-text-align-left has-black-color has-luminous-vivid-amber-background-color has-text-color has-background has-normal-font-size\"><strong><strong><strong><strong><strong>Samedi 22 Juin \u00e0 Archiac  : 18h30<\/strong><\/strong><\/strong><\/strong><\/strong><\/p>\n<!-- \/wp:paragraph -->\n\n<!-- wp:paragraph {\"align\":\"left\",\"backgroundColor\":\"luminous-vivid-amber\",\"textColor\":\"black\",\"fontSize\":\"normal\"} -->\n<p class=\"has-text-align-left has-black-color has-luminous-vivid-amber-background-color has-text-color has-background has-normal-font-size\"><strong>Dimanche 23 Juin \u00e0 Cierzac  <strong><strong><strong><strong><strong>: 10h30<\/strong><\/strong><\/strong><\/strong><\/strong><\/strong><\/p>\n<!-- \/wp:paragraph -->\n\n<!-- wp:paragraph {\"align\":\"left\",\"backgroundColor\":\"luminous-vivid-amber\",\"textColor\":\"black\",\"fontSize\":\"normal\"} -->\n<p class=\"has-text-align-left has-black-color has-luminous-vivid-amber-background-color has-text-color has-background has-normal-font-size\"><strong> <strong><strong>Samedi 29 Juin \u00e0 Allas-Champagne  <strong><strong><strong><strong><strong>: 18h30<\/strong><\/strong><\/strong><\/strong><\/strong><\/strong><\/strong><\/strong><\/p>\n<!-- \/wp:paragraph -->\n\n<!-- wp:paragraph {\"align\":\"left\",\"backgroundColor\":\"luminous-vivid-amber\",\"textColor\":\"black\",\"fontSize\":\"normal\"} -->\n<p class=\"has-text-align-left has-black-color has-luminous-vivid-amber-background-color has-text-color has-background has-normal-font-size\"><strong>Dimanche 30 \u00e0 Juin \u00e0 Neulles  : 10h30<\/strong><\/p>\n<!-- \/wp:paragraph -->\n\n<!-- wp:paragraph {\"align\":\"left\",\"backgroundColor\":\"luminous-vivid-amber\",\"textColor\":\"black\",\"fontSize\":\"normal\"} -->\n<p class=\"has-text-align-left has-black-color has-luminous-vivid-amber-background-color has-text-color has-background has-normal-font-size\"><strong style=\"font-weight: bold\"> <\/strong><strong>Samedi 6 Juillet \u00e0 Ste Lheurine <\/strong><strong> : 18h30<\/strong><\/p>\n<!-- \/wp:paragraph -->\n\n<!-- wp:paragraph {\"align\":\"left\",\"backgroundColor\":\"luminous-vivid-amber\",\"textColor\":\"black\",\"fontSize\":\"normal\"} -->\n<p class=\"has-text-align-left has-black-color has-luminous-vivid-amber-background-color has-text-color has-background has-normal-font-size\"><strong><strong><strong><strong><strong>Dimanche 7 Juillet \u00e0 St Ciers Champagne : 10h30<\/strong><\/strong><\/strong><\/strong><\/strong><\/p>\n<!-- \/wp:paragraph -->\n\n<!-- wp:paragraph {\"align\":\"left\",\"backgroundColor\":\"luminous-vivid-amber\",\"textColor\":\"black\",\"fontSize\":\"normal\"} -->\n<p class=\"has-text-align-left has-black-color has-luminous-vivid-amber-background-color has-text-color has-background has-normal-font-size\"><strong> Samedi 13 Juillet \u00e0 Neuillac <strong><strong><strong><strong><strong>: 18h30<\/strong><\/strong><\/strong><\/strong><\/strong><\/strong><\/p>\n<!-- \/wp:paragraph -->\n\n<!-- wp:paragraph {\"align\":\"left\",\"backgroundColor\":\"luminous-vivid-amber\",\"textColor\":\"black\",\"fontSize\":\"normal\"} -->\n<p class=\"has-text-align-left has-black-color has-luminous-vivid-amber-background-color has-text-color has-background has-normal-font-size\"><strong> Dimanche 14 Juillet \u00e0 Germignac <strong><strong><strong><strong><strong>: 10h30<\/strong><\/strong><\/strong><\/strong><\/strong><\/strong><\/p>\n<!-- \/wp:paragraph -->\n\n<!-- wp:paragraph {\"align\":\"left\",\"backgroundColor\":\"luminous-vivid-amber\",\"textColor\":\"black\",\"fontSize\":\"normal\"} -->\n<p class=\"has-text-align-left has-black-color has-luminous-vivid-amber-background-color has-text-color has-background has-normal-font-size\"><strong>Samedi 20 Juillet \u00e0 Archiac : 18h30<\/strong><\/p>\n<!-- \/wp:paragraph -->\n\n<!-- wp:paragraph {\"align\":\"left\",\"backgroundColor\":\"luminous-vivid-amber\",\"textColor\":\"black\",\"fontSize\":\"normal\"} -->\n<p class=\"has-text-align-left has-black-color has-luminous-vivid-amber-background-color has-text-color has-background has-normal-font-size\"><\/p>\n<!-- \/wp:paragraph -->\n\n<!-- wp:paragraph {\"align\":\"center\",\"backgroundColor\":\"luminous-vivid-amber\",\"textColor\":\"black\",\"fontSize\":\"normal\"} -->\n<p class=\"has-text-align-center has-black-color has-luminous-vivid-amber-background-color has-text-color has-background has-normal-font-size\">                                                                                                 <strong>et<\/strong><\/p>\n<!-- \/wp:paragraph -->\n\n<!-- wp:paragraph {\"align\":\"center\",\"backgroundColor\":\"luminous-vivid-amber\",\"textColor\":\"black\",\"fontSize\":\"normal\"} -->\n<p class=\"has-text-align-center has-black-color has-luminous-vivid-amber-background-color has-text-color has-background has-normal-font-size\">                                             <strong>Tous les mercredis, jeudis, vendredis&nbsp;: Messe \u00e0 9 h \u00e0 Saint-Pierre d'Archiac<\/strong><\/p>\n<!-- \/wp:paragraph -->\n\n<!-- wp:paragraph {\"align\":\"center\",\"backgroundColor\":\"luminous-vivid-amber\",\"textColor\":\"black\",\"fontSize\":\"normal\"} -->\n<p class=\"has-text-align-center has-black-color has-luminous-vivid-amber-background-color has-text-color has-background has-normal-font-size\">                                                   <strong> 1\u00b0 mercredi du mois&nbsp;: Messe \u00e0 15 h \u00e0 la maison de retraite d\u2019Archiac<\/strong><\/p>\n<!-- \/wp:paragraph -->\n\n<!-- wp:paragraph -->\n<p><\/p>\n<!-- \/wp:paragraph -->","_et_gb_content_width":"","footnotes":""},"class_list":["post-5015","page","type-page","status-publish","hentry"],"_links":{"self":[{"href":"https:\/\/catholiques17.fr\/jonzac\/wp-json\/wp\/v2\/pages\/5015","targetHints":{"allow":["GET"]}}],"collection":[{"href":"https:\/\/catholiques17.fr\/jonzac\/wp-json\/wp\/v2\/pages"}],"about":[{"href":"https:\/\/catholiques17.fr\/jonzac\/wp-json\/wp\/v2\/types\/page"}],"author":[{"embeddable":true,"href":"https:\/\/catholiques17.fr\/jonzac\/wp-json\/wp\/v2\/users\/39"}],"replies":[{"embeddable":true,"href":"https:\/\/catholiques17.fr\/jonzac\/wp-json\/wp\/v2\/comments?post=5015"}],"version-history":[{"count":44,"href":"https:\/\/catholiques17.fr\/jonzac\/wp-json\/wp\/v2\/pages\/5015\/revisions"}],"predecessor-version":[{"id":11199,"href":"https:\/\/catholiques17.fr\/jonzac\/wp-json\/wp\/v2\/pages\/5015\/revisions\/11199"}],"up":[{"embeddable":true,"href":"https:\/\/catholiques17.fr\/jonzac\/wp-json\/wp\/v2\/pages\/5224"}],"wp:attachment":[{"href":"https:\/\/catholiques17.fr\/jonzac\/wp-json\/wp\/v2\/media?parent=5015"}],"curies":[{"name":"wp","href":"https:\/\/api.w.org\/{rel}","templated":true}]}}