{"id":7650,"date":"2022-12-13T09:44:10","date_gmt":"2022-12-13T08:44:10","guid":{"rendered":"https:\/\/catholiques17.fr\/ecochretiens17\/?page_id=7650"},"modified":"2025-02-26T16:07:58","modified_gmt":"2025-02-26T15:07:58","slug":"presentation","status":"publish","type":"page","link":"https:\/\/catholiques17.fr\/ecochretiens17\/ecologie-integrale\/presentation\/","title":{"rendered":"Pr\u00e9sentation"},"content":{"rendered":"<p>[et_pb_section fb_built=\u00a0\u00bb1&Prime; _builder_version=\u00a0\u00bb4.17.6&Prime; _module_preset=\u00a0\u00bbdefault\u00a0\u00bb custom_margin=\u00a0\u00bb-23px|||||\u00a0\u00bb custom_padding=\u00a0\u00bb15px|||||\u00a0\u00bb global_colors_info=\u00a0\u00bb{}\u00a0\u00bb theme_builder_area=\u00a0\u00bbpost_content\u00a0\u00bb][et_pb_row _builder_version=\u00a0\u00bb4.17.6&Prime; _module_preset=\u00a0\u00bbdefault\u00a0\u00bb custom_padding=\u00a0\u00bb5px|||||\u00a0\u00bb global_colors_info=\u00a0\u00bb{}\u00a0\u00bb theme_builder_area=\u00a0\u00bbpost_content\u00a0\u00bb][et_pb_column type=\u00a0\u00bb4_4&Prime; _builder_version=\u00a0\u00bb4.17.6&Prime; _module_preset=\u00a0\u00bbdefault\u00a0\u00bb global_colors_info=\u00a0\u00bb{}\u00a0\u00bb theme_builder_area=\u00a0\u00bbpost_content\u00a0\u00bb][et_pb_divider _builder_version=\u00a0\u00bb4.17.6&Prime; _module_preset=\u00a0\u00bbdefault\u00a0\u00bb global_colors_info=\u00a0\u00bb{}\u00a0\u00bb theme_builder_area=\u00a0\u00bbpost_content\u00a0\u00bb][\/et_pb_divider][\/et_pb_column][\/et_pb_row][et_pb_row _builder_version=\u00a0\u00bb4.17.6&Prime; _module_preset=\u00a0\u00bbdefault\u00a0\u00bb custom_padding=\u00a0\u00bb0px|||||\u00a0\u00bb global_colors_info=\u00a0\u00bb{}\u00a0\u00bb theme_builder_area=\u00a0\u00bbpost_content\u00a0\u00bb][et_pb_column type=\u00a0\u00bb4_4&Prime; _builder_version=\u00a0\u00bb4.17.6&Prime; _module_preset=\u00a0\u00bbdefault\u00a0\u00bb global_colors_info=\u00a0\u00bb{}\u00a0\u00bb theme_builder_area=\u00a0\u00bbpost_content\u00a0\u00bb][et_pb_text _builder_version=\u00a0\u00bb4.17.6&Prime; _module_preset=\u00a0\u00bbdefault\u00a0\u00bb global_colors_info=\u00a0\u00bb{}\u00a0\u00bb theme_builder_area=\u00a0\u00bbpost_content\u00a0\u00bb]<\/p>\n<h1 style=\"text-align: center\">Ecologie int\u00e9grale<\/h1>\n<p>[\/et_pb_text][\/et_pb_column][\/et_pb_row][et_pb_row _builder_version=\u00a0\u00bb4.17.6&Prime; _module_preset=\u00a0\u00bbdefault\u00a0\u00bb custom_padding=\u00a0\u00bb4px|||||\u00a0\u00bb global_colors_info=\u00a0\u00bb{}\u00a0\u00bb theme_builder_area=\u00a0\u00bbpost_content\u00a0\u00bb][et_pb_column type=\u00a0\u00bb4_4&Prime; _builder_version=\u00a0\u00bb4.17.6&Prime; _module_preset=\u00a0\u00bbdefault\u00a0\u00bb global_colors_info=\u00a0\u00bb{}\u00a0\u00bb theme_builder_area=\u00a0\u00bbpost_content\u00a0\u00bb][et_pb_divider _builder_version=\u00a0\u00bb4.17.6&Prime; _module_preset=\u00a0\u00bbdefault\u00a0\u00bb global_colors_info=\u00a0\u00bb{}\u00a0\u00bb theme_builder_area=\u00a0\u00bbpost_content\u00a0\u00bb][\/et_pb_divider][\/et_pb_column][\/et_pb_row][et_pb_row column_structure=\u00a0\u00bb2_5,3_5&Prime; _builder_version=\u00a0\u00bb4.17.6&Prime; _module_preset=\u00a0\u00bbdefault\u00a0\u00bb global_colors_info=\u00a0\u00bb{}\u00a0\u00bb theme_builder_area=\u00a0\u00bbpost_content\u00a0\u00bb][et_pb_column type=\u00a0\u00bb2_5&Prime; _builder_version=\u00a0\u00bb4.17.6&Prime; _module_preset=\u00a0\u00bbdefault\u00a0\u00bb global_colors_info=\u00a0\u00bb{}\u00a0\u00bb theme_builder_area=\u00a0\u00bbpost_content\u00a0\u00bb][et_pb_image src=\u00a0\u00bbhttps:\/\/catholiques17.fr\/ecochretiens17\/wp-content\/uploads\/sites\/31\/2022\/12\/earth-11015__340.jpg\u00a0\u00bb title_text=\u00a0\u00bbearth-11015__340&Prime; align=\u00a0\u00bbcenter\u00a0\u00bb _builder_version=\u00a0\u00bb4.17.6&Prime; _module_preset=\u00a0\u00bbdefault\u00a0\u00bb filter_brightness=\u00a0\u00bb101%\u00a0\u00bb filter_contrast=\u00a0\u00bb99%\u00a0\u00bb filter_opacity=\u00a0\u00bb95%\u00a0\u00bb animation_style=\u00a0\u00bbfade\u00a0\u00bb animation_duration=\u00a0\u00bb200ms\u00a0\u00bb animation_delay=\u00a0\u00bb1600ms\u00a0\u00bb animation_starting_opacity=\u00a0\u00bb58%\u00a0\u00bb border_radii=\u00a0\u00bbon|20px|20px|20px|20px\u00a0\u00bb border_color_all=\u00a0\u00bb#00C1A0&Prime; box_shadow_style=\u00a0\u00bbpreset1&Prime; box_shadow_vertical=\u00a0\u00bb0px\u00a0\u00bb box_shadow_blur=\u00a0\u00bb14px\u00a0\u00bb box_shadow_spread=\u00a0\u00bb21px\u00a0\u00bb global_colors_info=\u00a0\u00bb{}\u00a0\u00bb theme_builder_area=\u00a0\u00bbpost_content\u00a0\u00bb][\/et_pb_image][\/et_pb_column][et_pb_column type=\u00a0\u00bb3_5&Prime; _builder_version=\u00a0\u00bb4.17.6&Prime; _module_preset=\u00a0\u00bbdefault\u00a0\u00bb global_colors_info=\u00a0\u00bb{}\u00a0\u00bb theme_builder_area=\u00a0\u00bbpost_content\u00a0\u00bb][et_pb_text _builder_version=\u00a0\u00bb4.17.6&Prime; _module_preset=\u00a0\u00bbdefault\u00a0\u00bb custom_margin_tablet=\u00a0\u00bb\u00a0\u00bb custom_margin_phone=\u00a0\u00bb\u00a0\u00bb custom_margin_last_edited=\u00a0\u00bbon|desktop\u00a0\u00bb global_colors_info=\u00a0\u00bb{}\u00a0\u00bb theme_builder_area=\u00a0\u00bbpost_content\u00a0\u00bb]<\/p>\n<p><em>Rendez gr\u00e2ce au Seigneur, proclamez son nom, annoncez parmi les peuples ses hauts faits ;<\/em><\/p>\n<p><em>Chantez et jouez pour lui, redites sans fin ses merveilles ;<\/em><\/p>\n<p><em>Glorifiez-vous de son nom tr\u00e8s saint : joie pour les c\u0153urs qui cherchent Dieu !<\/em><\/p>\n<p><em>Cherchez le Seigneur et sa puissance, recherchez sans tr\u00eave sa face ;<\/em><\/p>\n<p><em>Souvenez-vous des merveilles qu&rsquo;il a faites, de ses prodiges, des jugements qu&rsquo;il pronon\u00e7a,<\/em><\/p>\n<p><em>Vous, la race d&rsquo;Abraham son serviteur, les fils de Jacob, qu&rsquo;il a choisis.<\/em><\/p>\n<p>[\/et_pb_text][et_pb_text _builder_version=\u00a0\u00bb4.17.6&Prime; _module_preset=\u00a0\u00bbdefault\u00a0\u00bb global_colors_info=\u00a0\u00bb{}\u00a0\u00bb theme_builder_area=\u00a0\u00bbpost_content\u00a0\u00bb]<\/p>\n<p style=\"text-align: center\"><span style=\"color: #008080\"><em>Psaume 104<\/em><\/span><\/p>\n<p>[\/et_pb_text][\/et_pb_column][\/et_pb_row][et_pb_row _builder_version=\u00a0\u00bb4.17.6&Prime; _module_preset=\u00a0\u00bbdefault\u00a0\u00bb global_colors_info=\u00a0\u00bb{}\u00a0\u00bb theme_builder_area=\u00a0\u00bbpost_content\u00a0\u00bb][et_pb_column type=\u00a0\u00bb4_4&Prime; _builder_version=\u00a0\u00bb4.17.6&Prime; _module_preset=\u00a0\u00bbdefault\u00a0\u00bb global_colors_info=\u00a0\u00bb{}\u00a0\u00bb theme_builder_area=\u00a0\u00bbpost_content\u00a0\u00bb][et_pb_testimonial author=\u00a0\u00bbPape Fran\u00e7ois\u00a0\u00bb portrait_url=\u00a0\u00bbhttps:\/\/catholiques17.fr\/ecochretiens17\/wp-content\/uploads\/sites\/31\/2022\/12\/Pope_Francis_Korea_Haemi_Castle_19.jpeg\u00a0\u00bb _builder_version=\u00a0\u00bb4.17.6&Prime; _module_preset=\u00a0\u00bbdefault\u00a0\u00bb hover_enabled=\u00a0\u00bb0&Prime; global_colors_info=\u00a0\u00bb{}\u00a0\u00bb theme_builder_area=\u00a0\u00bbpost_content\u00a0\u00bb sticky_enabled=\u00a0\u00bb0&Prime;]<\/p>\n<p><em>La \u2018Charte de la terre\u2019 (travaill\u00e9e et avalis\u00e9e par des organisations repr\u00e9sentant des millions de personnes, sign\u00e9e \u00e0 l\u2019UNESCO en mars 2000) nous invitait tous \u00e0 tourner le dos \u00e0 une \u00e9tape d\u2019autodestruction et \u00e0 prendre un nouveau d\u00e9part, mais nous n\u2019avons pas encore d\u00e9velopp\u00e9 une conscience universelle qui le rende possible. Voil\u00e0 pourquoi j\u2019ose proposer de nouveau ce beau d\u00e9fi\u00a0:\u00a0\u00ab\u00a0Comme jamais auparavant dans l\u2019histoire, notre destin commun nous invite \u00e0 chercher un nouveau commencement (\u2026) faisons en sorte que notre \u00e9poque soit reconnue dans l\u2019histoire comme celle de l\u2019\u00e9veil d\u2019une nouvelle forme d\u2019hommage \u00e0 la vie, d\u2019une ferme r\u00e9solution d\u2019atteindre la durabilit\u00e9, de l\u2019acc\u00e9l\u00e9ration de la lutte pour la justice et la paix et de l\u2019heureuse c\u00e9l\u00e9bration de la vie\u00a0\u00bb. (Extrait Laudato Si\u2019. 207)<\/em><\/p>\n<p><em>\u00a0<\/em><em>\u00c9tant donn\u00e9 que tout est intimement li\u00e9, et que les probl\u00e8mes actuels requi\u00e8rent un regard qui tienne compte de tous les aspects de la crise mondiale, je propose \u00e0 pr\u00e9sent que nous nous arr\u00eations pour penser aux diverses composantes d\u2019une \u00e9cologie int\u00e9grale, qui a clairement des dimensions humaines et sociales. (LS 137.)<\/em><\/p>\n<p><em>\u00a0<\/em><em>On ne b\u00e2tira l\u2019avenir qu\u2019en \u00e9tant soud\u00e9s, il n\u2019y aura pas de renouvellement de notre lien \u00e0 la nature sans renouvellement de l\u2019humanit\u00e9 elle-m\u00eame.<\/em><\/p>\n<p>[\/et_pb_testimonial][\/et_pb_column][\/et_pb_row][et_pb_row _builder_version=\u00a0\u00bb4.17.6&Prime; _module_preset=\u00a0\u00bbdefault\u00a0\u00bb global_colors_info=\u00a0\u00bb{}\u00a0\u00bb theme_builder_area=\u00a0\u00bbpost_content\u00a0\u00bb][et_pb_column type=\u00a0\u00bb4_4&Prime; _builder_version=\u00a0\u00bb4.17.6&Prime; _module_preset=\u00a0\u00bbdefault\u00a0\u00bb global_colors_info=\u00a0\u00bb{}\u00a0\u00bb theme_builder_area=\u00a0\u00bbpost_content\u00a0\u00bb][et_pb_text _builder_version=\u00a0\u00bb4.17.6&Prime; _module_preset=\u00a0\u00bbdefault\u00a0\u00bb global_colors_info=\u00a0\u00bb{}\u00a0\u00bb theme_builder_area=\u00a0\u00bbpost_content\u00a0\u00bb]<\/p>\n<p>Ces extraits de <strong>Laudato Si\u2019,<\/strong> r\u00e9dig\u00e9 en 2015, sont toujours d\u2019une grande actualit\u00e9 et pertinence. Nous chr\u00e9tiens o\u00f9 en sommes-nous au regard des informations alarmantes sur l\u2019\u00e9tat de notre plan\u00e8te\u00a0?<\/p>\n<p>Le don de la cr\u00e9ation, le don de la vie ne peut pas \u00eatre \u00e0 notre seul profit imm\u00e9diat, nos enfants h\u00e9riteront de notre travail, de nos actions men\u00e9es. Notre terre souffre, si nous ne voulons pas subir les \u00e9volutions ou r\u00e9volutions de nos soci\u00e9t\u00e9s \u00e0 venir, choisissons d\u2019en \u00eatre acteur aujourd\u2019hui \u00e0 notre niveau de comp\u00e9tence, de responsabilit\u00e9.<\/p>\n<p>Nos engagements de femmes, d\u2019hommes dans le sens de la vie, de l\u2019amour de la terre et de notre prochain, amour de Dieu et respect de soi-m\u00eame, sont le ferment d\u2019un monde plus beau, plus juste.<\/p>\n<p>[\/et_pb_text][\/et_pb_column][\/et_pb_row][et_pb_row _builder_version=\u00a0\u00bb4.27.4&Prime; _module_preset=\u00a0\u00bbdefault\u00a0\u00bb theme_builder_area=\u00a0\u00bbpost_content\u00a0\u00bb][et_pb_column _builder_version=\u00a0\u00bb4.27.4&Prime; _module_preset=\u00a0\u00bbdefault\u00a0\u00bb type=\u00a0\u00bb4_4&Prime; theme_builder_area=\u00a0\u00bbpost_content\u00a0\u00bb][et_pb_divider _builder_version=\u00a0\u00bb4.27.4&Prime; _module_preset=\u00a0\u00bbdefault\u00a0\u00bb theme_builder_area=\u00a0\u00bbpost_content\u00a0\u00bb hover_enabled=\u00a0\u00bb0&Prime; sticky_enabled=\u00a0\u00bb0&Prime;][\/et_pb_divider][\/et_pb_column][\/et_pb_row][et_pb_row _builder_version=\u00a0\u00bb4.27.4&Prime; _module_preset=\u00a0\u00bbdefault\u00a0\u00bb theme_builder_area=\u00a0\u00bbpost_content\u00a0\u00bb][et_pb_column _builder_version=\u00a0\u00bb4.27.4&Prime; _module_preset=\u00a0\u00bbdefault\u00a0\u00bb type=\u00a0\u00bb4_4&Prime; theme_builder_area=\u00a0\u00bbpost_content\u00a0\u00bb][et_pb_text _builder_version=\u00a0\u00bb4.27.4&Prime; _module_preset=\u00a0\u00bbdefault\u00a0\u00bb theme_builder_area=\u00a0\u00bbpost_content\u00a0\u00bb]<\/p>\n<h4>En janvier 2025 les participants \u00e0 la journ\u00e9e nationale de R\u00e9f\u00e9rents \u00e0 l&rsquo;Ecologie Int\u00e9grale choisissent une d\u00e9finition:<\/h4>\n<p><em>L&rsquo;\u00e9cologie int\u00e9grale est un art de vivre qui nous invite \u00e0 nourrir des relations justes et harmonieuses avec les autres, avec Dieu, avec le monde cr\u00e9\u00e9 et soi-m\u00eame, pour red\u00e9couvrir que \u00ab\u00a0<strong>cela est bon<\/strong>\u00ab\u00a0.<\/em><\/p>\n<p>[\/et_pb_text][\/et_pb_column][\/et_pb_row][\/et_pb_section]<\/p>\n","protected":false},"excerpt":{"rendered":"<p>Ecologie int\u00e9graleRendez gr\u00e2ce au Seigneur, proclamez son nom, annoncez parmi les peuples ses hauts faits ; Chantez et jouez pour lui, redites sans fin ses merveilles ; Glorifiez-vous de son [&hellip;]<\/p>\n","protected":false},"author":4,"featured_media":0,"parent":7534,"menu_order":0,"comment_status":"closed","ping_status":"closed","template":"","meta":{"_et_pb_use_builder":"on","_et_pb_old_content":"","_et_gb_content_width":"","footnotes":""},"class_list":["post-7650","page","type-page","status-publish","hentry"],"_links":{"self":[{"href":"https:\/\/catholiques17.fr\/ecochretiens17\/wp-json\/wp\/v2\/pages\/7650","targetHints":{"allow":["GET"]}}],"collection":[{"href":"https:\/\/catholiques17.fr\/ecochretiens17\/wp-json\/wp\/v2\/pages"}],"about":[{"href":"https:\/\/catholiques17.fr\/ecochretiens17\/wp-json\/wp\/v2\/types\/page"}],"author":[{"embeddable":true,"href":"https:\/\/catholiques17.fr\/ecochretiens17\/wp-json\/wp\/v2\/users\/4"}],"replies":[{"embeddable":true,"href":"https:\/\/catholiques17.fr\/ecochretiens17\/wp-json\/wp\/v2\/comments?post=7650"}],"version-history":[{"count":11,"href":"https:\/\/catholiques17.fr\/ecochretiens17\/wp-json\/wp\/v2\/pages\/7650\/revisions"}],"predecessor-version":[{"id":8313,"href":"https:\/\/catholiques17.fr\/ecochretiens17\/wp-json\/wp\/v2\/pages\/7650\/revisions\/8313"}],"up":[{"embeddable":true,"href":"https:\/\/catholiques17.fr\/ecochretiens17\/wp-json\/wp\/v2\/pages\/7534"}],"wp:attachment":[{"href":"https:\/\/catholiques17.fr\/ecochretiens17\/wp-json\/wp\/v2\/media?parent=7650"}],"curies":[{"name":"wp","href":"https:\/\/api.w.org\/{rel}","templated":true}]}}