{"id":7633,"date":"2022-10-25T11:48:42","date_gmt":"2022-10-25T09:48:42","guid":{"rendered":"https:\/\/catholiques17.fr\/ecochretiens17\/?page_id=7633"},"modified":"2026-03-06T15:57:59","modified_gmt":"2026-03-06T14:57:59","slug":"videos","status":"publish","type":"page","link":"https:\/\/catholiques17.fr\/ecochretiens17\/ressources\/videos\/","title":{"rendered":"Vid\u00e9os"},"content":{"rendered":"<p>[et_pb_section fb_built=\u00a0\u00bb1&Prime; _builder_version=\u00a0\u00bb4.17.6&Prime; _module_preset=\u00a0\u00bbdefault\u00a0\u00bb custom_padding=\u00a0\u00bb6px|||||\u00a0\u00bb global_colors_info=\u00a0\u00bb{}\u00a0\u00bb theme_builder_area=\u00a0\u00bbpost_content\u00a0\u00bb][et_pb_row _builder_version=\u00a0\u00bb4.17.6&Prime; _module_preset=\u00a0\u00bbdefault\u00a0\u00bb custom_padding=\u00a0\u00bb6px|||||\u00a0\u00bb global_colors_info=\u00a0\u00bb{}\u00a0\u00bb theme_builder_area=\u00a0\u00bbpost_content\u00a0\u00bb][et_pb_column type=\u00a0\u00bb4_4&Prime; _builder_version=\u00a0\u00bb4.17.6&Prime; _module_preset=\u00a0\u00bbdefault\u00a0\u00bb global_colors_info=\u00a0\u00bb{}\u00a0\u00bb theme_builder_area=\u00a0\u00bbpost_content\u00a0\u00bb][et_pb_image src=\u00a0\u00bbhttps:\/\/catholiques17.fr\/ecochretiens17\/wp-content\/uploads\/sites\/31\/2023\/01\/photography-2751464__340.jpg\u00a0\u00bb title_text=\u00a0\u00bbphotography-2751464__340&Prime; align=\u00a0\u00bbcenter\u00a0\u00bb _builder_version=\u00a0\u00bb4.17.6&Prime; _module_preset=\u00a0\u00bbdefault\u00a0\u00bb background_color=\u00a0\u00bb#FFFFFF\u00a0\u00bb animation_style=\u00a0\u00bbslide\u00a0\u00bb animation_duration=\u00a0\u00bb1700ms\u00a0\u00bb animation_delay=\u00a0\u00bb1300ms\u00a0\u00bb animation_intensity_slide=\u00a0\u00bb81%\u00a0\u00bb animation_starting_opacity=\u00a0\u00bb22%\u00a0\u00bb border_radii=\u00a0\u00bbon|20px|20px|20px|20px\u00a0\u00bb global_colors_info=\u00a0\u00bb{}\u00a0\u00bb theme_builder_area=\u00a0\u00bbpost_content\u00a0\u00bb][\/et_pb_image][\/et_pb_column][\/et_pb_row][et_pb_row _builder_version=\u00a0\u00bb4.17.6&Prime; _module_preset=\u00a0\u00bbdefault\u00a0\u00bb global_colors_info=\u00a0\u00bb{}\u00a0\u00bb theme_builder_area=\u00a0\u00bbpost_content\u00a0\u00bb][et_pb_column type=\u00a0\u00bb4_4&Prime; _builder_version=\u00a0\u00bb4.17.6&Prime; _module_preset=\u00a0\u00bbdefault\u00a0\u00bb global_colors_info=\u00a0\u00bb{}\u00a0\u00bb theme_builder_area=\u00a0\u00bbpost_content\u00a0\u00bb][et_pb_text _builder_version=\u00a0\u00bb4.17.6&Prime; _module_preset=\u00a0\u00bbdefault\u00a0\u00bb custom_margin=\u00a0\u00bb38px||17px|||\u00a0\u00bb global_colors_info=\u00a0\u00bb{}\u00a0\u00bb theme_builder_area=\u00a0\u00bbpost_content\u00a0\u00bb]<\/p>\n<h2><strong>Film \u00ab\u00a0Tout est li\u00e9\u00a0\u00bb<\/strong><\/h2>\n<p>[\/et_pb_text][et_pb_text _builder_version=\u00a0\u00bb4.17.6&Prime; _module_preset=\u00a0\u00bbdefault\u00a0\u00bb custom_margin=\u00a0\u00bb20px|||||\u00a0\u00bb global_colors_info=\u00a0\u00bb{}\u00a0\u00bb theme_builder_area=\u00a0\u00bbpost_content\u00a0\u00bb]<\/p>\n<p><span>Produit dans le cadre de la saison Africa 2020, le film \u00ab\u00a0Tout est li\u00e9\u00a0\u00bb est un court m\u00e9trage de Nadine Otsobogo,\u00a0qui illustre un message : nous sommes tous sur une m\u00eame Terre, intimement li\u00e9s par des probl\u00e9matiques environnementales partag\u00e9es, notamment face \u00e0 un oc\u00e9an en mouvement\u2026<\/span><\/p>\n<p><span style=\"text-decoration: underline\">Synopsis du film<\/span> : Adira, enseignante de SVT \u00e0 Libreville, la capitale, aborde la question du r\u00e9chauffement climatique dans un cours avec ses \u00e9l\u00e8ves. A l\u2019issue de son travail, elle rejoint sa m\u00e8re au village du Cap Babana, sur le littoral, pour un mariage\u00a0; elle y accompagne Puna, 12 ans, qui va y retrouver ses grands-parents et participer \u00e0 la f\u00eate. Au village, les chefs de famille se r\u00e9unissent\u00a0: le sous-pr\u00e9fet a envoy\u00e9 une lettre\u00a0pour alerter sur les risques de submersion de la zone et inviter \u00e0 une mobilisation rapide des citoyens. Tandis que les femmes nettoient les d\u00e9chets de la plage avant l\u2019\u00e9closion des \u0153ufs des tortues et que les hommes font face \u00e0 une p\u00eache de plus en plus difficile, Puna mobilise ses copains pour tenter de sauver la tortue qui doit \u00eatre offerte en dot \u00e0 la famille de la mari\u00e9e et Adira s\u2019invite \u00e0 l\u2019assembl\u00e9e des hommes. Le village est invit\u00e9 \u00e0 se r\u00e9inventer pour concilier la pr\u00e9servation de ses traditions et celle, vitale, de son environnement.<\/p>\n<p>[\/et_pb_text][et_pb_video src=\u00a0\u00bbhttps:\/\/www.youtube.com\/watch?v=RGQG37kVXi8&Prime; _builder_version=\u00a0\u00bb4.17.6&Prime; _module_preset=\u00a0\u00bbdefault\u00a0\u00bb global_colors_info=\u00a0\u00bb{}\u00a0\u00bb theme_builder_area=\u00a0\u00bbpost_content\u00a0\u00bb][\/et_pb_video][\/et_pb_column][\/et_pb_row][et_pb_row _builder_version=\u00a0\u00bb4.17.6&Prime; _module_preset=\u00a0\u00bbdefault\u00a0\u00bb global_colors_info=\u00a0\u00bb{}\u00a0\u00bb theme_builder_area=\u00a0\u00bbpost_content\u00a0\u00bb][et_pb_column type=\u00a0\u00bb4_4&Prime; _builder_version=\u00a0\u00bb4.17.6&Prime; _module_preset=\u00a0\u00bbdefault\u00a0\u00bb global_colors_info=\u00a0\u00bb{}\u00a0\u00bb theme_builder_area=\u00a0\u00bbpost_content\u00a0\u00bb][et_pb_divider _builder_version=\u00a0\u00bb4.17.6&Prime; _module_preset=\u00a0\u00bbdefault\u00a0\u00bb global_colors_info=\u00a0\u00bb{}\u00a0\u00bb theme_builder_area=\u00a0\u00bbpost_content\u00a0\u00bb][\/et_pb_divider][\/et_pb_column][\/et_pb_row][et_pb_row _builder_version=\u00a0\u00bb4.17.6&Prime; _module_preset=\u00a0\u00bbdefault\u00a0\u00bb custom_padding=\u00a0\u00bb11px||5px|||\u00a0\u00bb global_colors_info=\u00a0\u00bb{}\u00a0\u00bb theme_builder_area=\u00a0\u00bbpost_content\u00a0\u00bb][et_pb_column type=\u00a0\u00bb4_4&Prime; _builder_version=\u00a0\u00bb4.17.6&Prime; _module_preset=\u00a0\u00bbdefault\u00a0\u00bb global_colors_info=\u00a0\u00bb{}\u00a0\u00bb theme_builder_area=\u00a0\u00bbpost_content\u00a0\u00bb][et_pb_text _builder_version=\u00a0\u00bb4.17.6&Prime; _module_preset=\u00a0\u00bbdefault\u00a0\u00bb global_colors_info=\u00a0\u00bb{}\u00a0\u00bb theme_builder_area=\u00a0\u00bbpost_content\u00a0\u00bb]<\/p>\n<h2><strong>Film \u00ab\u00a0The letter\u00a0\u00bb<\/strong><\/h2>\n<p>[\/et_pb_text][\/et_pb_column][\/et_pb_row][et_pb_row _builder_version=\u00a0\u00bb4.17.6&Prime; _module_preset=\u00a0\u00bbdefault\u00a0\u00bb custom_padding=\u00a0\u00bb5px|||||\u00a0\u00bb global_colors_info=\u00a0\u00bb{}\u00a0\u00bb theme_builder_area=\u00a0\u00bbpost_content\u00a0\u00bb][et_pb_column type=\u00a0\u00bb4_4&Prime; _builder_version=\u00a0\u00bb4.17.6&Prime; _module_preset=\u00a0\u00bbdefault\u00a0\u00bb global_colors_info=\u00a0\u00bb{}\u00a0\u00bb theme_builder_area=\u00a0\u00bbpost_content\u00a0\u00bb][et_pb_text _builder_version=\u00a0\u00bb4.17.6&Prime; _module_preset=\u00a0\u00bbdefault\u00a0\u00bb global_colors_info=\u00a0\u00bb{}\u00a0\u00bb theme_builder_area=\u00a0\u00bbpost_content\u00a0\u00bb]<\/p>\n<p><span dir=\"auto\" class=\"style-scope yt-formatted-string\">En 2015, le pape Fran\u00e7ois a \u00e9crit Laudato Si\u2019 (La Lettre), une lettre encyclique sur la crise environnementale, \u00e0 chaque personne dans le monde. Quelques ann\u00e9es plus tard, quatre voix qui n&rsquo;avaient pas \u00e9t\u00e9 entendues dans les conversations mondiales ont \u00e9t\u00e9 invit\u00e9es \u00e0 un dialogue sans pr\u00e9c\u00e9dent avec le pape. Originaires du S\u00e9n\u00e9gal, de l&rsquo;Amazonie, de l&rsquo;Inde et d&rsquo;Hawa\u00ef, elles apportent la perspective et les solutions des pauvres, des autochtones, des jeunes et de la faune dans une conversation avec le pape Fran\u00e7ois lui-m\u00eame. Ce documentaire suit leur voyage \u00e0 Rome et les exp\u00e9riences extraordinaires qui s&rsquo;y sont d\u00e9roul\u00e9es, et regorge d&rsquo;histoires personnelles incroyablement \u00e9mouvantes. Il propose aussi les derni\u00e8res informations sur la crise plan\u00e9taire et ses ravages sur la nature et les gens. Apprenez-en plus sur les protagonistes et comment vous pouvez agir sur <\/span><a class=\"yt-simple-endpoint style-scope yt-formatted-string\" href=\"https:\/\/www.youtube.com\/redirect?event=video_description&amp;redir_token=QUFFLUhqbTZwSVNTWTc2QzdqTHN6ai1fUzI3c0N1ZEFCQXxBQ3Jtc0tsWDByR2ZnMnB6Rm5EMGNPTTFtRHZpZ3RYYlV2TG0zbGdtNFlJeWJFU1R2RlpGcVlocWx4ZkpvQnY4MUtlQ3BoUUFEWUNSXzdTaHAxVzluLVpOVGFHQktvdnBvUDhqMmNXTWQ2M2U2TldpTkwzZ21iWQ&amp;q=https%3A%2F%2FTheLetterFilm.org%2F&amp;v=Rps9bs85BII\" rel=\"nofollow noopener\" target=\"_blank\" dir=\"auto\">https:\/\/TheLetterFilm.org<\/a>\u00a0<\/p>\n<p>[\/et_pb_text][\/et_pb_column][\/et_pb_row][et_pb_row _builder_version=\u00a0\u00bb4.17.6&Prime; _module_preset=\u00a0\u00bbdefault\u00a0\u00bb global_colors_info=\u00a0\u00bb{}\u00a0\u00bb theme_builder_area=\u00a0\u00bbpost_content\u00a0\u00bb][et_pb_column type=\u00a0\u00bb4_4&Prime; _builder_version=\u00a0\u00bb4.17.6&Prime; _module_preset=\u00a0\u00bbdefault\u00a0\u00bb global_colors_info=\u00a0\u00bb{}\u00a0\u00bb theme_builder_area=\u00a0\u00bbpost_content\u00a0\u00bb][et_pb_video src=\u00a0\u00bbhttps:\/\/youtu.be\/Rps9bs85BII\u00a0\u00bb _builder_version=\u00a0\u00bb4.17.6&Prime; _module_preset=\u00a0\u00bbdefault\u00a0\u00bb global_colors_info=\u00a0\u00bb{}\u00a0\u00bb theme_builder_area=\u00a0\u00bbpost_content\u00a0\u00bb][\/et_pb_video][\/et_pb_column][\/et_pb_row][et_pb_row _builder_version=\u00a0\u00bb4.17.6&Prime; _module_preset=\u00a0\u00bbdefault\u00a0\u00bb global_colors_info=\u00a0\u00bb{}\u00a0\u00bb theme_builder_area=\u00a0\u00bbpost_content\u00a0\u00bb][et_pb_column type=\u00a0\u00bb4_4&Prime; _builder_version=\u00a0\u00bb4.17.6&Prime; _module_preset=\u00a0\u00bbdefault\u00a0\u00bb global_colors_info=\u00a0\u00bb{}\u00a0\u00bb theme_builder_area=\u00a0\u00bbpost_content\u00a0\u00bb][et_pb_divider _builder_version=\u00a0\u00bb4.17.6&Prime; _module_preset=\u00a0\u00bbdefault\u00a0\u00bb global_colors_info=\u00a0\u00bb{}\u00a0\u00bb theme_builder_area=\u00a0\u00bbpost_content\u00a0\u00bb][\/et_pb_divider][\/et_pb_column][\/et_pb_row][et_pb_row _builder_version=\u00a0\u00bb4.17.6&Prime; _module_preset=\u00a0\u00bbdefault\u00a0\u00bb global_colors_info=\u00a0\u00bb{}\u00a0\u00bb theme_builder_area=\u00a0\u00bbpost_content\u00a0\u00bb][et_pb_column type=\u00a0\u00bb4_4&Prime; _builder_version=\u00a0\u00bb4.17.6&Prime; _module_preset=\u00a0\u00bbdefault\u00a0\u00bb global_colors_info=\u00a0\u00bb{}\u00a0\u00bb theme_builder_area=\u00a0\u00bbpost_content\u00a0\u00bb][et_pb_text _builder_version=\u00a0\u00bb4.17.6&Prime; _module_preset=\u00a0\u00bbdefault\u00a0\u00bb global_colors_info=\u00a0\u00bb{}\u00a0\u00bb theme_builder_area=\u00a0\u00bbpost_content\u00a0\u00bb]<\/p>\n<div class=\"row\">\n<div class=\"col-12 col-xl-8\">\n<h1>\u00c9cologie, le nouveau souffle de l\u2019\u00c9glise ?<\/h1>\n<p><small class=\"date\">13\/02\/2023<\/small><\/p>\n<\/div>\n<div class=\"col-12 col-xl-4\"><\/div>\n<\/div>\n<div class=\"row\">\n<div class=\"col-12 col-xl-8\">\n<p>On a longtemps reproch\u00e9 au christianisme d\u2019\u00eatre \u00e0 l\u2019origine d\u2019une conception brutale de la ma\u00eetrise de la nature puisque le premier livre de la Bible, la Gen\u00e8se, ordonne \u00e0 l\u2019homme de \u00ab soumettre la terre \u00bb. Pourtant, l\u2019Encyclique Laudato si du pape Fran\u00e7ois rappelle la dignit\u00e9 de la nature \u00ab oeuvre sacr\u00e9e de Dieu \u00bb. Comment alors concilier ce commandement de Dieu de dominer la cr\u00e9ation tout en la respectant comme le reflet du Cr\u00e9ateur ? Cette dialectique qui n\u2019a cess\u00e9 de traverser l\u2019\u00c9glise se traduit concr\u00e8tement, aujourd\u2019hui, par l\u2019inscription au sommet de l\u2019agenda des priorit\u00e9s de la question environnementale. Pour de nombreux chr\u00e9tiens engag\u00e9s, elle est une valeur autant politique que religieuse et devient l\u2019objet principal de leur combat. Qui sont ces chr\u00e9tiens qui s\u2019engagent pour l\u2019environnement ? Quels sont leurs points communs ? Leurs diff\u00e9rences ? Pour y r\u00e9pondre, ce documentaire va \u00e0 la rencontre de Laura Morosini \u00e0 la t\u00eate \u00ab d\u2019\u00c9glise Verte \u00bb, Arnaud, militant dans le mouvement \u00ab Extinction R\u00e9bellion \u00bb ou Cl\u00e9mence d\u00e9l\u00e9gu\u00e9e municipale \u00e0 Poitiers&#8230; Autant d\u2019exemples de prises de position qui montrent qu\u2019en faisant bouger les lignes, l\u2019\u00e9cologie pourrait \u00eatre le nouveau souffle de l\u2019\u00c9glise. Une coproduction KTO\/PARCE QUE PRODUCTION 2023 &#8211; R\u00e9alis\u00e9e par Matthieu Saintenac<\/p>\n<p><a href=\"https:\/\/www.ktotv.com\/video\/00358537\/ecologie-le-nouveau-souffle-de-leglise\">https:\/\/www.ktotv.com\/video\/00358537\/ecologie-le-nouveau-souffle-de-leglise<\/a>\u00a0<\/p>\n<\/div>\n<\/div>\n<p>[\/et_pb_text][\/et_pb_column][\/et_pb_row][et_pb_row _builder_version=\u00a0\u00bb4.17.6&Prime; _module_preset=\u00a0\u00bbdefault\u00a0\u00bb global_colors_info=\u00a0\u00bb{}\u00a0\u00bb theme_builder_area=\u00a0\u00bbpost_content\u00a0\u00bb][et_pb_column type=\u00a0\u00bb4_4&Prime; _builder_version=\u00a0\u00bb4.17.6&Prime; _module_preset=\u00a0\u00bbdefault\u00a0\u00bb global_colors_info=\u00a0\u00bb{}\u00a0\u00bb theme_builder_area=\u00a0\u00bbpost_content\u00a0\u00bb][et_pb_divider _builder_version=\u00a0\u00bb4.17.6&Prime; _module_preset=\u00a0\u00bbdefault\u00a0\u00bb global_colors_info=\u00a0\u00bb{}\u00a0\u00bb theme_builder_area=\u00a0\u00bbpost_content\u00a0\u00bb][\/et_pb_divider][\/et_pb_column][\/et_pb_row][et_pb_row _builder_version=\u00a0\u00bb4.21.0&Prime; _module_preset=\u00a0\u00bbdefault\u00a0\u00bb global_colors_info=\u00a0\u00bb{}\u00a0\u00bb theme_builder_area=\u00a0\u00bbpost_content\u00a0\u00bb][et_pb_column type=\u00a0\u00bb4_4&Prime; _builder_version=\u00a0\u00bb4.21.0&Prime; _module_preset=\u00a0\u00bbdefault\u00a0\u00bb global_colors_info=\u00a0\u00bb{}\u00a0\u00bb theme_builder_area=\u00a0\u00bbpost_content\u00a0\u00bb][et_pb_text _builder_version=\u00a0\u00bb4.21.0&Prime; _module_preset=\u00a0\u00bbdefault\u00a0\u00bb global_colors_info=\u00a0\u00bb{}\u00a0\u00bb theme_builder_area=\u00a0\u00bbpost_content\u00a0\u00bb]<\/p>\n<p><a href=\"https:\/\/desarbresquimarchent.com\/\">https:\/\/desarbresquimarchent.com\/<\/a> \u00ab\u00a0Des arbres qui marchent\u00a0\u00bb est un projet initi\u00e9 par le Mouvement pour un Monde Meilleur.<\/p>\n<p>[\/et_pb_text][\/et_pb_column][\/et_pb_row][et_pb_row _builder_version=\u00a0\u00bb4.21.0&Prime; _module_preset=\u00a0\u00bbdefault\u00a0\u00bb global_colors_info=\u00a0\u00bb{}\u00a0\u00bb theme_builder_area=\u00a0\u00bbpost_content\u00a0\u00bb][et_pb_column type=\u00a0\u00bb4_4&Prime; _builder_version=\u00a0\u00bb4.21.0&Prime; _module_preset=\u00a0\u00bbdefault\u00a0\u00bb global_colors_info=\u00a0\u00bb{}\u00a0\u00bb theme_builder_area=\u00a0\u00bbpost_content\u00a0\u00bb][et_pb_divider _builder_version=\u00a0\u00bb4.21.0&Prime; _module_preset=\u00a0\u00bbdefault\u00a0\u00bb global_colors_info=\u00a0\u00bb{}\u00a0\u00bb theme_builder_area=\u00a0\u00bbpost_content\u00a0\u00bb][\/et_pb_divider][\/et_pb_column][\/et_pb_row][et_pb_row _builder_version=\u00a0\u00bb4.27.5&Prime; _module_preset=\u00a0\u00bbdefault\u00a0\u00bb theme_builder_area=\u00a0\u00bbpost_content\u00a0\u00bb][et_pb_column _builder_version=\u00a0\u00bb4.27.5&Prime; _module_preset=\u00a0\u00bbdefault\u00a0\u00bb type=\u00a0\u00bb4_4&Prime; theme_builder_area=\u00a0\u00bbpost_content\u00a0\u00bb][et_pb_text _builder_version=\u00a0\u00bb4.27.5&Prime; _module_preset=\u00a0\u00bbdefault\u00a0\u00bb theme_builder_area=\u00a0\u00bbpost_content\u00a0\u00bb]<\/p>\n<p><a href=\"https:\/\/clameurs-lawebserie.fr\">https:\/\/clameurs-lawebserie.fr<\/a>. S\u00e9rie \u00e0 regarder sans mod\u00e9ration, pertinente, dr\u00f4le , intelligente &#8230;<\/p>\n<p>[\/et_pb_text][\/et_pb_column][\/et_pb_row][\/et_pb_section]<\/p>\n","protected":false},"excerpt":{"rendered":"<p>Film \u00ab\u00a0Tout est li\u00e9\u00a0\u00bbProduit dans le cadre de la saison Africa 2020, le film \u00ab\u00a0Tout est li\u00e9\u00a0\u00bb est un court m\u00e9trage de Nadine Otsobogo,\u00a0qui illustre un message : nous sommes [&hellip;]<\/p>\n","protected":false},"author":4,"featured_media":0,"parent":7554,"menu_order":0,"comment_status":"closed","ping_status":"closed","template":"","meta":{"_et_pb_use_builder":"on","_et_pb_old_content":"","_et_gb_content_width":"","footnotes":""},"class_list":["post-7633","page","type-page","status-publish","hentry"],"_links":{"self":[{"href":"https:\/\/catholiques17.fr\/ecochretiens17\/wp-json\/wp\/v2\/pages\/7633","targetHints":{"allow":["GET"]}}],"collection":[{"href":"https:\/\/catholiques17.fr\/ecochretiens17\/wp-json\/wp\/v2\/pages"}],"about":[{"href":"https:\/\/catholiques17.fr\/ecochretiens17\/wp-json\/wp\/v2\/types\/page"}],"author":[{"embeddable":true,"href":"https:\/\/catholiques17.fr\/ecochretiens17\/wp-json\/wp\/v2\/users\/4"}],"replies":[{"embeddable":true,"href":"https:\/\/catholiques17.fr\/ecochretiens17\/wp-json\/wp\/v2\/comments?post=7633"}],"version-history":[{"count":11,"href":"https:\/\/catholiques17.fr\/ecochretiens17\/wp-json\/wp\/v2\/pages\/7633\/revisions"}],"predecessor-version":[{"id":8375,"href":"https:\/\/catholiques17.fr\/ecochretiens17\/wp-json\/wp\/v2\/pages\/7633\/revisions\/8375"}],"up":[{"embeddable":true,"href":"https:\/\/catholiques17.fr\/ecochretiens17\/wp-json\/wp\/v2\/pages\/7554"}],"wp:attachment":[{"href":"https:\/\/catholiques17.fr\/ecochretiens17\/wp-json\/wp\/v2\/media?parent=7633"}],"curies":[{"name":"wp","href":"https:\/\/api.w.org\/{rel}","templated":true}]}}