{"id":10605,"date":"2026-04-25T14:49:46","date_gmt":"2026-04-25T12:49:46","guid":{"rendered":"https:\/\/catholiques17.fr\/chatelaillon\/?post_type=tribe_events&#038;p=10605"},"modified":"2026-04-25T14:49:46","modified_gmt":"2026-04-25T12:49:46","slug":"formation-sur-leucharistie-a-saintes","status":"publish","type":"tribe_events","link":"https:\/\/catholiques17.fr\/chatelaillon\/event\/formation-sur-leucharistie-a-saintes\/","title":{"rendered":"Formation sur l&rsquo;Eucharistie \u00e0 Saintes"},"content":{"rendered":"<p>\u00ab<em> J\u00e9sus dans l&rsquo;Eucharistie se rend proche de nous: ne laissons pas seuls ceux qui nous sont proches!<\/em> \u00bb <strong>Pape\u00a0Fran\u00e7ois.<\/strong><\/p>\n<p>Le service dioc\u00e9sain de la pastorale de la sant\u00e9 vous invite \u00e0 une journ\u00e9e de formation sur le th\u00e8me de\u00a0: <strong>\u00ab\u00a0l&rsquo;Eucharistie<\/strong>\u00a0\u00bb.<\/p>\n<p><strong>Jeudi 4 juin 2026<\/strong><\/p>\n<p><u>De 9h00 \u00e0 17h00 \u00e0 la Maison Dioc\u00e9saine, 6 All\u00e9e du s\u00e9minaire 17100 Saintes<\/u><\/p>\n<p><u>A l\u2019ordre du jour\u00a0:<\/u><\/p>\n<p>9h \u2013 9h30 : Accueil \u2013 caf\u00e9<\/p>\n<p>9h30 \u201310h00 : Pr\u00e9sentation de la journ\u00e9e et temps de pri\u00e8re<\/p>\n<p>10h10 \u2013 11h30 : Intervention du P\u00e8re Louis CHASSERIAU<\/p>\n<p>12h45 \u2013 14h00 : Repas partag\u00e9 selon les talents culinaires de chacun !<\/p>\n<p>14h30 \u2013 15h15\u00a0: Intervention du P\u00e8re Louis<\/p>\n<p>15h30 \u2013 16h30\u00a0: C\u00e9l\u00e9bration Eucharistique dans la grande chapelle<\/p>\n<p>17h00 : Action de gr\u00e2ce et fin de la journ\u00e9e.<\/p>\n<p>Les inscriptions sont ouvertes \/ mail, t\u00e9l\u00e9phone ou en ligne sur le QR code.<\/p>\n<p>Nous vous attendons avec joie, car votre pr\u00e9sence nous aidera \u00e0 mieux accomplir notre commune mission.<\/p>\n","protected":false},"excerpt":{"rendered":"<p>\u00ab J\u00e9sus dans l&rsquo;Eucharistie se rend proche de nous: ne laissons pas seuls ceux qui nous sont proches! \u00bb Pape\u00a0Fran\u00e7ois. Le service dioc\u00e9sain de la pastorale de la sant\u00e9 vous [&hellip;]<\/p>\n","protected":false},"author":91,"featured_media":10606,"template":"","meta":{"_et_pb_use_builder":"","_et_pb_old_content":"","_et_gb_content_width":"","_tribe_events_status":"","_tribe_events_status_reason":"","footnotes":""},"tags":[],"tribe_events_cat":[],"class_list":["post-10605","tribe_events","type-tribe_events","status-publish","has-post-thumbnail","hentry"],"_links":{"self":[{"href":"https:\/\/catholiques17.fr\/chatelaillon\/wp-json\/wp\/v2\/tribe_events\/10605","targetHints":{"allow":["GET"]}}],"collection":[{"href":"https:\/\/catholiques17.fr\/chatelaillon\/wp-json\/wp\/v2\/tribe_events"}],"about":[{"href":"https:\/\/catholiques17.fr\/chatelaillon\/wp-json\/wp\/v2\/types\/tribe_events"}],"author":[{"embeddable":true,"href":"https:\/\/catholiques17.fr\/chatelaillon\/wp-json\/wp\/v2\/users\/91"}],"version-history":[{"count":1,"href":"https:\/\/catholiques17.fr\/chatelaillon\/wp-json\/wp\/v2\/tribe_events\/10605\/revisions"}],"predecessor-version":[{"id":10607,"href":"https:\/\/catholiques17.fr\/chatelaillon\/wp-json\/wp\/v2\/tribe_events\/10605\/revisions\/10607"}],"wp:featuredmedia":[{"embeddable":true,"href":"https:\/\/catholiques17.fr\/chatelaillon\/wp-json\/wp\/v2\/media\/10606"}],"wp:attachment":[{"href":"https:\/\/catholiques17.fr\/chatelaillon\/wp-json\/wp\/v2\/media?parent=10605"}],"wp:term":[{"taxonomy":"post_tag","embeddable":true,"href":"https:\/\/catholiques17.fr\/chatelaillon\/wp-json\/wp\/v2\/tags?post=10605"},{"taxonomy":"tribe_events_cat","embeddable":true,"href":"https:\/\/catholiques17.fr\/chatelaillon\/wp-json\/wp\/v2\/tribe_events_cat?post=10605"}],"curies":[{"name":"wp","href":"https:\/\/api.w.org\/{rel}","templated":true}]}}