{"id":4638,"date":"2021-03-22T13:31:59","date_gmt":"2021-03-22T12:31:59","guid":{"rendered":"https:\/\/catholiques17.fr\/chatelaillon\/?page_id=4638"},"modified":"2026-03-18T16:41:29","modified_gmt":"2026-03-18T15:41:29","slug":"aumonerie","status":"publish","type":"page","link":"https:\/\/catholiques17.fr\/chatelaillon\/grandir-dans-la-foi\/aumonerie\/","title":{"rendered":"Aum\u00f4nerie"},"content":{"rendered":"[et_pb_section fb_built=\u00a0\u00bb1&Prime; admin_label=\u00a0\u00bbsection\u00a0\u00bb _builder_version=\u00a0\u00bb4.16&Prime; global_colors_info=\u00a0\u00bb{}\u00a0\u00bb theme_builder_area=\u00a0\u00bbpost_content\u00a0\u00bb custom_padding=\u00a0\u00bb10px|||||\u00a0\u00bb][et_pb_row _builder_version=\u00a0\u00bb4.27.5&Prime; _module_preset=\u00a0\u00bbdefault\u00a0\u00bb theme_builder_area=\u00a0\u00bbpost_content\u00a0\u00bb custom_padding=\u00a0\u00bb4px|||||\u00a0\u00bb hover_enabled=\u00a0\u00bb0&Prime; sticky_enabled=\u00a0\u00bb0&Prime;][et_pb_column _builder_version=\u00a0\u00bb4.27.5&Prime; _module_preset=\u00a0\u00bbdefault\u00a0\u00bb type=\u00a0\u00bb4_4&Prime; theme_builder_area=\u00a0\u00bbpost_content\u00a0\u00bb][et_pb_image src=\u00a0\u00bbhttps:\/\/catholiques17.fr\/chatelaillon\/wp-content\/uploads\/sites\/12\/2026\/03\/Pasto-jeunes.jpg\u00a0\u00bb _builder_version=\u00a0\u00bb4.27.5&Prime; _module_preset=\u00a0\u00bbdefault\u00a0\u00bb theme_builder_area=\u00a0\u00bbpost_content\u00a0\u00bb title_text=\u00a0\u00bbPasto-jeunes\u00a0\u00bb hover_enabled=\u00a0\u00bb0&Prime; sticky_enabled=\u00a0\u00bb0&Prime; align=\u00a0\u00bbcenter\u00a0\u00bb][\/et_pb_image][\/et_pb_column][\/et_pb_row][et_pb_row _builder_version=\u00a0\u00bb4.27.5&Prime; _module_preset=\u00a0\u00bbdefault\u00a0\u00bb theme_builder_area=\u00a0\u00bbpost_content\u00a0\u00bb][et_pb_column _builder_version=\u00a0\u00bb4.27.5&Prime; _module_preset=\u00a0\u00bbdefault\u00a0\u00bb type=\u00a0\u00bb4_4&Prime; theme_builder_area=\u00a0\u00bbpost_content\u00a0\u00bb][et_pb_text _builder_version=\u00a0\u00bb4.27.5&Prime; _module_preset=\u00a0\u00bbdefault\u00a0\u00bb theme_builder_area=\u00a0\u00bbpost_content\u00a0\u00bb hover_enabled=\u00a0\u00bb0&Prime; sticky_enabled=\u00a0\u00bb0&Prime;]<p style=\"text-align: justify;\">La t\u00e2che propre de l\u2019Aum\u00f4nerie de l\u2019Enseignement Public est d\u2019assurer une pr\u00e9sence d\u2019\u00c9glise aupr\u00e8s des jeunes scolaris\u00e9s dans les coll\u00e8ges et les lyc\u00e9es de l\u2019enseignement public, au service de leur croissance humaine et spirituelle et de la d\u00e9couverte de l\u2019\u00c9vangile de J\u00e9sus Christ.\u00a0 C\u2019est ainsi que les jeunes de l\u2019aum\u00f4nerie, une vingtaine environ, r\u00e9partis de la 6\u00e8me \u00e0 la terminale, se retrouvent r\u00e9guli\u00e8rement, une fois par mois. Les rencontres sont vari\u00e9es\u00a0: discussion autour d\u2019un th\u00e8me, approfondissement autour d\u2019un passage de la bible, \u00e9changes, rencontre d\u2019un t\u00e9moin, pr\u00e9paration d\u2019un sacrement, temps de pri\u00e8re\u2026..<\/p>\n<p><!-- \/wp:post-content --><\/p>\n<p><!-- wp:paragraph --><\/p>[\/et_pb_text][\/et_pb_column][\/et_pb_row][et_pb_row _builder_version=\u00a0\u00bb4.27.5&Prime; _module_preset=\u00a0\u00bbdefault\u00a0\u00bb theme_builder_area=\u00a0\u00bbpost_content\u00a0\u00bb][et_pb_column _builder_version=\u00a0\u00bb4.27.5&Prime; _module_preset=\u00a0\u00bbdefault\u00a0\u00bb type=\u00a0\u00bb4_4&Prime; theme_builder_area=\u00a0\u00bbpost_content\u00a0\u00bb][et_pb_accordion _builder_version=\u00a0\u00bb4.27.5&Prime; _module_preset=\u00a0\u00bbdefault\u00a0\u00bb theme_builder_area=\u00a0\u00bbpost_content\u00a0\u00bb hover_enabled=\u00a0\u00bb0&Prime; sticky_enabled=\u00a0\u00bb0&Prime; icon_color=\u00a0\u00bb#FF5F2E\u00a0\u00bb open_toggle_background_color=\u00a0\u00bb#D6D6D6&Prime;][et_pb_accordion_item title=\u00a0\u00bb6\u00e8me &#8211; 5\u00e8me\u00a0\u00bb _builder_version=\u00a0\u00bb4.27.5&Prime; _module_preset=\u00a0\u00bbdefault\u00a0\u00bb theme_builder_area=\u00a0\u00bbpost_content\u00a0\u00bb open=\u00a0\u00bbon\u00a0\u00bb hover_enabled=\u00a0\u00bb0&Prime; sticky_enabled=\u00a0\u00bb0&Prime; background_color=\u00a0\u00bb#D6D6D6&Prime; background_enable_color=\u00a0\u00bbon\u00a0\u00bb]<p>Une rencontre mensuelle\u00e0 la salle d&rsquo;accueil du Presbyt\u00e8re de CHATELAILLON\u00a0le vendredi de 17h30 \u00e0 19h00<\/p>\n<p>Rencontres 2025 : Vendredi 26 Septembre, 10 Octobre, 17\/18 Octobre temps forts entre ados propos\u00e9 par les s\u0153urs de la Jarrie, 14 Novembre, 12 D\u00e9cembre<br \/>Rencontres 2026 : Vendredi 09 Janvier, 30 Janvier, 27\/28 F\u00e9vrier temps forts entre ados propos\u00e9 par les s\u0153urs de la Jarrie, 06 Mars, 03 Avril, 15 Mai, 12 Juin<\/p>\n<p>Animateur : Philippe AUBERT <a href=\"mailto:\u00a0paubert.aitec@orange.fr\" target=\"_blank\" rel=\"noopener\">\u00a0paubert.aitec@orange.fr<\/a><\/p>\n<p>&nbsp;<\/p>[\/et_pb_accordion_item][et_pb_accordion_item title=\u00a0\u00bb4\u00e8me &#8211; 3\u00e8me\u00a0\u00bb _builder_version=\u00a0\u00bb4.27.5&Prime; _module_preset=\u00a0\u00bbdefault\u00a0\u00bb theme_builder_area=\u00a0\u00bbpost_content\u00a0\u00bb open=\u00a0\u00bboff\u00a0\u00bb hover_enabled=\u00a0\u00bb0&Prime; sticky_enabled=\u00a0\u00bb0&Prime; background_color=\u00a0\u00bb#B3B3B3&Prime; background_enable_color=\u00a0\u00bbon\u00a0\u00bb]<p>Une rencontre mensuelle\u00a0\u00e0 la salle paroissiale de CHATELAILLON\u00a0le vendredi de 17h30 \u00e0 19h00<\/p>[\/et_pb_accordion_item][et_pb_accordion_item title=\u00a0\u00bbParcours confirmation (4\u00e8me-3\u00e8me-lyc\u00e9ens)\u00a0\u00bb _builder_version=\u00a0\u00bb4.27.5&Prime; _module_preset=\u00a0\u00bbdefault\u00a0\u00bb theme_builder_area=\u00a0\u00bbpost_content\u00a0\u00bb hover_enabled=\u00a0\u00bb0&Prime; sticky_enabled=\u00a0\u00bb0&Prime; background_color=\u00a0\u00bb#EBE3E0&Prime; background_enable_color=\u00a0\u00bbon\u00a0\u00bb open_toggle_background_color=\u00a0\u00bb#D6D6D6&Prime; icon_color=\u00a0\u00bb#FF5F2E\u00a0\u00bb]<p>Rencontres 2025 : Vendredi 26 Septembre, 10 Octobre, 18 Octobre temps forts entre ados propos\u00e9 par les s\u0153urs de la Jarrie, 14 Novembre, 12 D\u00e9cembre<\/p>\n<p><!-- \/wp:paragraph --><\/p>\n<p><!-- wp:paragraph --><\/p>\n<p>Rencontres 2026 : Vendredi 09 Janvier, 30 Janvier, 27\/28 F\u00e9vrier temps entre ados propos\u00e9 par les s\u0153urs de la Jarrie, 03 Avril, 15 Mai, 12 Juin<\/p>\n<p>Animateur : Sabine de BELLEVILLE<br \/><a href=\"mailto:d2belleville%20@yahoo.fr\" target=\"_blank\" rel=\"noopener\">d2belleville @yahoo.fr<\/a><\/p>[\/et_pb_accordion_item][\/et_pb_accordion][\/et_pb_column][\/et_pb_row][et_pb_row _builder_version=\u00a0\u00bb4.27.5&Prime; _module_preset=\u00a0\u00bbdefault\u00a0\u00bb theme_builder_area=\u00a0\u00bbpost_content\u00a0\u00bb][et_pb_column _builder_version=\u00a0\u00bb4.27.5&Prime; _module_preset=\u00a0\u00bbdefault\u00a0\u00bb type=\u00a0\u00bb4_4&Prime; theme_builder_area=\u00a0\u00bbpost_content\u00a0\u00bb][et_pb_text _builder_version=\u00a0\u00bb4.27.5&Prime; _module_preset=\u00a0\u00bbdefault\u00a0\u00bb theme_builder_area=\u00a0\u00bbpost_content\u00a0\u00bb hover_enabled=\u00a0\u00bb0&Prime; sticky_enabled=\u00a0\u00bb0&Prime;]<p>L\u2019aum\u00f4nerie de l\u2019Enseignement Public accompagne \u00e9galement les jeunes qui le souhaitent, dans leur cheminement vers les sacrements (bapt\u00eame, sacrement de l\u2019Eucharistie, R\u00e9conciliation et Confirmation).\u00a0<\/p>\n<p>Les jeunes de l\u2019aum\u00f4nerie appr\u00e9cient particuli\u00e8rement ces moments pass\u00e9s ensemble o\u00f9 ils peuvent librement parler de la foi qui les anime, se retrouver dans la joie et la bonne humeur et faire vivre des projets qui leur tiennent \u00e0 c\u0153ur !\u00a0Toutes les activit\u00e9s et temps forts sont autofinanc\u00e9s par les fonds que nous r\u00e9coltons par les cotisations des jeunes en d\u00e9but d\u2019ann\u00e9e.\u00a0Nous organisons \u00e9galement occasionnellement des ventes pour r\u00e9colter des fonds telles que les \u0153ufs de P\u00e2ques, ou des g\u00e2teaux.\u00a0<\/p>\n<p>Si vous souhaitez plus de renseignements sur l\u2019Aum\u00f4nerie de l\u2019Enseignement Public, vous pouvez contacter le secr\u00e9tariat du presbyt\u00e8re au 05.46.56.27.78<\/p>\n<p><!-- \/wp:paragraph --><\/p>\n<p><!-- wp:paragraph --><\/p>\n<p><!-- \/wp:paragraph --><\/p>\n<p><!-- wp:paragraph --><\/p>\n<p><!-- \/wp:paragraph --><\/p>\n<p><!-- wp:paragraph --><\/p>\n<p><!-- \/wp:paragraph --><\/p>\n<p><!-- wp:paragraph --><\/p>[\/et_pb_text][\/et_pb_column][\/et_pb_row][\/et_pb_section]","protected":false},"excerpt":{"rendered":"<p>La t\u00e2che propre de l\u2019Aum\u00f4nerie de l\u2019Enseignement Public est d\u2019assurer une pr\u00e9sence d\u2019\u00c9glise aupr\u00e8s des jeunes scolaris\u00e9s dans les coll\u00e8ges et les lyc\u00e9es de l\u2019enseignement public, au service de leur [&hellip;]<\/p>\n","protected":false},"author":5,"featured_media":0,"parent":4650,"menu_order":0,"comment_status":"closed","ping_status":"closed","template":"","meta":{"_et_pb_use_builder":"on","_et_pb_old_content":"<!-- wp:paragraph -->\n<p>La t\u00e2che propre de l\u2019Aum\u00f4nerie de l\u2019Enseignement Public est d\u2019assurer une pr\u00e9sence d\u2019\u00c9glise aupr\u00e8s des jeunes scolaris\u00e9s dans les coll\u00e8ges et les lyc\u00e9es de l\u2019enseignement public, au service de leur croissance humaine et spirituelle et de la d\u00e9couverte de l\u2019\u00c9vangile de J\u00e9sus Christ.<\/p>\n<!-- \/wp:paragraph -->\n\n<!-- wp:paragraph -->\n<p>C\u2019est ainsi que les jeunes de l\u2019aum\u00f4nerie, une vingtaine environ, r\u00e9partis de la 6\u00e8me \u00e0 la terminale, se retrouvent r\u00e9guli\u00e8rement, une fois par mois. Les rencontres sont vari\u00e9es&nbsp;: discussion autour d\u2019un th\u00e8me, approfondissement autour d\u2019un passage de la bible, \u00e9changes, rencontre d\u2019un t\u00e9moin, pr\u00e9paration d\u2019un sacrement, temps de pri\u00e8re\u2026..<\/p>\n<!-- \/wp:paragraph -->\n\n<!-- wp:paragraph -->\n<p><\/p>\n<!-- \/wp:paragraph -->\n\n<!-- wp:paragraph -->\n<p>pour tous : MESSE de RENTREE - Dimanche 12 Octobre 2025 de10h15 \u00e0 11h30<\/p>\n<!-- \/wp:paragraph -->\n\n<!-- wp:list -->\n<ul class=\"wp-block-list\"><!-- wp:list-item -->\n<li><strong>Les 6\u00e8me \/ 5\u00e8mes <\/strong>\u00a0:\u00a0<strong>une rencontre mensuelle<\/strong>\u00a0<strong>\u00e0 la salle d'accueil du Presbyt\u00e8re de CHATELAILLON<\/strong>\u00a0le vendredi de 17h30 \u00e0 19h00<\/li>\n<!-- \/wp:list-item --><\/ul>\n<!-- \/wp:list -->\n\n<!-- wp:paragraph -->\n<p>2025 : Vendredi 26 Septembre, 10 Octobre, 17\/18 Octobre temps forts entre ados propos\u00e9 par les s\u0153urs de la Jarrie, 14 Novembre, 12 D\u00e9cembre<br>2026 : Vendredi 09 Janvier, 30 Janvier, 27\/28 F\u00e9vrier temps forts entre ados propos\u00e9 par les s\u0153urs de la Jarrie, 06 Mars, 03 Avril, 15 Mai, 12 Juin<\/p>\n<!-- \/wp:paragraph -->\n\n<!-- wp:paragraph -->\n<p>Animateur : Philippe AUBERT<br>Mail : paubert.aitec@orange.fr T\u00e9l : 06 66 98 96 30<\/p>\n<!-- \/wp:paragraph -->\n\n<!-- wp:list -->\n<ul class=\"wp-block-list\"><!-- wp:list-item -->\n<li><strong>Les 4\u00e8me \/ 3\u00e8mes \/ lyc\u00e9ens<\/strong>\u00a0:\u00a0<strong>une rencontre mensuelle<\/strong>\u00a0<strong>\u00e0 la salle paroissiale de CHATELAILLON<\/strong>\u00a0le vendredi de 17h30 \u00e0 19h00<\/li>\n<!-- \/wp:list-item --><\/ul>\n<!-- \/wp:list -->\n\n<!-- wp:paragraph -->\n<p>PARCOURS CONFIRMATION 4\u00e8mes\/3\u00e8mes\/2nd\/1\u00e8re<\/p>\n<!-- \/wp:paragraph -->\n\n<!-- wp:paragraph -->\n<p>2025 : Vendredi 26 Septembre, 10 Octobre, 18 Octobre temps forts entre ados propos\u00e9 par les s\u0153urs de la Jarrie, 14 Novembre, 12 D\u00e9cembre<\/p>\n<!-- \/wp:paragraph -->\n\n<!-- wp:paragraph -->\n<p>2026 : Vendredi 09 Janvier, 30 Janvier, 27\/28 F\u00e9vrier temps entre ados propos\u00e9 par les s\u0153urs de la Jarrie, 03 Avril, 15 Mai, 12 Juin<br>Animateur : Sabine de BELLEVILLE<br>Mail : d2belleville @yahoo.fr 2 T\u00e9l : 06 64 82 89 77<br><\/p>\n<!-- \/wp:paragraph -->\n\n<!-- wp:paragraph -->\n<p>L\u2019aum\u00f4nerie de l\u2019Enseignement Public accompagne \u00e9galement les jeunes qui le souhaitent, dans leur cheminement vers les sacrements (bapt\u00eame, sacrement de l\u2019Eucharistie, R\u00e9conciliation et Confirmation)<\/p>\n<!-- \/wp:paragraph -->\n\n<!-- wp:paragraph -->\n<p>Les jeunes de l\u2019aum\u00f4nerie appr\u00e9cient particuli\u00e8rement ces moments pass\u00e9s ensemble o\u00f9 ils peuvent librement parler de la foi qui les anime, se retrouver dans la joie et la bonne humeur et faire vivre des projets qui leur tiennent \u00e0 c\u0153ur&nbsp;!<\/p>\n<!-- \/wp:paragraph -->\n\n<!-- wp:paragraph -->\n<p>Toutes les activit\u00e9s et temps forts sont autofinanc\u00e9s par les fonds que nous r\u00e9coltons par les cotisations des jeunes en d\u00e9but d\u2019ann\u00e9e.<\/p>\n<!-- \/wp:paragraph -->\n\n<!-- wp:paragraph -->\n<p>Nous organisons \u00e9galement occasionnellement des ventes pour r\u00e9colter des fonds telles que les \u0153ufs de P\u00e2ques, ou des g\u00e2teaux.    <\/p>\n<!-- \/wp:paragraph -->\n\n<!-- wp:paragraph -->\n<p>Si vous souhaitez plus de renseignements sur l\u2019Aum\u00f4nerie de l\u2019Enseignement Public, vous pouvez contacter le secr\u00e9tariat du presbyt\u00e8re au 05.46.56.27.78<\/p>\n<!-- \/wp:paragraph -->","_et_gb_content_width":"","footnotes":""},"class_list":["post-4638","page","type-page","status-publish","hentry"],"_links":{"self":[{"href":"https:\/\/catholiques17.fr\/chatelaillon\/wp-json\/wp\/v2\/pages\/4638","targetHints":{"allow":["GET"]}}],"collection":[{"href":"https:\/\/catholiques17.fr\/chatelaillon\/wp-json\/wp\/v2\/pages"}],"about":[{"href":"https:\/\/catholiques17.fr\/chatelaillon\/wp-json\/wp\/v2\/types\/page"}],"author":[{"embeddable":true,"href":"https:\/\/catholiques17.fr\/chatelaillon\/wp-json\/wp\/v2\/users\/5"}],"replies":[{"embeddable":true,"href":"https:\/\/catholiques17.fr\/chatelaillon\/wp-json\/wp\/v2\/comments?post=4638"}],"version-history":[{"count":19,"href":"https:\/\/catholiques17.fr\/chatelaillon\/wp-json\/wp\/v2\/pages\/4638\/revisions"}],"predecessor-version":[{"id":10323,"href":"https:\/\/catholiques17.fr\/chatelaillon\/wp-json\/wp\/v2\/pages\/4638\/revisions\/10323"}],"up":[{"embeddable":true,"href":"https:\/\/catholiques17.fr\/chatelaillon\/wp-json\/wp\/v2\/pages\/4650"}],"wp:attachment":[{"href":"https:\/\/catholiques17.fr\/chatelaillon\/wp-json\/wp\/v2\/media?parent=4638"}],"curies":[{"name":"wp","href":"https:\/\/api.w.org\/{rel}","templated":true}]}}