{"id":7532,"date":"2024-12-06T16:58:07","date_gmt":"2024-12-06T15:58:07","guid":{"rendered":"https:\/\/catholiques17.fr\/archiac\/?post_type=tribe_events&#038;p=7532"},"modified":"2024-12-06T16:58:07","modified_gmt":"2024-12-06T15:58:07","slug":"arrivee-de-la-lumiere-de-bethleem-a-archiac","status":"publish","type":"tribe_events","link":"https:\/\/catholiques17.fr\/archiac\/event\/arrivee-de-la-lumiere-de-bethleem-a-archiac\/","title":{"rendered":"Arriv\u00e9e de la Lumi\u00e8re de Bethl\u00e9em \u00e0 Archiac"},"content":{"rendered":"\r\n<p class=\"has-luminous-vivid-orange-color has-text-color has-link-color wp-elements-31ea57a1bfdde510385c679e06d23f79\">La\u00a0<strong>Lumi\u00e8re de la Paix de Bethl\u00e9em<\/strong>\u00a0est un \u00e9v\u00e9nement scout chr\u00e9tien qui se d\u00e9roule pendant la p\u00e9riode de l\u2019Avent. Chaque ann\u00e9e, quelques jours avant No\u00ebl, une lumi\u00e8re est allum\u00e9e dans la\u00a0<a href=\"https:\/\/fr.wikipedia.org\/wiki\/Basilique_de_la_Nativit%C3%A9_de_Bethl%C3%A9em#Grotte_de_la_Nativit%C3%A9\">grotte de la nativit\u00e9<\/a>\u00a0\u00e0\u00a0<a href=\"https:\/\/fr.wikipedia.org\/wiki\/Bethl%C3%A9em\">Bethl\u00e9em<\/a>\u00a0puis transmise partout en Europe. Pour notre Paroisse, cette Lumi\u00e8re nous est transmise par les scouts de Barbezieux aupr\u00e8s desquels nous allons la chercher. Il est essentiel de la partager, elle nous redit simplement la pr\u00e9sence du Christ dans nos vies et <strong>l\u2019importance de rappeler cette pr\u00e9sence \u00e0 tous ceux qui en ont besoin.<\/strong><\/p>\r\n<em><strong>La Lumi\u00e8re de la Paix de Bethl\u00e9em<\/strong> sera disponible dans l\u2019Eglise d\u2019Archiac, sous le clocher, <\/em>\r\n<p style=\"text-align: center\"><em>tous les jours \u00e0 partir\u00a0 <\/em><em><strong>du lundi 16 D\u00e9cembre et lors de la Veill\u00e9e de No\u00ebl<\/strong>.<\/em><\/p>\r\n","protected":false},"excerpt":{"rendered":"<p>La\u00a0Lumi\u00e8re de la Paix de Bethl\u00e9em\u00a0est un \u00e9v\u00e9nement scout chr\u00e9tien qui se d\u00e9roule pendant la p\u00e9riode de l\u2019Avent. Chaque ann\u00e9e, quelques jours avant No\u00ebl, une lumi\u00e8re est allum\u00e9e dans la\u00a0grotte [&hellip;]<\/p>\n","protected":false},"author":39,"featured_media":0,"template":"","meta":{"_et_pb_use_builder":"","_et_pb_old_content":"","_et_gb_content_width":"","_tribe_events_status":"","_tribe_events_status_reason":"","footnotes":""},"tags":[],"tribe_events_cat":[],"class_list":["post-7532","tribe_events","type-tribe_events","status-publish","hentry"],"_links":{"self":[{"href":"https:\/\/catholiques17.fr\/archiac\/wp-json\/wp\/v2\/tribe_events\/7532","targetHints":{"allow":["GET"]}}],"collection":[{"href":"https:\/\/catholiques17.fr\/archiac\/wp-json\/wp\/v2\/tribe_events"}],"about":[{"href":"https:\/\/catholiques17.fr\/archiac\/wp-json\/wp\/v2\/types\/tribe_events"}],"author":[{"embeddable":true,"href":"https:\/\/catholiques17.fr\/archiac\/wp-json\/wp\/v2\/users\/39"}],"version-history":[{"count":2,"href":"https:\/\/catholiques17.fr\/archiac\/wp-json\/wp\/v2\/tribe_events\/7532\/revisions"}],"predecessor-version":[{"id":7534,"href":"https:\/\/catholiques17.fr\/archiac\/wp-json\/wp\/v2\/tribe_events\/7532\/revisions\/7534"}],"wp:attachment":[{"href":"https:\/\/catholiques17.fr\/archiac\/wp-json\/wp\/v2\/media?parent=7532"}],"wp:term":[{"taxonomy":"post_tag","embeddable":true,"href":"https:\/\/catholiques17.fr\/archiac\/wp-json\/wp\/v2\/tags?post=7532"},{"taxonomy":"tribe_events_cat","embeddable":true,"href":"https:\/\/catholiques17.fr\/archiac\/wp-json\/wp\/v2\/tribe_events_cat?post=7532"}],"curies":[{"name":"wp","href":"https:\/\/api.w.org\/{rel}","templated":true}]}}