{"id":6865,"date":"2023-12-12T23:42:17","date_gmt":"2023-12-12T22:42:17","guid":{"rendered":"https:\/\/catholiques17.fr\/archiac\/?post_type=tribe_events&#038;p=6865"},"modified":"2023-12-12T23:45:59","modified_gmt":"2023-12-12T22:45:59","slug":"repetition-de-la-veillee-de-noel-a-archiac","status":"publish","type":"tribe_events","link":"https:\/\/catholiques17.fr\/archiac\/event\/repetition-de-la-veillee-de-noel-a-archiac\/","title":{"rendered":"R\u00e9p\u00e9tition de la Veill\u00e9e de No\u00ebl \u00e0 Archiac"},"content":{"rendered":"<p><strong>La r\u00e9p\u00e9tition de la Veill\u00e9e de No\u00ebl pour les enfants du cat\u00e9chisme, mais aussi pour tous les enfants qui souhaiteraient participer \u00e0 cette Veill\u00e9e, se fera Samedi 23 D\u00e9cembre \u00e0 15h dans l\u2019Eglise d\u2019Archiac.<\/strong><\/p>\n","protected":false},"excerpt":{"rendered":"<p>La r\u00e9p\u00e9tition de la Veill\u00e9e de No\u00ebl pour les enfants du cat\u00e9chisme, mais aussi pour tous les enfants qui souhaiteraient participer \u00e0 cette Veill\u00e9e, se fera Samedi 23 D\u00e9cembre \u00e0 [&hellip;]<\/p>\n","protected":false},"author":39,"featured_media":0,"template":"","meta":{"_et_pb_use_builder":"","_et_pb_old_content":"","_et_gb_content_width":"","_tribe_events_status":"","_tribe_events_status_reason":"","footnotes":""},"tags":[],"tribe_events_cat":[36,35],"class_list":["post-6865","tribe_events","type-tribe_events","status-publish","hentry","tribe_events_cat-catechisme","tribe_events_cat-paroisse","cat_catechisme","cat_paroisse"],"_links":{"self":[{"href":"https:\/\/catholiques17.fr\/archiac\/wp-json\/wp\/v2\/tribe_events\/6865","targetHints":{"allow":["GET"]}}],"collection":[{"href":"https:\/\/catholiques17.fr\/archiac\/wp-json\/wp\/v2\/tribe_events"}],"about":[{"href":"https:\/\/catholiques17.fr\/archiac\/wp-json\/wp\/v2\/types\/tribe_events"}],"author":[{"embeddable":true,"href":"https:\/\/catholiques17.fr\/archiac\/wp-json\/wp\/v2\/users\/39"}],"version-history":[{"count":1,"href":"https:\/\/catholiques17.fr\/archiac\/wp-json\/wp\/v2\/tribe_events\/6865\/revisions"}],"predecessor-version":[{"id":6866,"href":"https:\/\/catholiques17.fr\/archiac\/wp-json\/wp\/v2\/tribe_events\/6865\/revisions\/6866"}],"wp:attachment":[{"href":"https:\/\/catholiques17.fr\/archiac\/wp-json\/wp\/v2\/media?parent=6865"}],"wp:term":[{"taxonomy":"post_tag","embeddable":true,"href":"https:\/\/catholiques17.fr\/archiac\/wp-json\/wp\/v2\/tags?post=6865"},{"taxonomy":"tribe_events_cat","embeddable":true,"href":"https:\/\/catholiques17.fr\/archiac\/wp-json\/wp\/v2\/tribe_events_cat?post=6865"}],"curies":[{"name":"wp","href":"https:\/\/api.w.org\/{rel}","templated":true}]}}