{"id":6584,"date":"2023-10-02T12:47:23","date_gmt":"2023-10-02T10:47:23","guid":{"rendered":"https:\/\/catholiques17.fr\/archiac\/?post_type=tribe_events&#038;p=6584"},"modified":"2023-10-02T12:47:23","modified_gmt":"2023-10-02T10:47:23","slug":"veillee-avec-les-confirmants","status":"publish","type":"tribe_events","link":"https:\/\/catholiques17.fr\/archiac\/event\/veillee-avec-les-confirmants\/","title":{"rendered":"Veill\u00e9e avec les Confirmants"},"content":{"rendered":"<p>Le <strong>Sacrement de la Confirmation<\/strong> est l\u2019un des sept sacrements. Comme le Bapt\u00eame, il est re\u00e7u une seule fois dans la vie d\u2019un chr\u00e9tien. Avec le Bapt\u00eame et l\u2019Eucharistie, il fait partie des trois sacrements de l\u2019initiation chr\u00e9tienne, c\u2019est-\u00e0-dire des sacrements qui, ensemble, permettent de devenir un Chr\u00e9tien \u00e0 part enti\u00e8re.<\/p>\n<p>Le <strong>Samedi 14 Octobre 2023<\/strong> \u00e0 18 heures en l\u2019Eglise Saint Pierre d\u2019Archiac,\u00a0 5 Jeunes de la Paroisse : <em><strong>Adrien, Annick, Emmanuel, Horatio et Maxime<\/strong><\/em> recevront par <em><strong>le Vicaire G\u00e9n\u00e9ral, le P\u00e8re Bertrand MONNARD<\/strong><\/em>, \u00a0le Sacrement de Confirmation.<\/p>\n<p>Ces jeunes ont chemin\u00e9 pendant plusieurs ann\u00e9es afin de recevoir l\u2019Esprit Saint comme les Ap\u00f4tres le jour de la Pentec\u00f4te. \u00a0La confirmation leur donnera plus de force afin de t\u00e9moigner de leur foi par la parole et par les actes\u00a0 pendant toute leur vie.<\/p>\n<p>Nous invitons tous les paroissiens \u00e0 accompagner ces jeunes\u00a0 :<\/p>\n<ul>\n<li><strong>Lors\u00a0 d&rsquo;une veill\u00e9e avec les confirmants le Vendredi 13 Octobre \u00e0 20 h en l&rsquo;Eglise St Pierre d&rsquo;Archiac<\/strong><\/li>\n<li><strong>Lors de la c\u00e9l\u00e9bration du Samedi 14 Octobre \u00e0 18 h en l&rsquo;Eglise St Pierre d&rsquo;Archiac<\/strong><\/li>\n<\/ul>\n","protected":false},"excerpt":{"rendered":"<p>Le Sacrement de la Confirmation est l\u2019un des sept sacrements. Comme le Bapt\u00eame, il est re\u00e7u une seule fois dans la vie d\u2019un chr\u00e9tien. Avec le Bapt\u00eame et l\u2019Eucharistie, il [&hellip;]<\/p>\n","protected":false},"author":39,"featured_media":0,"template":"","meta":{"_et_pb_use_builder":"","_et_pb_old_content":"","_et_gb_content_width":"","_tribe_events_status":"","_tribe_events_status_reason":"","footnotes":""},"tags":[],"tribe_events_cat":[37,25,35],"class_list":["post-6584","tribe_events","type-tribe_events","status-publish","hentry","tribe_events_cat-aumonerie","tribe_events_cat-messes","tribe_events_cat-paroisse","cat_aumonerie","cat_messes","cat_paroisse"],"_links":{"self":[{"href":"https:\/\/catholiques17.fr\/archiac\/wp-json\/wp\/v2\/tribe_events\/6584","targetHints":{"allow":["GET"]}}],"collection":[{"href":"https:\/\/catholiques17.fr\/archiac\/wp-json\/wp\/v2\/tribe_events"}],"about":[{"href":"https:\/\/catholiques17.fr\/archiac\/wp-json\/wp\/v2\/types\/tribe_events"}],"author":[{"embeddable":true,"href":"https:\/\/catholiques17.fr\/archiac\/wp-json\/wp\/v2\/users\/39"}],"version-history":[{"count":1,"href":"https:\/\/catholiques17.fr\/archiac\/wp-json\/wp\/v2\/tribe_events\/6584\/revisions"}],"predecessor-version":[{"id":6585,"href":"https:\/\/catholiques17.fr\/archiac\/wp-json\/wp\/v2\/tribe_events\/6584\/revisions\/6585"}],"wp:attachment":[{"href":"https:\/\/catholiques17.fr\/archiac\/wp-json\/wp\/v2\/media?parent=6584"}],"wp:term":[{"taxonomy":"post_tag","embeddable":true,"href":"https:\/\/catholiques17.fr\/archiac\/wp-json\/wp\/v2\/tags?post=6584"},{"taxonomy":"tribe_events_cat","embeddable":true,"href":"https:\/\/catholiques17.fr\/archiac\/wp-json\/wp\/v2\/tribe_events_cat?post=6584"}],"curies":[{"name":"wp","href":"https:\/\/api.w.org\/{rel}","templated":true}]}}