{"id":5273,"date":"2022-04-07T22:52:11","date_gmt":"2022-04-07T20:52:11","guid":{"rendered":"https:\/\/catholiques17.fr\/archiac\/?page_id=5273"},"modified":"2023-01-12T10:26:22","modified_gmt":"2023-01-12T09:26:22","slug":"cate-aumonerie","status":"publish","type":"page","link":"https:\/\/catholiques17.fr\/archiac\/grandir-dans-la-foi\/cate-aumonerie\/","title":{"rendered":"Cat\u00e9\/Aum\u00f4nerie"},"content":{"rendered":"<p>[et_pb_section fb_built=\u00a0\u00bb1&Prime; _builder_version=\u00a0\u00bb4.17.6&Prime; _module_preset=\u00a0\u00bbdefault\u00a0\u00bb global_colors_info=\u00a0\u00bb{}\u00a0\u00bb theme_builder_area=\u00a0\u00bbpost_content\u00a0\u00bb][et_pb_row column_structure=\u00a0\u00bb2_5,3_5&Prime; _builder_version=\u00a0\u00bb4.17.6&Prime; _module_preset=\u00a0\u00bbdefault\u00a0\u00bb global_colors_info=\u00a0\u00bb{}\u00a0\u00bb theme_builder_area=\u00a0\u00bbpost_content\u00a0\u00bb][et_pb_column type=\u00a0\u00bb2_5&Prime; _builder_version=\u00a0\u00bb4.17.6&Prime; _module_preset=\u00a0\u00bbdefault\u00a0\u00bb global_colors_info=\u00a0\u00bb{}\u00a0\u00bb theme_builder_area=\u00a0\u00bbpost_content\u00a0\u00bb][et_pb_image src=\u00a0\u00bbhttps:\/\/catholiques17.fr\/archiac\/wp-content\/uploads\/sites\/26\/2023\/01\/EVEIL-TITRE-JPG.jpg\u00a0\u00bb title_text=\u00a0\u00bbEVEIL-TITRE-JPG\u00a0\u00bb _builder_version=\u00a0\u00bb4.17.6&Prime; _module_preset=\u00a0\u00bbdefault\u00a0\u00bb global_colors_info=\u00a0\u00bb{}\u00a0\u00bb theme_builder_area=\u00a0\u00bbpost_content\u00a0\u00bb][\/et_pb_image][\/et_pb_column][et_pb_column type=\u00a0\u00bb3_5&Prime; _builder_version=\u00a0\u00bb4.17.6&Prime; _module_preset=\u00a0\u00bbdefault\u00a0\u00bb global_colors_info=\u00a0\u00bb{}\u00a0\u00bb theme_builder_area=\u00a0\u00bbpost_content\u00a0\u00bb][et_pb_text _builder_version=\u00a0\u00bb4.17.6&Prime; _module_preset=\u00a0\u00bbdefault\u00a0\u00bb global_colors_info=\u00a0\u00bb{}\u00a0\u00bb theme_builder_area=\u00a0\u00bbpost_content\u00a0\u00bb]<\/p>\n<p style=\"text-align: justify\">Les petits enfants s\u2019\u00e9veillent \u00e0 la vie en explorant ce qui les entoure. Ils s\u2019impr\u00e8gnent de ce qu\u2019ils c\u00f4toient. L\u2019\u00e9veil \u00e0 la foi est indissociable de l\u2019\u00e9veil \u00e0 la vie. C\u2019est un lieu d\u2019initiation \u00e0 la culture chr\u00e9tienne et \u00e0 la vie de foi. Les enfants ont des questions (pas toujours formul\u00e9es), parfois relay\u00e9es par les parents\u00a0: \u00ab\u00a0Qui sont les amis de J\u00e9sus\u00a0?\u00a0\u00bb, \u00ab\u00a0Quand on meurt, c\u2019est pour longtemps\u00a0?\u00a0\u00bb, \u00ab\u00a0Pourquoi il y a des m\u00e9chants\u00a0?\u00a0\u00bb, \u00ab\u00a0Que c\u2019est beau\u00a0!\u00a0\u00bb\u2026<\/p>\n<p style=\"text-align: justify\">Propos\u00e9es aux enfants de 4 \u00e0 7 ans, les rencontres ont lieu &#8230;&#8230;..<\/p>\n<p>[\/et_pb_text][\/et_pb_column][\/et_pb_row][et_pb_row _builder_version=\u00a0\u00bb4.17.6&Prime; _module_preset=\u00a0\u00bbdefault\u00a0\u00bb global_colors_info=\u00a0\u00bb{}\u00a0\u00bb theme_builder_area=\u00a0\u00bbpost_content\u00a0\u00bb][et_pb_column type=\u00a0\u00bb4_4&Prime; _builder_version=\u00a0\u00bb4.17.6&Prime; _module_preset=\u00a0\u00bbdefault\u00a0\u00bb global_colors_info=\u00a0\u00bb{}\u00a0\u00bb theme_builder_area=\u00a0\u00bbpost_content\u00a0\u00bb][et_pb_text _builder_version=\u00a0\u00bb4.17.6&Prime; _module_preset=\u00a0\u00bbdefault\u00a0\u00bb global_colors_info=\u00a0\u00bb{}\u00a0\u00bb theme_builder_area=\u00a0\u00bbpost_content\u00a0\u00bb]<\/p>\n<p style=\"text-align: left\"><span style=\"color: #ff6600\"><strong>Renseignements et contact :<\/strong><\/span><\/p>\n<p style=\"text-align: center\"><span style=\"color: #ff6600\">Marie-Alice SARRAZIN\u00a0 \u00a0&#8211;\u00a0 \u00a005.46.49.10.91\u00a0 &#8211;\u00a0 paroissearchiac@orange.fr<\/span><\/p>\n<p>[\/et_pb_text][\/et_pb_column][\/et_pb_row][et_pb_row _builder_version=\u00a0\u00bb4.17.6&Prime; _module_preset=\u00a0\u00bbdefault\u00a0\u00bb global_colors_info=\u00a0\u00bb{}\u00a0\u00bb theme_builder_area=\u00a0\u00bbpost_content\u00a0\u00bb][et_pb_column type=\u00a0\u00bb4_4&Prime; _builder_version=\u00a0\u00bb4.17.6&Prime; _module_preset=\u00a0\u00bbdefault\u00a0\u00bb global_colors_info=\u00a0\u00bb{}\u00a0\u00bb theme_builder_area=\u00a0\u00bbpost_content\u00a0\u00bb][et_pb_divider _builder_version=\u00a0\u00bb4.17.6&Prime; _module_preset=\u00a0\u00bbdefault\u00a0\u00bb global_colors_info=\u00a0\u00bb{}\u00a0\u00bb theme_builder_area=\u00a0\u00bbpost_content\u00a0\u00bb][\/et_pb_divider][\/et_pb_column][\/et_pb_row][et_pb_row column_structure=\u00a0\u00bb2_5,3_5&Prime; _builder_version=\u00a0\u00bb4.17.6&Prime; _module_preset=\u00a0\u00bbdefault\u00a0\u00bb global_colors_info=\u00a0\u00bb{}\u00a0\u00bb theme_builder_area=\u00a0\u00bbpost_content\u00a0\u00bb][et_pb_column type=\u00a0\u00bb2_5&Prime; _builder_version=\u00a0\u00bb4.17.6&Prime; _module_preset=\u00a0\u00bbdefault\u00a0\u00bb global_colors_info=\u00a0\u00bb{}\u00a0\u00bb theme_builder_area=\u00a0\u00bbpost_content\u00a0\u00bb][et_pb_image src=\u00a0\u00bbhttps:\/\/catholiques17.fr\/archiac\/wp-content\/uploads\/sites\/26\/2023\/01\/Catechese2019-edited.jpg\u00a0\u00bb title_text=\u00a0\u00bbCatechese2019-edited\u00a0\u00bb _builder_version=\u00a0\u00bb4.17.6&Prime; _module_preset=\u00a0\u00bbdefault\u00a0\u00bb global_colors_info=\u00a0\u00bb{}\u00a0\u00bb theme_builder_area=\u00a0\u00bbpost_content\u00a0\u00bb][\/et_pb_image][\/et_pb_column][et_pb_column type=\u00a0\u00bb3_5&Prime; _builder_version=\u00a0\u00bb4.17.6&Prime; _module_preset=\u00a0\u00bbdefault\u00a0\u00bb global_colors_info=\u00a0\u00bb{}\u00a0\u00bb theme_builder_area=\u00a0\u00bbpost_content\u00a0\u00bb][et_pb_text _builder_version=\u00a0\u00bb4.17.6&Prime; _module_preset=\u00a0\u00bbdefault\u00a0\u00bb global_colors_info=\u00a0\u00bb{}\u00a0\u00bb theme_builder_area=\u00a0\u00bbpost_content\u00a0\u00bb]<\/p>\n<p>La cat\u00e9ch\u00e8se est offerte \u00e0 tous les enfants \u2013 baptis\u00e9s ou non. Elle concerne l\u2019initiation chr\u00e9tienne des enfants en \u00e2ge scolaire. Au cat\u00e9, les enfants d\u00e9couvrent la Bible. Par la pri\u00e8re, la m\u00e9ditation, ils d\u00e9veloppent leur int\u00e9riorit\u00e9, le go\u00fbt du silence. Ils abordent les questions existentielles et se donnent librement des rep\u00e8res pour se construire dans la vie, \u00eatre solidaires. Avec d\u2019autres, ils grandissent dans la foi et sont initi\u00e9s aux sacrements (bapt\u00eame, premi\u00e8re des communions).<\/p>\n<p>[\/et_pb_text][\/et_pb_column][\/et_pb_row][et_pb_row _builder_version=\u00a0\u00bb4.17.6&Prime; _module_preset=\u00a0\u00bbdefault\u00a0\u00bb global_colors_info=\u00a0\u00bb{}\u00a0\u00bb theme_builder_area=\u00a0\u00bbpost_content\u00a0\u00bb][et_pb_column type=\u00a0\u00bb4_4&Prime; _builder_version=\u00a0\u00bb4.17.6&Prime; _module_preset=\u00a0\u00bbdefault\u00a0\u00bb global_colors_info=\u00a0\u00bb{}\u00a0\u00bb theme_builder_area=\u00a0\u00bbpost_content\u00a0\u00bb][et_pb_text _builder_version=\u00a0\u00bb4.17.6&Prime; _module_preset=\u00a0\u00bbdefault\u00a0\u00bb global_colors_info=\u00a0\u00bb{}\u00a0\u00bb theme_builder_area=\u00a0\u00bbpost_content\u00a0\u00bb]<\/p>\n<p style=\"text-align: left\"><span style=\"color: #ff6600\"><strong>Renseignements et contact :\u00a0 <\/strong><\/span><\/p>\n<p style=\"text-align: center\"><span style=\"color: #ff6600\">B\u00e9n\u00e9dicte PITON, Marie-Bernard REBOUX<\/span><\/p>\n<p style=\"text-align: center\"><span style=\"color: #ff6600\"> Marie-Alice SARRAZIN, Jean-Marc VALENTIN<\/span><\/p>\n<p style=\"text-align: center\"><span style=\"color: #ff6600\">05 46 49 10 91\u00a0 \u00a0&#8211;\u00a0 paroissearchiac@orange.fr<\/span><\/p>\n<p>[\/et_pb_text][\/et_pb_column][\/et_pb_row][et_pb_row _builder_version=\u00a0\u00bb4.17.6&Prime; _module_preset=\u00a0\u00bbdefault\u00a0\u00bb global_colors_info=\u00a0\u00bb{}\u00a0\u00bb theme_builder_area=\u00a0\u00bbpost_content\u00a0\u00bb][et_pb_column type=\u00a0\u00bb4_4&Prime; _builder_version=\u00a0\u00bb4.17.6&Prime; _module_preset=\u00a0\u00bbdefault\u00a0\u00bb global_colors_info=\u00a0\u00bb{}\u00a0\u00bb theme_builder_area=\u00a0\u00bbpost_content\u00a0\u00bb][et_pb_divider _builder_version=\u00a0\u00bb4.17.6&Prime; _module_preset=\u00a0\u00bbdefault\u00a0\u00bb global_colors_info=\u00a0\u00bb{}\u00a0\u00bb theme_builder_area=\u00a0\u00bbpost_content\u00a0\u00bb][\/et_pb_divider][\/et_pb_column][\/et_pb_row][et_pb_row column_structure=\u00a0\u00bb2_5,3_5&Prime; _builder_version=\u00a0\u00bb4.17.6&Prime; _module_preset=\u00a0\u00bbdefault\u00a0\u00bb global_colors_info=\u00a0\u00bb{}\u00a0\u00bb theme_builder_area=\u00a0\u00bbpost_content\u00a0\u00bb][et_pb_column type=\u00a0\u00bb2_5&Prime; _builder_version=\u00a0\u00bb4.17.6&Prime; _module_preset=\u00a0\u00bbdefault\u00a0\u00bb global_colors_info=\u00a0\u00bb{}\u00a0\u00bb theme_builder_area=\u00a0\u00bbpost_content\u00a0\u00bb][et_pb_image src=\u00a0\u00bbhttps:\/\/catholiques17.fr\/archiac\/wp-content\/uploads\/sites\/26\/2023\/01\/Pasto-jeunes.jpg\u00a0\u00bb title_text=\u00a0\u00bbPasto jeunes\u00a0\u00bb _builder_version=\u00a0\u00bb4.17.6&Prime; _module_preset=\u00a0\u00bbdefault\u00a0\u00bb global_colors_info=\u00a0\u00bb{}\u00a0\u00bb theme_builder_area=\u00a0\u00bbpost_content\u00a0\u00bb][\/et_pb_image][\/et_pb_column][et_pb_column type=\u00a0\u00bb3_5&Prime; _builder_version=\u00a0\u00bb4.17.6&Prime; _module_preset=\u00a0\u00bbdefault\u00a0\u00bb global_colors_info=\u00a0\u00bb{}\u00a0\u00bb theme_builder_area=\u00a0\u00bbpost_content\u00a0\u00bb][et_pb_text _builder_version=\u00a0\u00bb4.17.6&Prime; _module_preset=\u00a0\u00bbdefault\u00a0\u00bb hover_enabled=\u00a0\u00bb0&Prime; global_colors_info=\u00a0\u00bb{}\u00a0\u00bb theme_builder_area=\u00a0\u00bbpost_content\u00a0\u00bb sticky_enabled=\u00a0\u00bb0&Prime;]<\/p>\n<p style=\"text-align: left\">Fond\u00e9e sur l\u2019\u00e9vangile, <strong>l\u2019aum\u00f4nerie des coll\u00e9giens et des lyc\u00e9ens<\/strong> aide les jeunes \u00e0 se construire, \u00e0 grandir humainement et spirituellement avec un accompagnement sur toutes les dimensions de leur vie.<\/p>\n<p style=\"text-align: left\"><span style=\"color: #000000\">Le service dioc\u00e9sain de la pastorale des jeunes propose des camps, p\u00e8lerinages et autres rassemblements\u00a0 tout au long de l\u2019ann\u00e9e. Suivez l\u2019actualit\u00e9 des jeunes sur leur site <span style=\"color: #0000ff\"><a href=\"https:\/\/jeunes17.fr\/\" target=\"_blank\" rel=\"noopener\" style=\"color: #0000ff\"><span style=\"text-decoration: underline\"><strong>jeunes17.fr<\/strong><\/span><\/a><\/span><\/span><\/p>\n<p>[\/et_pb_text][\/et_pb_column][\/et_pb_row][et_pb_row _builder_version=\u00a0\u00bb4.17.6&Prime; _module_preset=\u00a0\u00bbdefault\u00a0\u00bb global_colors_info=\u00a0\u00bb{}\u00a0\u00bb theme_builder_area=\u00a0\u00bbpost_content\u00a0\u00bb][et_pb_column type=\u00a0\u00bb4_4&Prime; _builder_version=\u00a0\u00bb4.17.6&Prime; _module_preset=\u00a0\u00bbdefault\u00a0\u00bb global_colors_info=\u00a0\u00bb{}\u00a0\u00bb theme_builder_area=\u00a0\u00bbpost_content\u00a0\u00bb][et_pb_text _builder_version=\u00a0\u00bb4.17.6&Prime; _module_preset=\u00a0\u00bbdefault\u00a0\u00bb global_colors_info=\u00a0\u00bb{}\u00a0\u00bb theme_builder_area=\u00a0\u00bbpost_content\u00a0\u00bb]<\/p>\n<p style=\"text-align: left\"><span style=\"color: #ff6600\"><strong>Renseignements et contact :\u00a0<\/strong><\/span><\/p>\n<p style=\"text-align: center\"><span style=\"color: #ff6600\">Responsable Aum\u00f4nerie Archiac pour les 6\u00b0, 5\u00b0, 4\u00b0, 3\u00b0 et les jeunes se pr\u00e9parant \u00e0 la confirmation :<\/span><\/p>\n<p style=\"text-align: center\"><span style=\"color: #ff6600\">Dominique NOYER\u00a0 \u00a005.46.49.10.91\u00a0 &#8211;\u00a0 paroissearchiac@orange.fr<\/span><\/p>\n<p>[\/et_pb_text][\/et_pb_column][\/et_pb_row][\/et_pb_section]<\/p>\n","protected":false},"excerpt":{"rendered":"<p>Les petits enfants s\u2019\u00e9veillent \u00e0 la vie en explorant ce qui les entoure. Ils s\u2019impr\u00e8gnent de ce qu\u2019ils c\u00f4toient. L\u2019\u00e9veil \u00e0 la foi est indissociable de l\u2019\u00e9veil \u00e0 la vie. [&hellip;]<\/p>\n","protected":false},"author":4,"featured_media":0,"parent":5250,"menu_order":0,"comment_status":"closed","ping_status":"closed","template":"","meta":{"_et_pb_use_builder":"on","_et_pb_old_content":"","_et_gb_content_width":"","footnotes":""},"class_list":["post-5273","page","type-page","status-publish","hentry"],"_links":{"self":[{"href":"https:\/\/catholiques17.fr\/archiac\/wp-json\/wp\/v2\/pages\/5273","targetHints":{"allow":["GET"]}}],"collection":[{"href":"https:\/\/catholiques17.fr\/archiac\/wp-json\/wp\/v2\/pages"}],"about":[{"href":"https:\/\/catholiques17.fr\/archiac\/wp-json\/wp\/v2\/types\/page"}],"author":[{"embeddable":true,"href":"https:\/\/catholiques17.fr\/archiac\/wp-json\/wp\/v2\/users\/4"}],"replies":[{"embeddable":true,"href":"https:\/\/catholiques17.fr\/archiac\/wp-json\/wp\/v2\/comments?post=5273"}],"version-history":[{"count":8,"href":"https:\/\/catholiques17.fr\/archiac\/wp-json\/wp\/v2\/pages\/5273\/revisions"}],"predecessor-version":[{"id":6170,"href":"https:\/\/catholiques17.fr\/archiac\/wp-json\/wp\/v2\/pages\/5273\/revisions\/6170"}],"up":[{"embeddable":true,"href":"https:\/\/catholiques17.fr\/archiac\/wp-json\/wp\/v2\/pages\/5250"}],"wp:attachment":[{"href":"https:\/\/catholiques17.fr\/archiac\/wp-json\/wp\/v2\/media?parent=5273"}],"curies":[{"name":"wp","href":"https:\/\/api.w.org\/{rel}","templated":true}]}}