{"id":5222,"date":"2022-04-07T20:04:20","date_gmt":"2022-04-07T18:04:20","guid":{"rendered":"https:\/\/catholiques17.fr\/archiac\/?page_id=5222"},"modified":"2023-01-02T11:10:36","modified_gmt":"2023-01-02T10:10:36","slug":"demander-une-messe","status":"publish","type":"page","link":"https:\/\/catholiques17.fr\/archiac\/la-paroisse\/demander-une-messe\/","title":{"rendered":"Demander une messe"},"content":{"rendered":"<p>[et_pb_section fb_built=\u00a0\u00bb1&Prime; _builder_version=\u00a0\u00bb4.17.6&Prime; _module_preset=\u00a0\u00bbdefault\u00a0\u00bb custom_padding=\u00a0\u00bb0px|||||\u00a0\u00bb global_colors_info=\u00a0\u00bb{}\u00a0\u00bb theme_builder_area=\u00a0\u00bbpost_content\u00a0\u00bb][et_pb_row _builder_version=\u00a0\u00bb4.17.6&Prime; _module_preset=\u00a0\u00bbdefault\u00a0\u00bb global_colors_info=\u00a0\u00bb{}\u00a0\u00bb theme_builder_area=\u00a0\u00bbpost_content\u00a0\u00bb][et_pb_column type=\u00a0\u00bb4_4&Prime; _builder_version=\u00a0\u00bb4.17.6&Prime; _module_preset=\u00a0\u00bbdefault\u00a0\u00bb global_colors_info=\u00a0\u00bb{}\u00a0\u00bb theme_builder_area=\u00a0\u00bbpost_content\u00a0\u00bb][et_pb_image src=\u00a0\u00bbhttps:\/\/catholiques17.fr\/archiac\/wp-content\/uploads\/sites\/26\/2023\/01\/celebration-of-the-eucharist-g52f9b4597_1920.jpg\u00a0\u00bb title_text=\u00a0\u00bbcelebration-of-the-eucharist-g52f9b4597_1920&Prime; align=\u00a0\u00bbcenter\u00a0\u00bb _builder_version=\u00a0\u00bb4.17.6&Prime; _module_preset=\u00a0\u00bbdefault\u00a0\u00bb hover_enabled=\u00a0\u00bb0&Prime; border_radii=\u00a0\u00bbon|20px|20px|20px|20px\u00a0\u00bb global_colors_info=\u00a0\u00bb{}\u00a0\u00bb theme_builder_area=\u00a0\u00bbpost_content\u00a0\u00bb sticky_enabled=\u00a0\u00bb0&Prime;][\/et_pb_image][\/et_pb_column][\/et_pb_row][et_pb_row _builder_version=\u00a0\u00bb4.17.6&Prime; _module_preset=\u00a0\u00bbdefault\u00a0\u00bb global_colors_info=\u00a0\u00bb{}\u00a0\u00bb theme_builder_area=\u00a0\u00bbpost_content\u00a0\u00bb][et_pb_column type=\u00a0\u00bb4_4&Prime; _builder_version=\u00a0\u00bb4.17.6&Prime; _module_preset=\u00a0\u00bbdefault\u00a0\u00bb global_colors_info=\u00a0\u00bb{}\u00a0\u00bb theme_builder_area=\u00a0\u00bbpost_content\u00a0\u00bb][et_pb_text _builder_version=\u00a0\u00bb4.17.6&Prime; _module_preset=\u00a0\u00bbdefault\u00a0\u00bb global_colors_info=\u00a0\u00bb{}\u00a0\u00bb theme_builder_area=\u00a0\u00bbpost_content\u00a0\u00bb]<\/p>\n<div><span style=\"color: #ff6600;\"><strong><span style=\"font-size: 12pt;\">Les intentions de messes sont diverses.<\/span><\/strong><\/span><\/div>\n<div><span style=\"color: #ff6600;\"><strong><span style=\"font-size: 12pt;\"><\/span><\/strong><\/span><\/div>\n<div><\/div>\n<p>&nbsp;<\/p>\n<h2><\/h2>\n<p>[\/et_pb_text][et_pb_text _builder_version=\u00a0\u00bb4.17.6&Prime; _module_preset=\u00a0\u00bbdefault\u00a0\u00bb global_colors_info=\u00a0\u00bb{}\u00a0\u00bb theme_builder_area=\u00a0\u00bbpost_content\u00a0\u00bb]<\/p>\n<div><span style=\"font-size: 12pt;\">L\u2019intention de messe qui est la plus courante est de prier pour les d\u00e9funts, pour qu\u2019ils acc\u00e8dent \u00e0 la pl\u00e9nitude de la lumi\u00e8re de Dieu par l\u2019action salvatrice du Christ actualis\u00e9e dans l\u2019Eucharistie c\u00e9l\u00e9br\u00e9e. Pour les d\u00e9funts, le pr\u00eatre peut citer l\u2019intention au m\u00e9mento des d\u00e9funts dans la pri\u00e8re eucharistique.<\/span><\/div>\n<div><span style=\"font-size: 12pt;\">Mais ce n\u2019est pas la seule intention possible. On peut prier pour des jeunes mari\u00e9s, des nouveaux pr\u00eatres, un malade, pour un parent, un ami, pour soi-m\u00eame, pour la vie du monde, pour la vie de l&rsquo;\u00c9glise\u2026 en action de gr\u00e2ces pour des noces d&rsquo;or ou d&rsquo;argent, pour un jubil\u00e9 sacerdotal, pour une gu\u00e9rison, une paix retrouv\u00e9e\u2026 Pour garder une certaine discr\u00e9tion, on indiquera alors que l\u2019on prie pour \u00ab\u00a0une intention particuli\u00e8re\u00a0\u00bb.<\/span><\/div>\n<p>[\/et_pb_text][\/et_pb_column][\/et_pb_row][et_pb_row _builder_version=\u00a0\u00bb4.17.6&Prime; _module_preset=\u00a0\u00bbdefault\u00a0\u00bb global_colors_info=\u00a0\u00bb{}\u00a0\u00bb theme_builder_area=\u00a0\u00bbpost_content\u00a0\u00bb][et_pb_column type=\u00a0\u00bb4_4&Prime; _builder_version=\u00a0\u00bb4.17.6&Prime; _module_preset=\u00a0\u00bbdefault\u00a0\u00bb global_colors_info=\u00a0\u00bb{}\u00a0\u00bb theme_builder_area=\u00a0\u00bbpost_content\u00a0\u00bb][et_pb_divider _builder_version=\u00a0\u00bb4.17.6&Prime; _module_preset=\u00a0\u00bbdefault\u00a0\u00bb global_colors_info=\u00a0\u00bb{}\u00a0\u00bb theme_builder_area=\u00a0\u00bbpost_content\u00a0\u00bb][\/et_pb_divider][\/et_pb_column][\/et_pb_row][et_pb_row _builder_version=\u00a0\u00bb4.17.6&Prime; _module_preset=\u00a0\u00bbdefault\u00a0\u00bb global_colors_info=\u00a0\u00bb{}\u00a0\u00bb theme_builder_area=\u00a0\u00bbpost_content\u00a0\u00bb][et_pb_column type=\u00a0\u00bb4_4&Prime; _builder_version=\u00a0\u00bb4.17.6&Prime; _module_preset=\u00a0\u00bbdefault\u00a0\u00bb global_colors_info=\u00a0\u00bb{}\u00a0\u00bb theme_builder_area=\u00a0\u00bbpost_content\u00a0\u00bb][et_pb_text _builder_version=\u00a0\u00bb4.17.6&Prime; _module_preset=\u00a0\u00bbdefault\u00a0\u00bb global_colors_info=\u00a0\u00bb{}\u00a0\u00bb theme_builder_area=\u00a0\u00bbpost_content\u00a0\u00bb]<\/p>\n<p><span style=\"font-family: trebuchet ms,geneva; font-size: medium;\"><span style=\"color: #ff6600;\">Vous souhaitez faire dire une messe<\/span> pour<\/span><span style=\"font-family: trebuchet ms,geneva; font-size: medium;\"> une personne de votre famille <\/span><span style=\"font-family: trebuchet ms,geneva; font-size: medium;\">qui est d\u00e9c\u00e9d\u00e9e, ou \u00e0 une intention<\/span><span style=\"font-family: trebuchet ms,geneva; font-size: medium;\"> particuli\u00e8re (malades, personnes \u00e2g\u00e9es ou <\/span><span style=\"font-family: trebuchet ms,geneva; font-size: medium;\">en difficult\u00e9, parents, amis, pour une op\u00e9ration<\/span><span style=\"font-family: trebuchet ms,geneva; font-size: medium;\"> m\u00e9dicale importante, en action de <\/span><span style=\"font-family: trebuchet ms,geneva; font-size: medium;\">gr\u00e2ces pour des noces d\u2019or ou d\u2019argent,<\/span><span style=\"font-family: trebuchet ms,geneva; font-size: medium;\"> pour un jubil\u00e9 sacerdotal, pour une gu\u00e9rison, &#8230;)<\/span><span style=\"font-family: trebuchet ms,geneva; font-size: medium;\">, faites-la inscrire<\/span><span style=\"font-family: trebuchet ms,geneva; font-size: medium;\"> en vous rendant au secr\u00e9tariat de votre paroisse, ou par t\u00e9l\u00e9phone : <span style=\"color: #ff6600;\"><strong>05 46 49 10 91<\/strong><\/span><\/span><span style=\"font-family: trebuchet ms,geneva; font-size: medium;\">, en vous assurant de la<\/span><span style=\"font-family: trebuchet ms,geneva; font-size: medium;\"> disponibilit\u00e9 d\u2019une c\u00e9l\u00e9bration (au moins 15<\/span><span style=\"font-family: trebuchet ms,geneva; font-size: medium;\"> jours avant l\u2019\u00e9ch\u00e9ance). <\/span><span style=\"font-family: trebuchet ms,geneva; font-size: medium;\">Le secr\u00e9tariat vous confirmera l\u2019inscription.<\/span><\/p>\n<p>[\/et_pb_text][\/et_pb_column][\/et_pb_row][et_pb_row _builder_version=\u00a0\u00bb4.17.6&Prime; _module_preset=\u00a0\u00bbdefault\u00a0\u00bb global_colors_info=\u00a0\u00bb{}\u00a0\u00bb theme_builder_area=\u00a0\u00bbpost_content\u00a0\u00bb][et_pb_column type=\u00a0\u00bb4_4&Prime; _builder_version=\u00a0\u00bb4.17.6&Prime; _module_preset=\u00a0\u00bbdefault\u00a0\u00bb global_colors_info=\u00a0\u00bb{}\u00a0\u00bb theme_builder_area=\u00a0\u00bbpost_content\u00a0\u00bb][et_pb_text _builder_version=\u00a0\u00bb4.17.6&Prime; _module_preset=\u00a0\u00bbdefault\u00a0\u00bb background_color=\u00a0\u00bb#FF8C00&Prime; global_colors_info=\u00a0\u00bb{}\u00a0\u00bb theme_builder_area=\u00a0\u00bbpost_content\u00a0\u00bb]<\/p>\n<p style=\"text-align: center;\"><span style=\"color: #ffffff;\"><strong><\/strong><\/span><\/p>\n<p style=\"text-align: center;\"><span style=\"color: #ffffff;\"><strong>Dans le dioc\u00e8se de la Rochelle, le montant de l\u2019offrande de messe est conseill\u00e9 \u00e0 18 \u20ac.<\/strong><\/span><\/p>\n<p style=\"text-align: center;\"><span style=\"color: #ffffff;\"><strong><\/strong><\/span><\/p>\n<p>[\/et_pb_text][\/et_pb_column][\/et_pb_row][\/et_pb_section]<\/p>\n","protected":false},"excerpt":{"rendered":"<p>Les intentions de messes sont diverses. &nbsp; L\u2019intention de messe qui est la plus courante est de prier pour les d\u00e9funts, pour qu\u2019ils acc\u00e8dent \u00e0 la pl\u00e9nitude de la lumi\u00e8re [&hellip;]<\/p>\n","protected":false},"author":4,"featured_media":0,"parent":5224,"menu_order":0,"comment_status":"closed","ping_status":"closed","template":"","meta":{"_et_pb_use_builder":"on","_et_pb_old_content":"","_et_gb_content_width":"","footnotes":""},"class_list":["post-5222","page","type-page","status-publish","hentry"],"_links":{"self":[{"href":"https:\/\/catholiques17.fr\/archiac\/wp-json\/wp\/v2\/pages\/5222","targetHints":{"allow":["GET"]}}],"collection":[{"href":"https:\/\/catholiques17.fr\/archiac\/wp-json\/wp\/v2\/pages"}],"about":[{"href":"https:\/\/catholiques17.fr\/archiac\/wp-json\/wp\/v2\/types\/page"}],"author":[{"embeddable":true,"href":"https:\/\/catholiques17.fr\/archiac\/wp-json\/wp\/v2\/users\/4"}],"replies":[{"embeddable":true,"href":"https:\/\/catholiques17.fr\/archiac\/wp-json\/wp\/v2\/comments?post=5222"}],"version-history":[{"count":4,"href":"https:\/\/catholiques17.fr\/archiac\/wp-json\/wp\/v2\/pages\/5222\/revisions"}],"predecessor-version":[{"id":6090,"href":"https:\/\/catholiques17.fr\/archiac\/wp-json\/wp\/v2\/pages\/5222\/revisions\/6090"}],"up":[{"embeddable":true,"href":"https:\/\/catholiques17.fr\/archiac\/wp-json\/wp\/v2\/pages\/5224"}],"wp:attachment":[{"href":"https:\/\/catholiques17.fr\/archiac\/wp-json\/wp\/v2\/media?parent=5222"}],"curies":[{"name":"wp","href":"https:\/\/api.w.org\/{rel}","templated":true}]}}