{"id":5004,"date":"2021-06-02T16:03:39","date_gmt":"2021-06-02T14:03:39","guid":{"rendered":"https:\/\/catholiques17.fr\/archiac\/?page_id=5004"},"modified":"2022-12-31T11:46:21","modified_gmt":"2022-12-31T10:46:21","slug":"sacrements","status":"publish","type":"page","link":"https:\/\/catholiques17.fr\/archiac\/grandir-dans-la-foi\/sacrements\/","title":{"rendered":"Sacrements"},"content":{"rendered":"[et_pb_section admin_label=\u00a0\u00bbsection\u00a0\u00bb]\n\t\t\t[et_pb_row admin_label=\u00a0\u00bbrow\u00a0\u00bb]\n\t\t\t\t[et_pb_column type=\u00a0\u00bb4_4&Prime;][et_pb_text admin_label=\u00a0\u00bbText\u00a0\u00bb]\n<p>De la naissance \u00e0 la mort, toute notre existence peut \u00eatre v\u00e9cue unie au Christ. Les sacrements accompagnent cette croissance. Tout\u00a0sacrement comporte trois dimensions :un\u00a0<em>signe<\/em>, ce que l&rsquo;on voit, une\u00a0<em>parole<\/em>, ce que l&rsquo;on entend et un\u00a0<em>symbole<\/em>, ce que le signe et la parole expriment.<\/p>\n\n\n\n<p>Les trois sacrements de l\u2019initiation chr\u00e9tienne : <strong>bapt\u00eame<\/strong>,<strong> confirmation <\/strong>et<strong> eucharistie <\/strong>permettent d\u2019entrer dans le myst\u00e8re du Christ mort et ressuscit\u00e9 et de grandir dans la foi.<\/p>\n\n\n\n<ul class=\"wp-block-list\"><li>Les sacrements de gu\u00e9rison : r\u00e9conciliation et onction des malades ouvrent un chemin d\u2019esp\u00e9rance. <\/li><li>Les sacrements de l\u2019engagement : l\u2019ordre et le mariage consacrent des cheminements de vie baptismale.<\/li><\/ul>\n\n\n\n<figure class=\"wp-block-embed is-type-video is-provider-youtube wp-block-embed-youtube wp-embed-aspect-16-9 wp-has-aspect-ratio\"><div class=\"wp-block-embed__wrapper\">\n<iframe loading=\"lazy\" title=\"L&#039;\u00e9volution d&#039;un catholique\" width=\"1080\" height=\"608\" src=\"https:\/\/www.youtube.com\/embed\/9TIvVMHt_XM?feature=oembed\"  allow=\"accelerometer; autoplay; clipboard-write; encrypted-media; gyroscope; picture-in-picture\" allowfullscreen><\/iframe>\n<\/div><\/figure>\n[\/et_pb_text][\/et_pb_column]\n\t\t\t[\/et_pb_row]\n\t\t[\/et_pb_section]","protected":false},"excerpt":{"rendered":"<p>De la naissance \u00e0 la mort, toute notre existence peut \u00eatre v\u00e9cue unie au Christ. Les sacrements accompagnent cette croissance. Tout\u00a0sacrement comporte trois dimensions :un\u00a0signe, ce que l&rsquo;on voit, une\u00a0parole, [&hellip;]<\/p>\n","protected":false},"author":5,"featured_media":0,"parent":5250,"menu_order":0,"comment_status":"closed","ping_status":"closed","template":"","meta":{"_et_pb_use_builder":"on","_et_pb_old_content":"<!-- wp:paragraph -->\n<p>De la naissance \u00e0 la mort, toute notre existence peut \u00eatre v\u00e9cue unie au Christ. Les sacrements accompagnent cette croissance. Tout\u00a0sacrement comporte trois dimensions :un\u00a0<em>signe<\/em>, ce que l'on voit, une\u00a0<em>parole<\/em>, ce que l'on entend et un\u00a0<em>symbole<\/em>, ce que le signe et la parole expriment.<\/p>\n<!-- \/wp:paragraph -->\n\n<!-- wp:paragraph -->\n<p>Les trois sacrements de l\u2019initiation chr\u00e9tienne : <strong>bapt\u00eame<\/strong>,<strong> confirmation <\/strong>et<strong> eucharistie <\/strong>permettent d\u2019entrer dans le myst\u00e8re du Christ mort et ressuscit\u00e9 et de grandir dans la foi.<\/p>\n<!-- \/wp:paragraph -->\n\n<!-- wp:list -->\n<ul><li>Les sacrements de gu\u00e9rison : r\u00e9conciliation et onction des malades ouvrent un chemin d\u2019esp\u00e9rance. <\/li><li>Les sacrements de l\u2019engagement : l\u2019ordre et le mariage consacrent des cheminements de vie baptismale.<\/li><\/ul>\n<!-- \/wp:list -->\n\n<!-- wp:embed {\"url\":\"https:\/\/www.youtube.com\/watch?v=9TIvVMHt_XM\",\"type\":\"video\",\"providerNameSlug\":\"youtube\",\"responsive\":true,\"className\":\"wp-embed-aspect-16-9 wp-has-aspect-ratio\"} -->\n<figure class=\"wp-block-embed is-type-video is-provider-youtube wp-block-embed-youtube wp-embed-aspect-16-9 wp-has-aspect-ratio\"><div class=\"wp-block-embed__wrapper\">\nhttps:\/\/www.youtube.com\/watch?v=9TIvVMHt_XM\n<\/div><\/figure>\n<!-- \/wp:embed -->","_et_gb_content_width":"","footnotes":""},"class_list":["post-5004","page","type-page","status-publish","hentry"],"_links":{"self":[{"href":"https:\/\/catholiques17.fr\/archiac\/wp-json\/wp\/v2\/pages\/5004","targetHints":{"allow":["GET"]}}],"collection":[{"href":"https:\/\/catholiques17.fr\/archiac\/wp-json\/wp\/v2\/pages"}],"about":[{"href":"https:\/\/catholiques17.fr\/archiac\/wp-json\/wp\/v2\/types\/page"}],"author":[{"embeddable":true,"href":"https:\/\/catholiques17.fr\/archiac\/wp-json\/wp\/v2\/users\/5"}],"replies":[{"embeddable":true,"href":"https:\/\/catholiques17.fr\/archiac\/wp-json\/wp\/v2\/comments?post=5004"}],"version-history":[{"count":2,"href":"https:\/\/catholiques17.fr\/archiac\/wp-json\/wp\/v2\/pages\/5004\/revisions"}],"predecessor-version":[{"id":6027,"href":"https:\/\/catholiques17.fr\/archiac\/wp-json\/wp\/v2\/pages\/5004\/revisions\/6027"}],"up":[{"embeddable":true,"href":"https:\/\/catholiques17.fr\/archiac\/wp-json\/wp\/v2\/pages\/5250"}],"wp:attachment":[{"href":"https:\/\/catholiques17.fr\/archiac\/wp-json\/wp\/v2\/media?parent=5004"}],"curies":[{"name":"wp","href":"https:\/\/api.w.org\/{rel}","templated":true}]}}