{"id":5001,"date":"2021-06-02T15:56:32","date_gmt":"2021-06-02T13:56:32","guid":{"rendered":"https:\/\/catholiques17.fr\/archiac\/?page_id=5001"},"modified":"2026-03-30T17:51:05","modified_gmt":"2026-03-30T15:51:05","slug":"presentation-de-la-paroisse","status":"publish","type":"page","link":"https:\/\/catholiques17.fr\/archiac\/la-paroisse\/presentation-de-la-paroisse\/","title":{"rendered":"Pr\u00e9sentation de la Paroisse"},"content":{"rendered":"<p>[et_pb_section fb_built=\u00a0\u00bb1&Prime; _builder_version=\u00a0\u00bb4.16&Prime; global_colors_info=\u00a0\u00bb{}\u00a0\u00bb theme_builder_area=\u00a0\u00bbpost_content\u00a0\u00bb][et_pb_row _builder_version=\u00a0\u00bb4.16&Prime; background_size=\u00a0\u00bbinitial\u00a0\u00bb background_position=\u00a0\u00bbtop_left\u00a0\u00bb background_repeat=\u00a0\u00bbrepeat\u00a0\u00bb global_colors_info=\u00a0\u00bb{}\u00a0\u00bb theme_builder_area=\u00a0\u00bbpost_content\u00a0\u00bb][et_pb_column type=\u00a0\u00bb4_4&Prime; _builder_version=\u00a0\u00bb4.16&Prime; custom_padding=\u00a0\u00bb|||\u00a0\u00bb global_colors_info=\u00a0\u00bb{}\u00a0\u00bb custom_padding__hover=\u00a0\u00bb|||\u00a0\u00bb theme_builder_area=\u00a0\u00bbpost_content\u00a0\u00bb][et_pb_text _builder_version=\u00a0\u00bb4.16&Prime; background_size=\u00a0\u00bbinitial\u00a0\u00bb background_position=\u00a0\u00bbtop_left\u00a0\u00bb background_repeat=\u00a0\u00bbrepeat\u00a0\u00bb global_colors_info=\u00a0\u00bb{}\u00a0\u00bb theme_builder_area=\u00a0\u00bbpost_content\u00a0\u00bb]<!-- divi:list --><\/p>\n<p>Le Cur\u00e9 de la paroisse de la Petite Champagne est le P\u00e8re Jean-Rony MANOUNE<\/p>\n<p>&nbsp;<\/p>\n<p style=\"text-align: left\">La Paroisse de la Petite Champagne regroupe 16 communes de Charente-Maritime. On y compte 16 Eglises et 1 Chapelle, Les c\u00e9l\u00e9brations se font \u00e0 tour de r\u00f4le dans chacune de ces Eglises y compris dans la Chapelle de Puychebrun o\u00f9 une fois par an nous comm\u00e9morons la F\u00eate de Saint Laurent martyr.<\/p>\n<p style=\"text-align: center\">La Paroisse au travers nos villages :<\/p>\n<ul>\n<li style=\"list-style-type: none\">\n<ul>\n<li><a href=\"https:\/\/catholiques17.fr\/archiac\/la-paroisse\/presentation-de-la-paroisse\/allas-champagne-eglise-st-didier\/\" target=\"_blank\" rel=\"noopener\">Allas-Champagne &#8211; Eglise St Didier<\/a>\u00a0 (264 h.)<\/li>\n<li><a href=\"https:\/\/catholiques17.fr\/archiac\/la-paroisse\/presentation-de-la-paroisse\/archiac-eglise-st-pierre\/\" target=\"_blank\" rel=\"noopener\">Archiac &#8211; Eglise St Pierre<\/a>\u00a0 (770 h.)<\/li>\n<li><a href=\"https:\/\/catholiques17.fr\/archiac\/la-paroisse\/presentation-de-la-paroisse\/arthenac-eglise-st-martin\/\" target=\"_blank\" rel=\"noopener\">Arthenac &#8211; Eglise St Martin<\/a>\u00a0 (342 h.)<\/li>\n<li>Brie-sous-Archiac (240 h.)<\/li>\n<li>Celles (326 h.)<\/li>\n<li><a href=\"https:\/\/catholiques17.fr\/archiac\/la-paroisse\/presentation-de-la-paroisse\/cierzac\/\">Cierzac<\/a> (286 h.)<\/li>\n<li><a href=\"https:\/\/catholiques17.fr\/archiac\/la-paroisse\/presentation-de-la-paroisse\/germignac-eglise-saint-pierre\/\">Germignac<\/a> (663 h.)<\/li>\n<li>Jarnac-Champagne (788 h.)<\/li>\n<li><a href=\"https:\/\/catholiques17.fr\/archiac\/la-paroisse\/presentation-de-la-paroisse\/lonzac-eglise-notre-dame\/\">Lonzac<\/a><\/li>\n<li>Neuillac (303 h.)<\/li>\n<li>Neulles (152 h.)<\/li>\n<li><a href=\"https:\/\/catholiques17.fr\/archiac\/la-paroisse\/presentation-de-la-paroisse\/puychebrun-chapelle-st-laurent\/\" target=\"_blank\" rel=\"noopener\">Puychebrun<\/a><\/li>\n<li>Saint-Ciers-Champagne (416 h.)<\/li>\n<li>Saint-Eug\u00e8ne (278 h.)<\/li>\n<li>Saint-Germain-de-Vibrac (193 h.)<\/li>\n<li>Saint-Maigrin (541 h.)<\/li>\n<li><a href=\"https:\/\/catholiques17.fr\/archiac\/la-paroisse\/presentation-de-la-paroisse\/st-martial-sur-ne-eglise-saint-martial\/\">Saint-Martial-sur-N\u00e9 (448 h.)<\/a><\/li>\n<li>Sainte-Lheurine (519 h.)<\/li>\n<\/ul>\n<\/li>\n<\/ul>\n<p>&nbsp;<\/p>\n<p><!-- \/divi:list -->[\/et_pb_text][\/et_pb_column][\/et_pb_row][\/et_pb_section]<\/p>\n","protected":false},"excerpt":{"rendered":"<p>Le Cur\u00e9 de la paroisse de la Petite Champagne est le P\u00e8re Jean-Rony MANOUNE &nbsp; La Paroisse de la Petite Champagne regroupe 16 communes de Charente-Maritime. On y compte 16 [&hellip;]<\/p>\n","protected":false},"author":5,"featured_media":5739,"parent":5224,"menu_order":0,"comment_status":"closed","ping_status":"closed","template":"","meta":{"_et_pb_use_builder":"on","_et_pb_old_content":"[et_pb_section][et_pb_row][et_pb_column type=\"4_4\"][et_pb_text]<!-- divi:list -->\n<ul>\n \t<li>Le cur\u00e9 de la paroisse de la Petite Champagne est le p\u00e8re Camille Coly (colycamill@hotmail.fr).<\/li>\n<\/ul>\n<ul>\n \t<li>Notre paroisse regroupe les communes de\n<ul>\n \t<li>Allas-Champagne (264 h.)<\/li>\n \t<li>Archiac (770 h.)<\/li>\n \t<li>Arthenac (342 h.)<\/li>\n \t<li>Brie-sous-Archiac (240 h.)<\/li>\n \t<li>Celles (326 h.)<\/li>\n \t<li>Cierzac (286 h.)<\/li>\n \t<li>Germignac (663 h.)<\/li>\n \t<li>Jarnac-Champagne (788 h.)<\/li>\n \t<li>Neuillac (303 h.)<\/li>\n \t<li>Neulles (152 h.)<\/li>\n \t<li>Saint-Ciers-Champagne (416 h.)<\/li>\n \t<li>Saint-Eug\u00e8ne (278 h.)<\/li>\n \t<li>Saint-Germain-de-Vibrac (193 h.)<\/li>\n \t<li>Saint-Maigrin (541 h.)<\/li>\n \t<li><a href=\"https:\/\/catholiques17.fr\/archiac\/la-paroisse\/presentation-de-la-paroisse\/st-martial-sur-ne-eglise-saint-martial\/\">Saint-Martial-sur-N\u00e9 (448 h.)<\/a><\/li>\n \t<li>Sainte-Lheurine (519 h.)<\/li>\n<\/ul>\n<\/li>\n<\/ul>\n<!-- \/divi:list -->[\/et_pb_text][\/et_pb_column][\/et_pb_row][\/et_pb_section]","_et_gb_content_width":"","footnotes":""},"class_list":["post-5001","page","type-page","status-publish","has-post-thumbnail","hentry"],"_links":{"self":[{"href":"https:\/\/catholiques17.fr\/archiac\/wp-json\/wp\/v2\/pages\/5001","targetHints":{"allow":["GET"]}}],"collection":[{"href":"https:\/\/catholiques17.fr\/archiac\/wp-json\/wp\/v2\/pages"}],"about":[{"href":"https:\/\/catholiques17.fr\/archiac\/wp-json\/wp\/v2\/types\/page"}],"author":[{"embeddable":true,"href":"https:\/\/catholiques17.fr\/archiac\/wp-json\/wp\/v2\/users\/5"}],"replies":[{"embeddable":true,"href":"https:\/\/catholiques17.fr\/archiac\/wp-json\/wp\/v2\/comments?post=5001"}],"version-history":[{"count":51,"href":"https:\/\/catholiques17.fr\/archiac\/wp-json\/wp\/v2\/pages\/5001\/revisions"}],"predecessor-version":[{"id":8572,"href":"https:\/\/catholiques17.fr\/archiac\/wp-json\/wp\/v2\/pages\/5001\/revisions\/8572"}],"up":[{"embeddable":true,"href":"https:\/\/catholiques17.fr\/archiac\/wp-json\/wp\/v2\/pages\/5224"}],"wp:featuredmedia":[{"embeddable":true,"href":"https:\/\/catholiques17.fr\/archiac\/wp-json\/wp\/v2\/media\/5739"}],"wp:attachment":[{"href":"https:\/\/catholiques17.fr\/archiac\/wp-json\/wp\/v2\/media?parent=5001"}],"curies":[{"name":"wp","href":"https:\/\/api.w.org\/{rel}","templated":true}]}}